{"id":583,"date":"2018-03-02T12:42:16","date_gmt":"2018-03-02T12:42:16","guid":{"rendered":"http:\/\/journo.edge-themes.com\/?page_id=583"},"modified":"2021-09-21T12:39:54","modified_gmt":"2021-09-21T10:39:54","slug":"inicio","status":"publish","type":"page","link":"https:\/\/revistaazulyverde.com\/ediciones\/45\/","title":{"rendered":"Inicio"},"content":{"rendered":"<div class=\"wpb-content-wrapper\"><p>[vc_row row_content_width=\u00bbgrid\u00bb disable_background_image=\u00bb\u00bb css=\u00bb.vc_custom_1631700281277{padding-top: 140px !important;padding-bottom: 180px !important;background-position: center !important;background-repeat: no-repeat !important;background-size: cover !important;}\u00bb el_id=\u00bbfirst\u00bb simple_background_image=\u00bb7100&#8243;][vc_column][vc_custom_heading text=\u00bbUn camino hacia nuevas energ\u00edas\u00bb font_container=\u00bbtag:h1|font_size:80|text_align:left|color:%23ffffff|line_height:110px\u00bb google_fonts=\u00bbfont_family:PT%20Serif%3Aregular%2Citalic%2C700%2C700italic|font_style:700%20bold%20italic%3A700%3Aitalic\u00bb el_class=\u00bblowercase\u00bb][\/vc_column][\/vc_row][vc_row row_content_width=\u00bbgrid\u00bb el_id=\u00bbeditorial\u00bb css=\u00bb.vc_custom_1583844122440{margin-top: -160px !important;}\u00bb][vc_column]<div class=\"edgtf-blog-list-holder edgtf-bl-standard edgtf-bl-one-column edgtf-large-space edgtf-bl-pag-no-pagination\"  data-type=standard data-number-of-posts=1 data-number-of-columns=1 data-space-between-items=large data-category=editorial data-orderby=date data-order=ASC data-image-size=full data-title-tag=h3 data-excerpt-length=40 data-post-info-section=yes data-post-info-image=yes data-post-info-author=no data-post-info-date=no data-post-info-category=yes data-post-info-comments=no data-post-info-like=no data-post-info-share=no data-pagination-type=no-pagination data-carousel=no data-visible-items=4 data-max-num-pages=1 data-next-page=2>\n\t<div class=\"edgtf-bl-wrapper edgtf-outer-space\">\n\t\t<ul class=\"edgtf-blog-list \">\n\t\t\t<li class=\"edgtf-bl-item edgtf-item-space clearfix\">\n\t<div class=\"edgtf-bli-inner\">\n\t\t\n\t<div class=\"edgtf-post-image\">\n\t\t\t\t\t<a itemprop=\"url\" href=\"https:\/\/revistaazulyverde.com\/ediciones\/45\/editorial-45\/\" title=\"La importancia de nuestro trabajo\">\n\t\t\t\t\t<img loading=\"lazy\" decoding=\"async\" width=\"890\" height=\"890\" src=\"https:\/\/revistaazulyverde.com\/ediciones\/45\/wp-content\/uploads\/sites\/7\/2020\/04\/006_EC_Lumbier_2015_baja-copia-2.jpg\" class=\"attachment-full size-full wp-post-image\" alt=\"\" srcset=\"https:\/\/revistaazulyverde.com\/ediciones\/45\/wp-content\/uploads\/sites\/7\/2020\/04\/006_EC_Lumbier_2015_baja-copia-2.jpg 890w, https:\/\/revistaazulyverde.com\/ediciones\/45\/wp-content\/uploads\/sites\/7\/2020\/04\/006_EC_Lumbier_2015_baja-copia-2-300x300.jpg 300w, https:\/\/revistaazulyverde.com\/ediciones\/45\/wp-content\/uploads\/sites\/7\/2020\/04\/006_EC_Lumbier_2015_baja-copia-2-150x150.jpg 150w, https:\/\/revistaazulyverde.com\/ediciones\/45\/wp-content\/uploads\/sites\/7\/2020\/04\/006_EC_Lumbier_2015_baja-copia-2-768x768.jpg 768w, https:\/\/revistaazulyverde.com\/ediciones\/45\/wp-content\/uploads\/sites\/7\/2020\/04\/006_EC_Lumbier_2015_baja-copia-2-550x550.jpg 550w\" sizes=\"auto, (max-width: 890px) 100vw, 890px\" \/>\t\t\t\t\t<\/a>\n\t\t\t\t\t<\/div>\n        <div class=\"edgtf-bli-content\">\n                            <div class=\"edgtf-bli-info\">\n\t                <div class=\"edgtf-post-info-category\">\n    <a href=\"https:\/\/revistaazulyverde.com\/ediciones\/45\/category\/editorial\/\" rel=\"category tag\">Editorial<\/a><\/div>                <\/div>\n            \t\n\t        \n<h3 itemprop=\"name\" class=\"entry-title edgtf-post-title\" >\n            <a itemprop=\"url\" href=\"https:\/\/revistaazulyverde.com\/ediciones\/45\/editorial-45\/\" title=\"La importancia de nuestro trabajo\">\n            La importancia de nuestro trabajo            <\/a>\n    <\/h3>\t\n\t        <div class=\"edgtf-bli-excerpt\">\n\t\t        \t\t<div class=\"edgtf-post-excerpt-holder\">\n\t\t\t<p itemprop=\"description\" class=\"edgtf-post-excerpt\">\n\t\t\t\tEn un contexto como el actual en el que la energ\u00eda est\u00e1 en el foco diariamente, en Enag\u00e1s tenemos un papel claro que desempe\u00f1ar\t\t\t<\/p>\n\t\t<\/div>\n\t\t\t        \t<div class=\"edgtf-post-read-more-button\">\n\t\t<a itemprop=\"url\" href=\"https:\/\/revistaazulyverde.com\/ediciones\/45\/editorial-45\/\" target=\"_self\"  class=\"edgtf-btn edgtf-btn-medium edgtf-btn-simple edgtf-blog-list-button edgtf-btn-expanding-underline\"  >    <span class=\"edgtf-btn-text\"  >Leer m\u00e1s<\/span>    <\/a>\t<\/div>\n\t        <\/div>\n        <\/div>\n\t<\/div>\n<\/li>\t\t<\/ul>\n\t<\/div>\n\t<\/div>[\/vc_column][\/vc_row][vc_row row_content_width=\u00bbgrid\u00bb el_id=\u00bbactualidad\u00bb css=\u00bb.vc_custom_1583853344403{padding-top: 90px !important;}\u00bb el_class=\u00bbverde grid-border\u00bb][vc_column][vc_custom_heading text=\u00bbActualidad\u00bb font_container=\u00bbtag:h1|font_size:40px|text_align:left|color:%23ffffff\u00bb google_fonts=\u00bbfont_family:PT%20Serif%3Aregular%2Citalic%2C700%2C700italic|font_style:700%20bold%20italic%3A700%3Aitalic\u00bb el_class=\u00bblowercase bg-green vertical\u00bb]<div class=\"edgtf-blog-list-holder edgtf-bl-standard edgtf-bl-one-column edgtf-normal-space edgtf-bl-pag-no-pagination\"  data-type=standard data-number-of-posts=1 data-number-of-columns=1 data-space-between-items=normal data-category=actualidad data-orderby=date data-order=DESC data-image-size=full data-title-tag=h3 data-excerpt-length=40 data-post-info-section=yes data-post-info-image=yes data-post-info-author=no data-post-info-date=no data-post-info-category=yes data-post-info-comments=no data-post-info-like=no data-post-info-share=no data-pagination-type=no-pagination data-carousel=no data-visible-items=4 data-max-num-pages=3 data-next-page=2>\n\t<div class=\"edgtf-bl-wrapper edgtf-outer-space\">\n\t\t<ul class=\"edgtf-blog-list \">\n\t\t\t<li class=\"edgtf-bl-item edgtf-item-space clearfix\">\n\t<div class=\"edgtf-bli-inner\">\n\t\t\n\t<div class=\"edgtf-post-image\">\n\t\t\t\t\t<a itemprop=\"url\" href=\"https:\/\/revistaazulyverde.com\/ediciones\/45\/biometano-aliado-transicion-energetica\/\" title=\"El biometano, aliado para la transici\u00f3n energ\u00e9tica y una oportunidad para Espa\u00f1a\">\n\t\t\t\t\t<img loading=\"lazy\" decoding=\"async\" width=\"1920\" height=\"890\" src=\"https:\/\/revistaazulyverde.com\/ediciones\/45\/wp-content\/uploads\/sites\/7\/2020\/04\/img01.jpg\" class=\"attachment-full size-full wp-post-image\" alt=\"\" srcset=\"https:\/\/revistaazulyverde.com\/ediciones\/45\/wp-content\/uploads\/sites\/7\/2020\/04\/img01.jpg 1920w, https:\/\/revistaazulyverde.com\/ediciones\/45\/wp-content\/uploads\/sites\/7\/2020\/04\/img01-300x139.jpg 300w, https:\/\/revistaazulyverde.com\/ediciones\/45\/wp-content\/uploads\/sites\/7\/2020\/04\/img01-1024x475.jpg 1024w, https:\/\/revistaazulyverde.com\/ediciones\/45\/wp-content\/uploads\/sites\/7\/2020\/04\/img01-768x356.jpg 768w, https:\/\/revistaazulyverde.com\/ediciones\/45\/wp-content\/uploads\/sites\/7\/2020\/04\/img01-1536x712.jpg 1536w\" sizes=\"auto, (max-width: 1920px) 100vw, 1920px\" \/>\t\t\t\t\t<\/a>\n\t\t\t\t\t<\/div>\n        <div class=\"edgtf-bli-content\">\n                            <div class=\"edgtf-bli-info\">\n\t                <div class=\"edgtf-post-info-category\">\n    <a href=\"https:\/\/revistaazulyverde.com\/ediciones\/45\/category\/actualidad\/a-fondo\/\" rel=\"category tag\">A fondo<\/a><\/div>                <\/div>\n            \t\n\t        \n<h3 itemprop=\"name\" class=\"entry-title edgtf-post-title\" >\n            <a itemprop=\"url\" href=\"https:\/\/revistaazulyverde.com\/ediciones\/45\/biometano-aliado-transicion-energetica\/\" title=\"El biometano, aliado para la transici\u00f3n energ\u00e9tica y una oportunidad para Espa\u00f1a\">\n            El biometano, aliado para la transici\u00f3n energ\u00e9tica y una oportunidad para Espa\u00f1a            <\/a>\n    <\/h3>\t\n\t        <div class=\"edgtf-bli-excerpt\">\n\t\t        \t\t<div class=\"edgtf-post-excerpt-holder\">\n\t\t\t<p itemprop=\"description\" class=\"edgtf-post-excerpt\">\n\t\t\t\t[vc_row full_width=\"stretch_row_content\" el_class=\"visible\" el_id=\"header-post\"][vc_column][vc_column_text el_class=\"amarillo\"]\r\n[\/vc_column_text][vc_custom_heading source=\"post_title\" font_container=\"tag:h1|font_size:70px|text_align:center|color:%23ffffff\" google_fonts=\"font_family:PT%20Serif%3Aregular%2Citalic%2C700%2C700italic|font_style:700%20bold%20italic%3A700%3Aitalic\" el_class=\"lowercase\" css=\".vc_custom_1622023917975{margin-top: 0px !important;margin-bottom: 0px !important;}\"][\/vc_column][\/vc_row][vc_row el_class=\"mw965\" css=\".vc_custom_1594651331121{padding-top: 40px !important;}\"][vc_column][vc_column_text]El proceso de descarbonizaci\u00f3n de la econom\u00eda y el avance en el objetivo de lograr una neutralidad clim\u00e1tica en 2050, tiene en los\t\t\t<\/p>\n\t\t<\/div>\n\t\t\t        \t<div class=\"edgtf-post-read-more-button\">\n\t\t<a itemprop=\"url\" href=\"https:\/\/revistaazulyverde.com\/ediciones\/45\/biometano-aliado-transicion-energetica\/\" target=\"_self\"  class=\"edgtf-btn edgtf-btn-medium edgtf-btn-simple edgtf-blog-list-button edgtf-btn-expanding-underline\"  >    <span class=\"edgtf-btn-text\"  >Leer m\u00e1s<\/span>    <\/a>\t<\/div>\n\t        <\/div>\n        <\/div>\n\t<\/div>\n<\/li>\t\t<\/ul>\n\t<\/div>\n\t<\/div><div class=\"edgtf-blog-list-holder edgtf-bl-standard edgtf-bl-two-columns edgtf-normal-space edgtf-bl-pag-no-pagination\"  data-type=standard data-number-of-posts=2 data-number-of-columns=2 data-space-between-items=normal data-category=actualidad data-orderby=date data-order=ASC data-image-size=full data-title-tag=h3 data-excerpt-length=40 data-post-info-section=yes data-post-info-image=yes data-post-info-author=no data-post-info-date=no data-post-info-category=yes data-post-info-comments=no data-post-info-like=no data-post-info-share=no data-pagination-type=no-pagination data-carousel=no data-visible-items=4 data-max-num-pages=2 data-next-page=2>\n\t<div class=\"edgtf-bl-wrapper edgtf-outer-space\">\n\t\t<ul class=\"edgtf-blog-list \">\n\t\t\t<li class=\"edgtf-bl-item edgtf-item-space clearfix\">\n\t<div class=\"edgtf-bli-inner\">\n\t\t\n\t<div class=\"edgtf-post-image\">\n\t\t\t\t\t<a itemprop=\"url\" href=\"https:\/\/revistaazulyverde.com\/ediciones\/45\/tallgrass-energy-consolida-recuperacion-sector-estados-unidos\/\" title=\"Tallgrass y la recuperaci\u00f3n del sector en Estados Unidos\">\n\t\t\t\t\t<img loading=\"lazy\" decoding=\"async\" width=\"888\" height=\"888\" src=\"https:\/\/revistaazulyverde.com\/ediciones\/45\/wp-content\/uploads\/sites\/7\/2020\/03\/enagas-en-el-mundo-1-e1631787946781.png\" class=\"attachment-full size-full wp-post-image\" alt=\"\" srcset=\"https:\/\/revistaazulyverde.com\/ediciones\/45\/wp-content\/uploads\/sites\/7\/2020\/03\/enagas-en-el-mundo-1-e1631787946781.png 888w, https:\/\/revistaazulyverde.com\/ediciones\/45\/wp-content\/uploads\/sites\/7\/2020\/03\/enagas-en-el-mundo-1-e1631787946781-300x300.png 300w, https:\/\/revistaazulyverde.com\/ediciones\/45\/wp-content\/uploads\/sites\/7\/2020\/03\/enagas-en-el-mundo-1-e1631787946781-150x150.png 150w, https:\/\/revistaazulyverde.com\/ediciones\/45\/wp-content\/uploads\/sites\/7\/2020\/03\/enagas-en-el-mundo-1-e1631787946781-768x768.png 768w, https:\/\/revistaazulyverde.com\/ediciones\/45\/wp-content\/uploads\/sites\/7\/2020\/03\/enagas-en-el-mundo-1-e1631787946781-550x550.png 550w\" sizes=\"auto, (max-width: 888px) 100vw, 888px\" \/>\t\t\t\t\t<\/a>\n\t\t\t\t\t<\/div>\n        <div class=\"edgtf-bli-content\">\n                            <div class=\"edgtf-bli-info\">\n\t                <div class=\"edgtf-post-info-category\">\n    <a href=\"https:\/\/revistaazulyverde.com\/ediciones\/45\/category\/actualidad\/enagas-en-el-mundo\/\" rel=\"category tag\">Enag\u00e1s en el mundo<\/a><\/div>                <\/div>\n            \t\n\t        \n<h3 itemprop=\"name\" class=\"entry-title edgtf-post-title\" >\n            <a itemprop=\"url\" href=\"https:\/\/revistaazulyverde.com\/ediciones\/45\/tallgrass-energy-consolida-recuperacion-sector-estados-unidos\/\" title=\"Tallgrass y la recuperaci\u00f3n del sector en Estados Unidos\">\n            Tallgrass y la recuperaci\u00f3n del sector en Estados Unidos            <\/a>\n    <\/h3>\t\n\t        <div class=\"edgtf-bli-excerpt\">\n\t\t        \t\t<div class=\"edgtf-post-excerpt-holder\">\n\t\t\t<p itemprop=\"description\" class=\"edgtf-post-excerpt\">\n\t\t\t\t[vc_row full_width=\"stretch_row_content\" el_class=\"visible\" el_id=\"header-post\"][vc_column][vc_column_text el_class=\"amarillo\"]\r\n[\/vc_column_text][vc_custom_heading source=\"post_title\" font_container=\"tag:h1|font_size:70px|text_align:center|color:%23ffffff\" google_fonts=\"font_family:PT%20Serif%3Aregular%2Citalic%2C700%2C700italic|font_style:700%20bold%20italic%3A700%3Aitalic\" el_class=\"lowercase\" css=\".vc_custom_1622632792707{margin-top: 0px !important;margin-bottom: 0px !important;}\"][\/vc_column][\/vc_row][vc_row el_class=\"mw965\" css=\".vc_custom_1594659205332{padding-top: 40px !important;}\"][vc_column][vc_column_text]Tallgrass Energy, grupo especializado en infraestructuras energ\u00e9ticas en Estados Unidos participado en un 30% por Enag\u00e1s, ha logrado minimizar el impacto de la\t\t\t<\/p>\n\t\t<\/div>\n\t\t\t        \t<div class=\"edgtf-post-read-more-button\">\n\t\t<a itemprop=\"url\" href=\"https:\/\/revistaazulyverde.com\/ediciones\/45\/tallgrass-energy-consolida-recuperacion-sector-estados-unidos\/\" target=\"_self\"  class=\"edgtf-btn edgtf-btn-medium edgtf-btn-simple edgtf-blog-list-button edgtf-btn-expanding-underline\"  >    <span class=\"edgtf-btn-text\"  >Leer m\u00e1s<\/span>    <\/a>\t<\/div>\n\t        <\/div>\n        <\/div>\n\t<\/div>\n<\/li><li class=\"edgtf-bl-item edgtf-item-space clearfix\">\n\t<div class=\"edgtf-bli-inner\">\n\t\t\n\t<div class=\"edgtf-post-image\">\n\t\t\t\t\t<a itemprop=\"url\" href=\"https:\/\/revistaazulyverde.com\/ediciones\/45\/enagas-iniciativa-espanola-empresa\/\" title=\"Enag\u00e1s, agente activo de la Iniciativa Espa\u00f1ola Empresa y Biodiversidad\">\n\t\t\t\t\t<img loading=\"lazy\" decoding=\"async\" width=\"888\" height=\"888\" src=\"https:\/\/revistaazulyverde.com\/ediciones\/45\/wp-content\/uploads\/sites\/7\/2020\/03\/img02-3-e1631702511715.jpg\" class=\"attachment-full size-full wp-post-image\" alt=\"\" srcset=\"https:\/\/revistaazulyverde.com\/ediciones\/45\/wp-content\/uploads\/sites\/7\/2020\/03\/img02-3-e1631702511715.jpg 888w, https:\/\/revistaazulyverde.com\/ediciones\/45\/wp-content\/uploads\/sites\/7\/2020\/03\/img02-3-e1631702511715-300x300.jpg 300w, https:\/\/revistaazulyverde.com\/ediciones\/45\/wp-content\/uploads\/sites\/7\/2020\/03\/img02-3-e1631702511715-150x150.jpg 150w, https:\/\/revistaazulyverde.com\/ediciones\/45\/wp-content\/uploads\/sites\/7\/2020\/03\/img02-3-e1631702511715-768x768.jpg 768w, https:\/\/revistaazulyverde.com\/ediciones\/45\/wp-content\/uploads\/sites\/7\/2020\/03\/img02-3-e1631702511715-550x550.jpg 550w\" sizes=\"auto, (max-width: 888px) 100vw, 888px\" \/>\t\t\t\t\t<\/a>\n\t\t\t\t\t<\/div>\n        <div class=\"edgtf-bli-content\">\n                            <div class=\"edgtf-bli-info\">\n\t                <div class=\"edgtf-post-info-category\">\n    <a href=\"https:\/\/revistaazulyverde.com\/ediciones\/45\/category\/actualidad\/la-ola-sostenible\/\" rel=\"category tag\">La ola sostenible<\/a><\/div>                <\/div>\n            \t\n\t        \n<h3 itemprop=\"name\" class=\"entry-title edgtf-post-title\" >\n            <a itemprop=\"url\" href=\"https:\/\/revistaazulyverde.com\/ediciones\/45\/enagas-iniciativa-espanola-empresa\/\" title=\"Enag\u00e1s, agente activo de la Iniciativa Espa\u00f1ola Empresa y Biodiversidad\">\n            Enag\u00e1s, agente activo de la Iniciativa Espa\u00f1ola Empresa y Biodiversidad            <\/a>\n    <\/h3>\t\n\t        <div class=\"edgtf-bli-excerpt\">\n\t\t        \t\t<div class=\"edgtf-post-excerpt-holder\">\n\t\t\t<p itemprop=\"description\" class=\"edgtf-post-excerpt\">\n\t\t\t\t[vc_row full_width=\"stretch_row_content\" el_class=\"visible\" el_id=\"header-post\"][vc_column][vc_column_text el_class=\"amarillo\"]\r\n[\/vc_column_text][vc_custom_heading source=\"post_title\" font_container=\"tag:h1|font_size:70px|text_align:center|color:%23ffffff\" google_fonts=\"font_family:PT%20Serif%3Aregular%2Citalic%2C700%2C700italic|font_style:700%20bold%20italic%3A700%3Aitalic\" el_class=\"lowercase\" css=\".vc_custom_1622632823984{margin-top: 0px !important;margin-bottom: 0px !important;}\"][\/vc_column][\/vc_row][vc_row el_class=\"mw965\" css=\".vc_custom_1594826693848{padding-top: 40px !important;}\"][vc_column][vc_column_text el_class=\"mw965\"]El compromiso con la biodiversidad se reafirma como uno de los ejes de actuaci\u00f3n prioritarios de Enag\u00e1s. La compa\u00f1\u00eda ha participado, por\t\t\t<\/p>\n\t\t<\/div>\n\t\t\t        \t<div class=\"edgtf-post-read-more-button\">\n\t\t<a itemprop=\"url\" href=\"https:\/\/revistaazulyverde.com\/ediciones\/45\/enagas-iniciativa-espanola-empresa\/\" target=\"_self\"  class=\"edgtf-btn edgtf-btn-medium edgtf-btn-simple edgtf-blog-list-button edgtf-btn-expanding-underline\"  >    <span class=\"edgtf-btn-text\"  >Leer m\u00e1s<\/span>    <\/a>\t<\/div>\n\t        <\/div>\n        <\/div>\n\t<\/div>\n<\/li>\t\t<\/ul>\n\t<\/div>\n\t<\/div>[\/vc_column][\/vc_row][vc_row row_content_width=\u00bbgrid\u00bb][vc_column][vc_custom_heading text=\u00bbEquipo Enag\u00e1s\u00bb font_container=\u00bbtag:h1|font_size:40px|text_align:left|color:%23ffffff\u00bb google_fonts=\u00bbfont_family:PT%20Serif%3Aregular%2Citalic%2C700%2C700italic|font_style:700%20bold%20italic%3A700%3Aitalic\u00bb el_class=\u00bblowercase bg-yellow vertical alone\u00bb][\/vc_column][\/vc_row][vc_row css=\u00bb.vc_custom_1583852603668{padding-top: 60px !important;}\u00bb el_id=\u00bbequipo-enagas\u00bb][vc_column]<div class=\"edgtf-news-holder edgtf-post-carousel4 edgtf-no-space\"  data-post-status=publish data-category-name=equipo-enagas data-ignore-sticky-posts=1 data-orderby=title data-posts-per-page=3 data-order=DESC data-sort=title data-paged=1 data-max-num-pages=1 data-next-page=2 data-title-tag=h3 data-image-size=custom data-custom-image-width=550 data-custom-image-height=680 data-display-categories=yes data-display-date=no data-date-format=difference data-display-author=no data-display-like=no data-display-comments=no data-display-share=no data-display-hot-trending-icons=yes data-layout=edgtf_post_carousel4><div class=\"edgtf-news-list-inner edgtf-owl-slider\" data-number-of-items=\"3\"   data-slider-speed=\"20000\" data-slider-speed-animation=\"600\"   data-enable-auto-height=\"yes\"><div class=\"edgtf-news-item edgtf-layout2-item edgtf-item-space\">\n\t<div class=\"edgtf-ni-inner\">\n\t\t<div class=\"edgtf-ni-image-holder\">\n\t\t\t\t<div class=\"edgtf-post-image\">\n\t\t<a itemprop=\"url\" href=\"https:\/\/revistaazulyverde.com\/ediciones\/45\/enagas-experiencia-empleado\/\" title=\"La conexi\u00f3n que nos define\">\n\t\t\t<img loading=\"lazy\" decoding=\"async\" src=\"https:\/\/revistaazulyverde.com\/ediciones\/45\/wp-content\/uploads\/sites\/7\/2020\/03\/de-persona-a-persona-45-1-e1631693915259-550x680.png\" alt=\"\" width=\"550\" height=\"680\" \/>\t\t<\/a>\n\t<\/div>\n\t\t<\/div>\n\t\t<div class=\"edgtf-ni-content\">\n\t\t\t<div class=\"edgtf-ni-info edgtf-ni-info-top\">\n\t\t\t\t\t<div class=\"edgtf-post-info-category\">\n\t\t<a href=\"https:\/\/revistaazulyverde.com\/ediciones\/45\/category\/equipo-enagas\/de-persona-a-persona\/\" rel=\"category tag\">De persona a persona<\/a>\t<\/div>\n\t\t\t<\/div>\n\t\t\t\n<h3 itemprop=\"name\" class=\"entry-title edgtf-post-title \" >\n<a itemprop=\"url\" href=\"https:\/\/revistaazulyverde.com\/ediciones\/45\/enagas-experiencia-empleado\/\" title=\"La conexi\u00f3n que nos define\">\n    La conexi\u00f3n que nos define<\/a>\n<\/h3>\t\t\t<div class=\"edgtf-ni-info edgtf-ni-info-bottom\">\n                                            <\/div>\n\t\t<\/div>\n\t<\/div>\n<\/div><div class=\"edgtf-news-item edgtf-layout2-item edgtf-item-space\">\n\t<div class=\"edgtf-ni-inner\">\n\t\t<div class=\"edgtf-ni-image-holder\">\n\t\t\t\t<div class=\"edgtf-post-image\">\n\t\t<a itemprop=\"url\" href=\"https:\/\/revistaazulyverde.com\/ediciones\/45\/gerencia-comercial\/\" title=\"Gerencia Comercial\">\n\t\t\t<img loading=\"lazy\" decoding=\"async\" src=\"https:\/\/revistaazulyverde.com\/ediciones\/45\/wp-content\/uploads\/sites\/7\/2020\/03\/que-hacemos-en-45-copia-1-e1631867594524-550x680.png\" alt=\"\" width=\"550\" height=\"680\" \/>\t\t<\/a>\n\t<\/div>\n\t\t<\/div>\n\t\t<div class=\"edgtf-ni-content\">\n\t\t\t<div class=\"edgtf-ni-info edgtf-ni-info-top\">\n\t\t\t\t\t<div class=\"edgtf-post-info-category\">\n\t\t<a href=\"https:\/\/revistaazulyverde.com\/ediciones\/45\/category\/equipo-enagas\/que-hacemos-en\/\" rel=\"category tag\">\u00bfQu\u00e9 hacemos en...?<\/a>\t<\/div>\n\t\t\t<\/div>\n\t\t\t\n<h3 itemprop=\"name\" class=\"entry-title edgtf-post-title \" >\n<a itemprop=\"url\" href=\"https:\/\/revistaazulyverde.com\/ediciones\/45\/gerencia-comercial\/\" title=\"Gerencia Comercial\">\n    Gerencia Comercial<\/a>\n<\/h3>\t\t\t<div class=\"edgtf-ni-info edgtf-ni-info-bottom\">\n                                            <\/div>\n\t\t<\/div>\n\t<\/div>\n<\/div><div class=\"edgtf-news-item edgtf-layout2-item edgtf-item-space\">\n\t<div class=\"edgtf-ni-inner\">\n\t\t<div class=\"edgtf-ni-image-holder\">\n\t\t\t\t<div class=\"edgtf-post-image\">\n\t\t<a itemprop=\"url\" href=\"https:\/\/revistaazulyverde.com\/ediciones\/45\/golf-oscar-gomez\/\" title=\"El golf, mucho m\u00e1s que un deporte para \u00d3scar G\u00f3mez\">\n\t\t\t<img loading=\"lazy\" decoding=\"async\" src=\"https:\/\/revistaazulyverde.com\/ediciones\/45\/wp-content\/uploads\/sites\/7\/2020\/03\/Oscar-gomez-golf-6-e1631690026510-550x680.png\" alt=\"\" width=\"550\" height=\"680\" \/>\t\t<\/a>\n\t<\/div>\n\t\t<\/div>\n\t\t<div class=\"edgtf-ni-content\">\n\t\t\t<div class=\"edgtf-ni-info edgtf-ni-info-top\">\n\t\t\t\t\t<div class=\"edgtf-post-info-category\">\n\t\t<a href=\"https:\/\/revistaazulyverde.com\/ediciones\/45\/category\/equipo-enagas\/mas-alla-de-enagas\/\" rel=\"category tag\">M\u00e1s all\u00e1 de Enag\u00e1s<\/a>\t<\/div>\n\t\t\t<\/div>\n\t\t\t\n<h3 itemprop=\"name\" class=\"entry-title edgtf-post-title \" >\n<a itemprop=\"url\" href=\"https:\/\/revistaazulyverde.com\/ediciones\/45\/golf-oscar-gomez\/\" title=\"El golf, mucho m\u00e1s que un deporte para \u00d3scar G\u00f3mez\">\n    El golf, mucho m\u00e1s que un deporte para \u00d3scar G\u00f3mez<\/a>\n<\/h3>\t\t\t<div class=\"edgtf-ni-info edgtf-ni-info-bottom\">\n                                            <\/div>\n\t\t<\/div>\n\t<\/div>\n<\/div><\/div><\/div>[\/vc_column][\/vc_row][vc_row row_content_width=\u00bbgrid\u00bb el_id=\u00bbnuestra-actividad\u00bb css=\u00bb.vc_custom_1594720118274{margin-bottom: 60px !important;padding-top: 90px !important;}\u00bb el_class=\u00bbazul grid-border\u00bb][vc_column][vc_custom_heading text=\u00bbNuestra actividad\u00bb font_container=\u00bbtag:h1|font_size:40px|text_align:left|color:%23ffffff\u00bb google_fonts=\u00bbfont_family:PT%20Serif%3Aregular%2Citalic%2C700%2C700italic|font_style:700%20bold%20italic%3A700%3Aitalic\u00bb el_class=\u00bblowercase bg-blue vertical\u00bb]<div class=\"edgtf-blog-list-holder edgtf-bl-standard edgtf-bl-one-column edgtf-normal-space edgtf-bl-pag-no-pagination\"  data-type=standard data-number-of-posts=1 data-number-of-columns=1 data-space-between-items=normal data-category=nuestra-actividad data-orderby=date data-order=ASC data-image-size=full data-title-tag=h3 data-excerpt-length=40 data-post-info-section=yes data-post-info-image=yes data-post-info-author=no data-post-info-date=no data-post-info-category=yes data-post-info-comments=no data-post-info-like=no data-post-info-share=no data-pagination-type=no-pagination data-carousel=no data-visible-items=4 data-max-num-pages=1 data-next-page=2>\n\t<div class=\"edgtf-bl-wrapper edgtf-outer-space\">\n\t\t<ul class=\"edgtf-blog-list \">\n\t\t\t<li class=\"edgtf-bl-item edgtf-item-space clearfix\">\n\t<div class=\"edgtf-bli-inner\">\n\t\t\n\t<div class=\"edgtf-post-image\">\n\t\t\t\t\t<a itemprop=\"url\" href=\"https:\/\/revistaazulyverde.com\/ediciones\/45\/scale-gas-facilita-transicion\/\" title=\"Scale Gas facilita la transici\u00f3n energ\u00e9tica en el mercado de peque\u00f1a escala de GNL\">\n\t\t\t\t\t<img loading=\"lazy\" decoding=\"async\" width=\"1920\" height=\"888\" src=\"https:\/\/revistaazulyverde.com\/ediciones\/45\/wp-content\/uploads\/sites\/7\/2020\/03\/13-copia-e1632157553788.png\" class=\"attachment-full size-full wp-post-image\" alt=\"\" srcset=\"https:\/\/revistaazulyverde.com\/ediciones\/45\/wp-content\/uploads\/sites\/7\/2020\/03\/13-copia-e1632157553788.png 1920w, https:\/\/revistaazulyverde.com\/ediciones\/45\/wp-content\/uploads\/sites\/7\/2020\/03\/13-copia-e1632157553788-300x139.png 300w, https:\/\/revistaazulyverde.com\/ediciones\/45\/wp-content\/uploads\/sites\/7\/2020\/03\/13-copia-e1632157553788-1024x474.png 1024w, https:\/\/revistaazulyverde.com\/ediciones\/45\/wp-content\/uploads\/sites\/7\/2020\/03\/13-copia-e1632157553788-768x355.png 768w, https:\/\/revistaazulyverde.com\/ediciones\/45\/wp-content\/uploads\/sites\/7\/2020\/03\/13-copia-e1632157553788-1536x710.png 1536w\" sizes=\"auto, (max-width: 1920px) 100vw, 1920px\" \/>\t\t\t\t\t<\/a>\n\t\t\t\t\t<\/div>\n        <div class=\"edgtf-bli-content\">\n                            <div class=\"edgtf-bli-info\">\n\t                <div class=\"edgtf-post-info-category\">\n    <a href=\"https:\/\/revistaazulyverde.com\/ediciones\/45\/category\/nuestra-actividad\/adn-enagas-startups\/\" rel=\"category tag\">ADN startup<\/a><\/div>                <\/div>\n            \t\n\t        \n<h3 itemprop=\"name\" class=\"entry-title edgtf-post-title\" >\n            <a itemprop=\"url\" href=\"https:\/\/revistaazulyverde.com\/ediciones\/45\/scale-gas-facilita-transicion\/\" title=\"Scale Gas facilita la transici\u00f3n energ\u00e9tica en el mercado de peque\u00f1a escala de GNL\">\n            Scale Gas facilita la transici\u00f3n energ\u00e9tica en el mercado de peque\u00f1a escala de GNL            <\/a>\n    <\/h3>\t\n\t        <div class=\"edgtf-bli-excerpt\">\n\t\t        \t\t<div class=\"edgtf-post-excerpt-holder\">\n\t\t\t<p itemprop=\"description\" class=\"edgtf-post-excerpt\">\n\t\t\t\t[vc_row full_width=\"stretch_row_content\" el_class=\"visible\" el_id=\"header-post\" css=\".vc_custom_1631715061210{padding-top: 25px !important;}\"][vc_column][vc_column_text el_class=\"amarillo\"]\r\n[\/vc_column_text][vc_custom_heading source=\"post_title\" font_container=\"tag:h1|font_size:70px|text_align:center|color:%23ffffff\" google_fonts=\"font_family:PT%20Serif%3Aregular%2Citalic%2C700%2C700italic|font_style:700%20bold%20italic%3A700%3Aitalic\" el_class=\"lowercase title-responsive-bot\" css=\".vc_custom_1622633185476{padding-top: 240px !important;padding-right: 200px !important;padding-bottom: 230px !important;padding-left: 200px !important;}\"][\/vc_column][\/vc_row][vc_row el_class=\"mw965\"][vc_column][vc_empty_space][vc_column_text]La evoluci\u00f3n constante del mercado del gas y la necesidad de dar una respuesta a los nuevos retos\t\t\t<\/p>\n\t\t<\/div>\n\t\t\t        \t<div class=\"edgtf-post-read-more-button\">\n\t\t<a itemprop=\"url\" href=\"https:\/\/revistaazulyverde.com\/ediciones\/45\/scale-gas-facilita-transicion\/\" target=\"_self\"  class=\"edgtf-btn edgtf-btn-medium edgtf-btn-simple edgtf-blog-list-button edgtf-btn-expanding-underline\"  >    <span class=\"edgtf-btn-text\"  >Leer m\u00e1s<\/span>    <\/a>\t<\/div>\n\t        <\/div>\n        <\/div>\n\t<\/div>\n<\/li>\t\t<\/ul>\n\t<\/div>\n\t<\/div>[\/vc_column][\/vc_row][vc_row gap=\u00bb20&#8243; equal_height=\u00bbyes\u00bb disable_element=\u00bbyes\u00bb row_content_width=\u00bbgrid\u00bb css=\u00bb.vc_custom_1632217417059{padding-top: 20px !important;}\u00bb][vc_column width=\u00bb4\/6&#8243; css=\u00bb.vc_custom_1623395068847{padding-bottom: 50px !important;padding-left: 40px !important;background-image: url(https:\/\/revistaazulyverde.com\/ediciones\/45\/wp-content\/uploads\/sites\/7\/2021\/06\/fondoSocial-1.png?id=7029) !important;background-position: center !important;background-repeat: no-repeat !important;background-size: cover !important;}\u00bb el_id=\u00bbcomparte\u00bb][vc_empty_space height=\u00bb110px\u00bb][vc_custom_heading text=\u00bb\u00bfQuieres construir o potenciar tu<br \/>\nidentidad digital en Redes Sociales?\u00bb font_container=\u00bbtag:h3|font_size:30px|text_align:left|color:%23ffffff|line_height:34px\u00bb google_fonts=\u00bbfont_family:PT%20Serif%3Aregular%2Citalic%2C700%2C700italic|font_style:700%20bold%20italic%3A700%3Aitalic\u00bb css=\u00bb.vc_custom_1623395087393{margin-top: 5px !important;margin-bottom: 10px !important;}\u00bb el_class=\u00bblowercase\u00bb link=\u00bb|||\u00bb][vc_column_text css=\u00bb.vc_custom_1623395141454{margin-top: 0px !important;}\u00bb el_class=\u00bbverdana\u00bb]<span style=\"color: #ffffff\">Conoce las claves para conseguirlo en esta newsletter. Ap\u00fantate <a style=\"color: #ffffff\" href=\"https:\/\/forms.office.com\/Pages\/ResponsePage.aspx?id=iGQi6Ul3gkenTLjMU0mXsmZ7JJWRebtPoLT2rttUSNJUQ09aNzRMTVI2SEdMUTgzVzVJN0U1T1dCQi4u\" target=\"_blank\" rel=\"noopener\"><b><u>aqu\u00ed<\/u><\/b><\/a><\/span>[\/vc_column_text][\/vc_column][vc_column width=\u00bb2\/6&#8243; css=\u00bb.vc_custom_1588059835231{padding-right: 30px !important;padding-left: 30px !important;background-color: #ffb81c !important;}\u00bb el_id=\u00bbencuesta\u00bb][vc_custom_heading text=\u00bbEncuesta\u00bb font_container=\u00bbtag:h3|font_size:40px|text_align:center|color:%23ffffff\u00bb google_fonts=\u00bbfont_family:PT%20Serif%3Aregular%2Citalic%2C700%2C700italic|font_style:700%20bold%20regular%3A700%3Anormal\u00bb css=\u00bb.vc_custom_1584028317084{margin-top: 5px !important;margin-bottom: 10px !important;}\u00bb el_class=\u00bblowercase\u00bb][vc_row_inner][vc_column_inner el_class=\u00bbwhite\u00bb width=\u00bb1\/2&#8243;][vc_column_text el_class=\u00bbverdana\u00bb]<\/p>\n<p style=\"margin: 0\">Si tienes ideas de mejora y quieres compartirlas con nosotros, an\u00edmate y rellena nuestra encuesta. \u00a1Estaremos encantados de escucharte!<\/p>\n<p>[\/vc_column_text][\/vc_column_inner][vc_column_inner width=\u00bb1\/2&#8243;][vc_single_image image=\u00bb4828&#8243; img_size=\u00bbfull\u00bb][\/vc_column_inner][\/vc_row_inner][vc_column_text el_class=\u00bbwhite verdana bold\u00bb css=\u00bb.vc_custom_1606387276811{margin-top: 40px !important;margin-bottom: 40px !important;}\u00bb]<\/p>\n<p style=\"text-align: center\"><a class=\"more-button\" href=\"https:\/\/forms.office.com\/Pages\/ResponsePage.aspx?id=iGQi6Ul3gkenTLjMU0mXssJVWW83SwdIjGdJkzTqfltUM1NLQ0ozTE5DMzZTSVM0MUVDNTFUOUQ5VS4u\" target=\"_blank\" rel=\"noopener noreferrer\">REALIZAR ENCUESTA<\/a><\/p>\n<p>[\/vc_column_text][\/vc_column][\/vc_row][vc_row gap=\u00bb20&#8243; equal_height=\u00bbyes\u00bb row_content_width=\u00bbgrid\u00bb css=\u00bb.vc_custom_1632217057892{padding-top: 20px !important;}\u00bb][vc_column width=\u00bb4\/6&#8243; css=\u00bb.vc_custom_1623395068847{padding-bottom: 50px !important;padding-left: 40px !important;background-image: url(https:\/\/revistaazulyverde.com\/ediciones\/45\/wp-content\/uploads\/sites\/7\/2021\/06\/fondoSocial-1.png?id=7029) !important;background-position: center !important;background-repeat: no-repeat !important;background-size: cover !important;}\u00bb][vc_empty_space height=\u00bb110px\u00bb][vc_custom_heading text=\u00bb\u00bfQuieres construir o potenciar tu<br \/>\nidentidad digital en redes sociales?\u00bb font_container=\u00bbtag:h3|font_size:30px|text_align:left|color:%23ffffff|line_height:34px\u00bb google_fonts=\u00bbfont_family:PT%20Serif%3Aregular%2Citalic%2C700%2C700italic|font_style:700%20bold%20italic%3A700%3Aitalic\u00bb css=\u00bb.vc_custom_1632220788681{margin-top: 5px !important;margin-bottom: 10px !important;}\u00bb el_class=\u00bblowercase\u00bb link=\u00bb|||\u00bb][vc_column_text css=\u00bb.vc_custom_1623395141454{margin-top: 0px !important;}\u00bb el_class=\u00bbverdana\u00bb]<span style=\"color: #ffffff\">Conoce las claves para conseguirlo en esta newsletter. Ap\u00fantate <a style=\"color: #ffffff\" href=\"https:\/\/forms.office.com\/Pages\/ResponsePage.aspx?id=iGQi6Ul3gkenTLjMU0mXsmZ7JJWRebtPoLT2rttUSNJUQ09aNzRMTVI2SEdMUTgzVzVJN0U1T1dCQi4u\" target=\"_blank\" rel=\"noopener\"><b><u>aqu\u00ed<\/u><\/b><\/a><\/span>[\/vc_column_text][\/vc_column][vc_column width=\u00bb1\/3&#8243;][vc_single_image image=\u00bb7198&#8243; img_size=\u00bblarge\u00bb alignment=\u00bbright\u00bb onclick=\u00bbcustom_link\u00bb img_link_target=\u00bb_blank\u00bb link=\u00bbhttps:\/\/anchor.fm\/enagas\/episodes\/Un-ao-de-retos-para-el-Sistema-Gasista-espaol-e12fh6a\u00bb][vc_empty_space][vc_single_image image=\u00bb7201&#8243; img_size=\u00bbfull\u00bb alignment=\u00bbright\u00bb onclick=\u00bbcustom_link\u00bb img_link_target=\u00bb_blank\u00bb link=\u00bbhttps:\/\/forms.office.com\/Pages\/ResponsePage.aspx?id=iGQi6Ul3gkenTLjMU0mXssJVWW83SwdIjGdJkzTqfltUM1NLQ0ozTE5DMzZTSVM0MUVDNTFUOUQ5VS4u\u00bb][\/vc_column][\/vc_row][vc_row gap=\u00bb20&#8243; equal_height=\u00bbyes\u00bb content_placement=\u00bbmiddle\u00bb row_content_width=\u00bbgrid\u00bb css=\u00bb.vc_custom_1584536001517{margin-bottom: 70px !important;}\u00bb][vc_column width=\u00bb1\/2&#8243; css=\u00bb.vc_custom_1583857395062{border-top-width: 1px !important;border-right-width: 1px !important;border-bottom-width: 1px !important;border-left-width: 1px !important;padding-top: 30px !important;padding-right: 30px !important;padding-bottom: 30px !important;padding-left: 30px !important;border-left-color: #0069a0 !important;border-left-style: solid !important;border-right-color: #0069a0 !important;border-right-style: solid !important;border-top-color: #0069a0 !important;border-top-style: solid !important;border-bottom-color: #0069a0 !important;border-bottom-style: solid !important;}\u00bb el_id=\u00bbparticipa\u00bb][vc_row_inner][vc_column_inner width=\u00bb1\/4&#8243;][vc_single_image image=\u00bb4786&#8243; img_size=\u00bbfull\u00bb][\/vc_column_inner][vc_column_inner width=\u00bb3\/4&#8243;][vc_custom_heading text=\u00bbParticipa\u00bb font_container=\u00bbtag:h2|font_size:40px|text_align:left|color:%23007aae\u00bb google_fonts=\u00bbfont_family:PT%20Serif%3Aregular%2Citalic%2C700%2C700italic|font_style:700%20bold%20regular%3A700%3Anormal\u00bb el_class=\u00bblowercase\u00bb css=\u00bb.vc_custom_1588059765202{margin-bottom: 0px !important;}\u00bb][vc_column_text el_class=\u00bbverdana\u00bb]Env\u00edanos tus opiniones, comentarios y sugerencias a la direcci\u00f3n: <a href=\"mailto:comunicacion.interna@enagas.es\">comunicacion.interna@enagas.es<\/a>[\/vc_column_text][\/vc_column_inner][\/vc_row_inner][\/vc_column][vc_column width=\u00bb1\/2&#8243; css=\u00bb.vc_custom_1588059751763{padding-top: 30px !important;padding-right: 30px !important;padding-bottom: 30px !important;padding-left: 30px !important;background-color: #007aae !important;}\u00bb el_id=\u00bbsiguenos\u00bb][vc_row_inner][vc_column_inner width=\u00bb1\/2&#8243;][vc_custom_heading text=\u00bb\u00a1S\u00edguenos!\u00bb font_container=\u00bbtag:h2|font_size:40px|text_align:center|color:%23ffffff\u00bb google_fonts=\u00bbfont_family:PT%20Serif%3Aregular%2Citalic%2C700%2C700italic|font_style:700%20bold%20regular%3A700%3Anormal\u00bb el_class=\u00bblowercase\u00bb css=\u00bb.vc_custom_1583858806402{margin-top: 0px !important;margin-bottom: 0px !important;}\u00bb][\/vc_column_inner][vc_column_inner width=\u00bb1\/2&#8243;][vc_column_text el_class=\u00bbsocial\u00bb]<a href=\"https:\/\/www.linkedin.com\/company\/enagas\/\" target=\"_blank\" rel=\"noopener noreferrer\"><img decoding=\"async\" class=\"size-medium wp-image-4806\" src=\"https:\/\/revistaazulyverde.com\/ediciones\/45\/wp-content\/uploads\/sites\/7\/2020\/03\/linkedin-logo2.png\" alt=\"\" width=\"38\" \/><\/a><a href=\"https:\/\/twitter.com\/enagas\" target=\"_blank\" rel=\"noopener noreferrer\"><img decoding=\"async\" class=\"size-full wp-image-4803\" src=\"https:\/\/revistaazulyverde.com\/ediciones\/45\/wp-content\/uploads\/sites\/7\/2020\/03\/twitter-logo-silhouette2.png\" alt=\"\" width=\"38\" \/><\/a><a href=\"https:\/\/www.facebook.com\/EnagasOficial\/\" target=\"_blank\" rel=\"noopener noreferrer\"><img decoding=\"async\" class=\"size-medium wp-image-4805\" src=\"https:\/\/revistaazulyverde.com\/ediciones\/45\/wp-content\/uploads\/sites\/7\/2020\/03\/facebook-logo.png\" alt=\"\" width=\"38\" \/><\/a><a href=\"https:\/\/www.youtube.com\/channel\/UC1gEGcl-G7p8INsNKe9YZyg\" target=\"_blank\" rel=\"noopener noreferrer\"><img decoding=\"async\" class=\"size-medium wp-image-4804\" src=\"https:\/\/revistaazulyverde.com\/ediciones\/45\/wp-content\/uploads\/sites\/7\/2020\/03\/youtube-plain2.png\" alt=\"\" width=\"38\" \/><\/a>[\/vc_column_text][\/vc_column_inner][\/vc_row_inner][\/vc_column][\/vc_row]<\/p>\n<\/div>","protected":false},"excerpt":{"rendered":"<p>[vc_row row_content_width=\u00bbgrid\u00bb disable_background_image=\u00bb\u00bb css=\u00bb.vc_custom_1631700281277{padding-top: 140px !important;padding-bottom: 180px !important;background-position: center !important;background-repeat: no-repeat !important;background-size: cover !important;}\u00bb el_id=\u00bbfirst\u00bb simple_background_image=\u00bb7100&#8243;][vc_column][vc_custom_heading text=\u00bbUn camino hacia nuevas energ\u00edas\u00bb font_container=\u00bbtag:h1|font_size:80|text_align:left|color:%23ffffff|line_height:110px\u00bb google_fonts=\u00bbfont_family:PT%20Serif%3Aregular%2Citalic%2C700%2C700italic|font_style:700%20bold%20italic%3A700%3Aitalic\u00bb el_class=\u00bblowercase\u00bb][\/vc_column][\/vc_row][vc_row row_content_width=\u00bbgrid\u00bb el_id=\u00bbeditorial\u00bb css=\u00bb.vc_custom_1583844122440{margin-top: -160px !important;}\u00bb][vc_column][\/vc_column][\/vc_row][vc_row row_content_width=\u00bbgrid\u00bb el_id=\u00bbactualidad\u00bb css=\u00bb.vc_custom_1583853344403{padding-top: 90px !important;}\u00bb el_class=\u00bbverde grid-border\u00bb][vc_column][vc_custom_heading text=\u00bbActualidad\u00bb font_container=\u00bbtag:h1|font_size:40px|text_align:left|color:%23ffffff\u00bb google_fonts=\u00bbfont_family:PT%20Serif%3Aregular%2Citalic%2C700%2C700italic|font_style:700%20bold%20italic%3A700%3Aitalic\u00bb el_class=\u00bblowercase [&hellip;]<\/p>\n","protected":false},"author":1,"featured_media":6849,"parent":0,"menu_order":0,"comment_status":"closed","ping_status":"closed","template":"full-width.php","meta":{"_acf_changed":false,"footnotes":""},"class_list":["post-583","page","type-page","status-publish","has-post-thumbnail","hentry"],"acf":[],"yoast_head":"<!-- This site is optimized with the Yoast SEO plugin v24.9 - https:\/\/yoast.com\/wordpress\/plugins\/seo\/ -->\n<title>Inicio - Revista Azul y Verde n\u00ba 45<\/title>\n<meta name=\"robots\" content=\"noindex, follow, max-snippet:-1, max-image-preview:large, max-video-preview:-1\" \/>\n<meta property=\"og:locale\" content=\"es_ES\" \/>\n<meta property=\"og:type\" content=\"article\" \/>\n<meta property=\"og:title\" content=\"Inicio - Revista Azul y Verde n\u00ba 45\" \/>\n<meta property=\"og:description\" content=\"[vc_row row_content_width=\u00bbgrid\u00bb disable_background_image=\u00bb\u00bb css=\u00bb.vc_custom_1631700281277{padding-top: 140px !important;padding-bottom: 180px !important;background-position: center !important;background-repeat: no-repeat !important;background-size: cover !important;}\u00bb el_id=\u00bbfirst\u00bb simple_background_image=\u00bb7100&#8243;][vc_column][vc_custom_heading text=\u00bbUn camino hacia nuevas energ\u00edas\u00bb font_container=\u00bbtag:h1|font_size:80|text_align:left|color:%23ffffff|line_height:110px\u00bb google_fonts=\u00bbfont_family:PT%20Serif%3Aregular%2Citalic%2C700%2C700italic|font_style:700%20bold%20italic%3A700%3Aitalic\u00bb el_class=\u00bblowercase\u00bb][\/vc_column][\/vc_row][vc_row row_content_width=\u00bbgrid\u00bb el_id=\u00bbeditorial\u00bb css=\u00bb.vc_custom_1583844122440{margin-top: -160px !important;}\u00bb][vc_column][\/vc_column][\/vc_row][vc_row row_content_width=\u00bbgrid\u00bb el_id=\u00bbactualidad\u00bb css=\u00bb.vc_custom_1583853344403{padding-top: 90px !important;}\u00bb el_class=\u00bbverde grid-border\u00bb][vc_column][vc_custom_heading text=\u00bbActualidad\u00bb font_container=\u00bbtag:h1|font_size:40px|text_align:left|color:%23ffffff\u00bb google_fonts=\u00bbfont_family:PT%20Serif%3Aregular%2Citalic%2C700%2C700italic|font_style:700%20bold%20italic%3A700%3Aitalic\u00bb el_class=\u00bblowercase [&hellip;]\" \/>\n<meta property=\"og:url\" content=\"https:\/\/revistaazulyverde.com\/ediciones\/45\/\" \/>\n<meta property=\"og:site_name\" content=\"Revista Azul y Verde n\u00ba 45\" \/>\n<meta property=\"article:modified_time\" content=\"2021-09-21T10:39:54+00:00\" \/>\n<meta property=\"og:image\" content=\"https:\/\/revistaazulyverde.com\/ediciones\/45\/wp-content\/uploads\/sites\/7\/2021\/05\/Portada-2.jpg\" \/>\n\t<meta property=\"og:image:width\" content=\"890\" \/>\n\t<meta property=\"og:image:height\" content=\"890\" \/>\n\t<meta property=\"og:image:type\" content=\"image\/jpeg\" \/>\n<meta name=\"twitter:card\" content=\"summary_large_image\" \/>\n<meta name=\"twitter:label1\" content=\"Tiempo de lectura\" \/>\n\t<meta name=\"twitter:data1\" content=\"3 minutos\" \/>\n<script type=\"application\/ld+json\" class=\"yoast-schema-graph\">{\"@context\":\"https:\/\/schema.org\",\"@graph\":[{\"@type\":\"WebPage\",\"@id\":\"https:\/\/revistaazulyverde.com\/ediciones\/45\/\",\"url\":\"https:\/\/revistaazulyverde.com\/ediciones\/45\/\",\"name\":\"Inicio - Revista Azul y Verde n\u00ba 45\",\"isPartOf\":{\"@id\":\"https:\/\/revistaazulyverde.com\/ediciones\/45\/#website\"},\"primaryImageOfPage\":{\"@id\":\"https:\/\/revistaazulyverde.com\/ediciones\/45\/#primaryimage\"},\"image\":{\"@id\":\"https:\/\/revistaazulyverde.com\/ediciones\/45\/#primaryimage\"},\"thumbnailUrl\":\"https:\/\/revistaazulyverde.com\/ediciones\/45\/wp-content\/uploads\/sites\/7\/2021\/05\/Portada-2.jpg\",\"datePublished\":\"2018-03-02T12:42:16+00:00\",\"dateModified\":\"2021-09-21T10:39:54+00:00\",\"breadcrumb\":{\"@id\":\"https:\/\/revistaazulyverde.com\/ediciones\/45\/#breadcrumb\"},\"inLanguage\":\"es\",\"potentialAction\":[{\"@type\":\"ReadAction\",\"target\":[\"https:\/\/revistaazulyverde.com\/ediciones\/45\/\"]}]},{\"@type\":\"ImageObject\",\"inLanguage\":\"es\",\"@id\":\"https:\/\/revistaazulyverde.com\/ediciones\/45\/#primaryimage\",\"url\":\"https:\/\/revistaazulyverde.com\/ediciones\/45\/wp-content\/uploads\/sites\/7\/2021\/05\/Portada-2.jpg\",\"contentUrl\":\"https:\/\/revistaazulyverde.com\/ediciones\/45\/wp-content\/uploads\/sites\/7\/2021\/05\/Portada-2.jpg\",\"width\":890,\"height\":890},{\"@type\":\"BreadcrumbList\",\"@id\":\"https:\/\/revistaazulyverde.com\/ediciones\/45\/#breadcrumb\",\"itemListElement\":[{\"@type\":\"ListItem\",\"position\":1,\"name\":\"Portada\",\"item\":\"https:\/\/revistaazulyverde.com\/ediciones\/45\/\"},{\"@type\":\"ListItem\",\"position\":2,\"name\":\"Inicio\"}]},{\"@type\":\"WebSite\",\"@id\":\"https:\/\/revistaazulyverde.com\/ediciones\/45\/#website\",\"url\":\"https:\/\/revistaazulyverde.com\/ediciones\/45\/\",\"name\":\"Revista Azul y Verde n\u00ba 45\",\"description\":\"\",\"potentialAction\":[{\"@type\":\"SearchAction\",\"target\":{\"@type\":\"EntryPoint\",\"urlTemplate\":\"https:\/\/revistaazulyverde.com\/ediciones\/45\/?s={search_term_string}\"},\"query-input\":{\"@type\":\"PropertyValueSpecification\",\"valueRequired\":true,\"valueName\":\"search_term_string\"}}],\"inLanguage\":\"es\"}]}<\/script>\n<!-- \/ Yoast SEO plugin. -->","yoast_head_json":{"title":"Inicio - Revista Azul y Verde n\u00ba 45","robots":{"index":"noindex","follow":"follow","max-snippet":"max-snippet:-1","max-image-preview":"max-image-preview:large","max-video-preview":"max-video-preview:-1"},"og_locale":"es_ES","og_type":"article","og_title":"Inicio - Revista Azul y Verde n\u00ba 45","og_description":"[vc_row row_content_width=\u00bbgrid\u00bb disable_background_image=\u00bb\u00bb css=\u00bb.vc_custom_1631700281277{padding-top: 140px !important;padding-bottom: 180px !important;background-position: center !important;background-repeat: no-repeat !important;background-size: cover !important;}\u00bb el_id=\u00bbfirst\u00bb simple_background_image=\u00bb7100&#8243;][vc_column][vc_custom_heading text=\u00bbUn camino hacia nuevas energ\u00edas\u00bb font_container=\u00bbtag:h1|font_size:80|text_align:left|color:%23ffffff|line_height:110px\u00bb google_fonts=\u00bbfont_family:PT%20Serif%3Aregular%2Citalic%2C700%2C700italic|font_style:700%20bold%20italic%3A700%3Aitalic\u00bb el_class=\u00bblowercase\u00bb][\/vc_column][\/vc_row][vc_row row_content_width=\u00bbgrid\u00bb el_id=\u00bbeditorial\u00bb css=\u00bb.vc_custom_1583844122440{margin-top: -160px !important;}\u00bb][vc_column][\/vc_column][\/vc_row][vc_row row_content_width=\u00bbgrid\u00bb el_id=\u00bbactualidad\u00bb css=\u00bb.vc_custom_1583853344403{padding-top: 90px !important;}\u00bb el_class=\u00bbverde grid-border\u00bb][vc_column][vc_custom_heading text=\u00bbActualidad\u00bb font_container=\u00bbtag:h1|font_size:40px|text_align:left|color:%23ffffff\u00bb google_fonts=\u00bbfont_family:PT%20Serif%3Aregular%2Citalic%2C700%2C700italic|font_style:700%20bold%20italic%3A700%3Aitalic\u00bb el_class=\u00bblowercase [&hellip;]","og_url":"https:\/\/revistaazulyverde.com\/ediciones\/45\/","og_site_name":"Revista Azul y Verde n\u00ba 45","article_modified_time":"2021-09-21T10:39:54+00:00","og_image":[{"width":890,"height":890,"url":"https:\/\/revistaazulyverde.com\/ediciones\/45\/wp-content\/uploads\/sites\/7\/2021\/05\/Portada-2.jpg","type":"image\/jpeg"}],"twitter_card":"summary_large_image","twitter_misc":{"Tiempo de lectura":"3 minutos"},"schema":{"@context":"https:\/\/schema.org","@graph":[{"@type":"WebPage","@id":"https:\/\/revistaazulyverde.com\/ediciones\/45\/","url":"https:\/\/revistaazulyverde.com\/ediciones\/45\/","name":"Inicio - Revista Azul y Verde n\u00ba 45","isPartOf":{"@id":"https:\/\/revistaazulyverde.com\/ediciones\/45\/#website"},"primaryImageOfPage":{"@id":"https:\/\/revistaazulyverde.com\/ediciones\/45\/#primaryimage"},"image":{"@id":"https:\/\/revistaazulyverde.com\/ediciones\/45\/#primaryimage"},"thumbnailUrl":"https:\/\/revistaazulyverde.com\/ediciones\/45\/wp-content\/uploads\/sites\/7\/2021\/05\/Portada-2.jpg","datePublished":"2018-03-02T12:42:16+00:00","dateModified":"2021-09-21T10:39:54+00:00","breadcrumb":{"@id":"https:\/\/revistaazulyverde.com\/ediciones\/45\/#breadcrumb"},"inLanguage":"es","potentialAction":[{"@type":"ReadAction","target":["https:\/\/revistaazulyverde.com\/ediciones\/45\/"]}]},{"@type":"ImageObject","inLanguage":"es","@id":"https:\/\/revistaazulyverde.com\/ediciones\/45\/#primaryimage","url":"https:\/\/revistaazulyverde.com\/ediciones\/45\/wp-content\/uploads\/sites\/7\/2021\/05\/Portada-2.jpg","contentUrl":"https:\/\/revistaazulyverde.com\/ediciones\/45\/wp-content\/uploads\/sites\/7\/2021\/05\/Portada-2.jpg","width":890,"height":890},{"@type":"BreadcrumbList","@id":"https:\/\/revistaazulyverde.com\/ediciones\/45\/#breadcrumb","itemListElement":[{"@type":"ListItem","position":1,"name":"Portada","item":"https:\/\/revistaazulyverde.com\/ediciones\/45\/"},{"@type":"ListItem","position":2,"name":"Inicio"}]},{"@type":"WebSite","@id":"https:\/\/revistaazulyverde.com\/ediciones\/45\/#website","url":"https:\/\/revistaazulyverde.com\/ediciones\/45\/","name":"Revista Azul y Verde n\u00ba 45","description":"","potentialAction":[{"@type":"SearchAction","target":{"@type":"EntryPoint","urlTemplate":"https:\/\/revistaazulyverde.com\/ediciones\/45\/?s={search_term_string}"},"query-input":{"@type":"PropertyValueSpecification","valueRequired":true,"valueName":"search_term_string"}}],"inLanguage":"es"}]}},"_links":{"self":[{"href":"https:\/\/revistaazulyverde.com\/ediciones\/45\/wp-json\/wp\/v2\/pages\/583","targetHints":{"allow":["GET"]}}],"collection":[{"href":"https:\/\/revistaazulyverde.com\/ediciones\/45\/wp-json\/wp\/v2\/pages"}],"about":[{"href":"https:\/\/revistaazulyverde.com\/ediciones\/45\/wp-json\/wp\/v2\/types\/page"}],"author":[{"embeddable":true,"href":"https:\/\/revistaazulyverde.com\/ediciones\/45\/wp-json\/wp\/v2\/users\/1"}],"replies":[{"embeddable":true,"href":"https:\/\/revistaazulyverde.com\/ediciones\/45\/wp-json\/wp\/v2\/comments?post=583"}],"version-history":[{"count":217,"href":"https:\/\/revistaazulyverde.com\/ediciones\/45\/wp-json\/wp\/v2\/pages\/583\/revisions"}],"predecessor-version":[{"id":6788,"href":"https:\/\/revistaazulyverde.com\/ediciones\/45\/wp-json\/wp\/v2\/pages\/583\/revisions\/6788"}],"wp:featuredmedia":[{"embeddable":true,"href":"https:\/\/revistaazulyverde.com\/ediciones\/45\/wp-json\/wp\/v2\/media\/6849"}],"wp:attachment":[{"href":"https:\/\/revistaazulyverde.com\/ediciones\/45\/wp-json\/wp\/v2\/media?parent=583"}],"curies":[{"name":"wp","href":"https:\/\/api.w.org\/{rel}","templated":true}]}}