{"id":583,"date":"2018-03-02T12:42:16","date_gmt":"2018-03-02T12:42:16","guid":{"rendered":"http:\/\/journo.edge-themes.com\/?page_id=583"},"modified":"2021-03-09T11:42:34","modified_gmt":"2021-03-09T10:42:34","slug":"inicio","status":"publish","type":"page","link":"https:\/\/revistaazulyverde.com\/ediciones\/43\/","title":{"rendered":"Inicio"},"content":{"rendered":"<div class=\"wpb-content-wrapper\"><p>[vc_row row_content_width=\u00bbgrid\u00bb disable_background_image=\u00bb\u00bb css=\u00bb.vc_custom_1614678989147{padding-top: 140px !important;padding-bottom: 180px !important;background-position: center !important;background-repeat: no-repeat !important;background-size: cover !important;}\u00bb el_id=\u00bbfirst\u00bb simple_background_image=\u00bb6595&#8243;][vc_column][vc_custom_heading text=\u00bbEnag\u00e1s, neutra en carbono en 2040&#8243; font_container=\u00bbtag:h1|font_size:80|text_align:left|color:%23ffffff|line_height:110px\u00bb google_fonts=\u00bbfont_family:PT%20Serif%3Aregular%2Citalic%2C700%2C700italic|font_style:700%20bold%20italic%3A700%3Aitalic\u00bb el_class=\u00bblowercase\u00bb][\/vc_column][\/vc_row][vc_row row_content_width=\u00bbgrid\u00bb el_id=\u00bbeditorial\u00bb css=\u00bb.vc_custom_1583844122440{margin-top: -160px !important;}\u00bb][vc_column]<div class=\"edgtf-blog-list-holder edgtf-bl-standard edgtf-bl-one-column edgtf-large-space edgtf-bl-pag-no-pagination\"  data-type=standard data-number-of-posts=1 data-number-of-columns=1 data-space-between-items=large data-category=editorial data-orderby=date data-order=ASC data-image-size=full data-title-tag=h3 data-excerpt-length=40 data-post-info-section=yes data-post-info-image=yes data-post-info-author=no data-post-info-date=no data-post-info-category=yes data-post-info-comments=no data-post-info-like=no data-post-info-share=no data-pagination-type=no-pagination data-carousel=no data-visible-items=4 data-max-num-pages=1 data-next-page=2>\n\t<div class=\"edgtf-bl-wrapper edgtf-outer-space\">\n\t\t<ul class=\"edgtf-blog-list \">\n\t\t\t<li class=\"edgtf-bl-item edgtf-item-space clearfix\">\n\t<div class=\"edgtf-bli-inner\">\n\t\t\n\t<div class=\"edgtf-post-image\">\n\t\t\t\t\t<a itemprop=\"url\" href=\"https:\/\/revistaazulyverde.com\/ediciones\/43\/editorial-43\/\" title=\"Transformar el modelo para responder a los retos\">\n\t\t\t\t\t<img decoding=\"async\" width=\"888\" height=\"888\" data-src=\"https:\/\/revistaazulyverde.com\/ediciones\/43\/wp-content\/uploads\/sites\/5\/2020\/04\/Paisaje3-1-e1614679084484.jpg\" class=\"attachment-full size-full wp-post-image lazyload\" alt=\"\" data-srcset=\"https:\/\/revistaazulyverde.com\/ediciones\/43\/wp-content\/uploads\/sites\/5\/2020\/04\/Paisaje3-1-e1614679084484.jpg 888w, https:\/\/revistaazulyverde.com\/ediciones\/43\/wp-content\/uploads\/sites\/5\/2020\/04\/Paisaje3-1-e1614679084484-300x300.jpg 300w, https:\/\/revistaazulyverde.com\/ediciones\/43\/wp-content\/uploads\/sites\/5\/2020\/04\/Paisaje3-1-e1614679084484-150x150.jpg 150w, https:\/\/revistaazulyverde.com\/ediciones\/43\/wp-content\/uploads\/sites\/5\/2020\/04\/Paisaje3-1-e1614679084484-768x768.jpg 768w, https:\/\/revistaazulyverde.com\/ediciones\/43\/wp-content\/uploads\/sites\/5\/2020\/04\/Paisaje3-1-e1614679084484-550x550.jpg 550w\" data-sizes=\"(max-width: 888px) 100vw, 888px\" src=\"data:image\/gif;base64,R0lGODlhAQABAAAAACH5BAEKAAEALAAAAAABAAEAAAICTAEAOw==\" style=\"--smush-placeholder-width: 888px; --smush-placeholder-aspect-ratio: 888\/888;\" \/>\t\t\t\t\t<\/a>\n\t\t\t\t\t<\/div>\n        <div class=\"edgtf-bli-content\">\n                            <div class=\"edgtf-bli-info\">\n\t                <div class=\"edgtf-post-info-category\">\n    <a href=\"https:\/\/revistaazulyverde.com\/ediciones\/43\/category\/editorial\/\" rel=\"category tag\">Editorial<\/a><\/div>                <\/div>\n            \t\n\t        \n<h3 itemprop=\"name\" class=\"entry-title edgtf-post-title\" >\n            <a itemprop=\"url\" href=\"https:\/\/revistaazulyverde.com\/ediciones\/43\/editorial-43\/\" title=\"Transformar el modelo para responder a los retos\">\n            Transformar el modelo para responder a los retos            <\/a>\n    <\/h3>\t\n\t        <div class=\"edgtf-bli-excerpt\">\n\t\t        \t\t<div class=\"edgtf-post-excerpt-holder\">\n\t\t\t<p itemprop=\"description\" class=\"edgtf-post-excerpt\">\n\t\t\t\tVivimos una transformaci\u00f3n sin precedentes en nuestro sistema productivo para hacer frente a la emergencia clim\u00e1tica\t\t\t<\/p>\n\t\t<\/div>\n\t\t\t        \t<div class=\"edgtf-post-read-more-button\">\n\t\t<a itemprop=\"url\" href=\"https:\/\/revistaazulyverde.com\/ediciones\/43\/editorial-43\/\" target=\"_self\"  class=\"edgtf-btn edgtf-btn-medium edgtf-btn-simple edgtf-blog-list-button edgtf-btn-expanding-underline\"  >    <span class=\"edgtf-btn-text\"  >Leer m\u00e1s<\/span>    <\/a>\t<\/div>\n\t        <\/div>\n        <\/div>\n\t<\/div>\n<\/li>\t\t<\/ul>\n\t<\/div>\n\t<\/div>[\/vc_column][\/vc_row][vc_row row_content_width=\u00bbgrid\u00bb el_id=\u00bbactualidad\u00bb css=\u00bb.vc_custom_1583853344403{padding-top: 90px !important;}\u00bb el_class=\u00bbverde grid-border\u00bb][vc_column][vc_custom_heading text=\u00bbActualidad\u00bb font_container=\u00bbtag:h1|font_size:40px|text_align:left|color:%23ffffff\u00bb google_fonts=\u00bbfont_family:PT%20Serif%3Aregular%2Citalic%2C700%2C700italic|font_style:700%20bold%20italic%3A700%3Aitalic\u00bb el_class=\u00bblowercase bg-green vertical\u00bb]<div class=\"edgtf-blog-list-holder edgtf-bl-standard edgtf-bl-two-columns edgtf-normal-space edgtf-bl-pag-no-pagination\"  data-type=standard data-number-of-posts=2 data-number-of-columns=2 data-space-between-items=normal data-category=actualidad data-orderby=date data-order=DESC data-image-size=full data-title-tag=h3 data-excerpt-length=40 data-post-info-section=yes data-post-info-image=yes data-post-info-author=no data-post-info-date=no data-post-info-category=yes data-post-info-comments=no data-post-info-like=no data-post-info-share=no data-pagination-type=no-pagination data-carousel=no data-visible-items=4 data-max-num-pages=2 data-next-page=2>\n\t<div class=\"edgtf-bl-wrapper edgtf-outer-space\">\n\t\t<ul class=\"edgtf-blog-list \">\n\t\t\t<li class=\"edgtf-bl-item edgtf-item-space clearfix\">\n\t<div class=\"edgtf-bli-inner\">\n\t\t\n\t<div class=\"edgtf-post-image\">\n\t\t\t\t\t<a itemprop=\"url\" href=\"https:\/\/revistaazulyverde.com\/ediciones\/43\/estrategia-2021-2026\/\" title=\"La descarbonizaci\u00f3n, un pilar del plan estrat\u00e9gico\">\n\t\t\t\t\t<img decoding=\"async\" width=\"888\" height=\"888\" data-src=\"https:\/\/revistaazulyverde.com\/ediciones\/43\/wp-content\/uploads\/sites\/5\/2021\/02\/Home_Headers_febrero2021_1_es_1920-1-e1614609783856.jpg\" class=\"attachment-full size-full wp-post-image lazyload\" alt=\"\" data-srcset=\"https:\/\/revistaazulyverde.com\/ediciones\/43\/wp-content\/uploads\/sites\/5\/2021\/02\/Home_Headers_febrero2021_1_es_1920-1-e1614609783856.jpg 888w, https:\/\/revistaazulyverde.com\/ediciones\/43\/wp-content\/uploads\/sites\/5\/2021\/02\/Home_Headers_febrero2021_1_es_1920-1-e1614609783856-300x300.jpg 300w, https:\/\/revistaazulyverde.com\/ediciones\/43\/wp-content\/uploads\/sites\/5\/2021\/02\/Home_Headers_febrero2021_1_es_1920-1-e1614609783856-150x150.jpg 150w, https:\/\/revistaazulyverde.com\/ediciones\/43\/wp-content\/uploads\/sites\/5\/2021\/02\/Home_Headers_febrero2021_1_es_1920-1-e1614609783856-768x768.jpg 768w, https:\/\/revistaazulyverde.com\/ediciones\/43\/wp-content\/uploads\/sites\/5\/2021\/02\/Home_Headers_febrero2021_1_es_1920-1-e1614609783856-550x550.jpg 550w\" data-sizes=\"(max-width: 888px) 100vw, 888px\" src=\"data:image\/gif;base64,R0lGODlhAQABAAAAACH5BAEKAAEALAAAAAABAAEAAAICTAEAOw==\" style=\"--smush-placeholder-width: 888px; --smush-placeholder-aspect-ratio: 888\/888;\" \/>\t\t\t\t\t<\/a>\n\t\t\t\t\t<\/div>\n        <div class=\"edgtf-bli-content\">\n                            <div class=\"edgtf-bli-info\">\n\t                <div class=\"edgtf-post-info-category\">\n    <a href=\"https:\/\/revistaazulyverde.com\/ediciones\/43\/category\/actualidad\/estrategia-2021-2026\/\" rel=\"category tag\">Estrategia 2021-2026<\/a><\/div>                <\/div>\n            \t\n\t        \n<h3 itemprop=\"name\" class=\"entry-title edgtf-post-title\" >\n            <a itemprop=\"url\" href=\"https:\/\/revistaazulyverde.com\/ediciones\/43\/estrategia-2021-2026\/\" title=\"La descarbonizaci\u00f3n, un pilar del plan estrat\u00e9gico\">\n            La descarbonizaci\u00f3n, un pilar del plan estrat\u00e9gico            <\/a>\n    <\/h3>\t\n\t        <div class=\"edgtf-bli-excerpt\">\n\t\t        \t\t<div class=\"edgtf-post-excerpt-holder\">\n\t\t\t<p itemprop=\"description\" class=\"edgtf-post-excerpt\">\n\t\t\t\t[vc_row full_width=\"stretch_row_content\" el_class=\"visible\" el_id=\"header-post\"][vc_column][vc_column_text el_class=\"amarillo bg-top\"]\r\n[\/vc_column_text][vc_custom_heading source=\"post_title\" font_container=\"tag:h1|font_size:80px|text_align:center|color:%23ffffff\" google_fonts=\"font_family:PT%20Serif%3Aregular%2Citalic%2C700%2C700italic|font_style:700%20bold%20italic%3A700%3Aitalic\" el_class=\"lowercase\" css=\".vc_custom_1584089087679{margin-top: 0px !important;margin-bottom: 0px !important;}\"][\/vc_column][\/vc_row][vc_row el_class=\"mw965\" css=\".vc_custom_1594814415051{padding-top: 40px !important;}\"][vc_column][vc_column_text]Enag\u00e1s ha actualizado su Plan Estrat\u00e9gico 2021-2026 en torno a tres pilares fundamentales: el compromiso con la descarbonizaci\u00f3n y la generaci\u00f3n de\t\t\t<\/p>\n\t\t<\/div>\n\t\t\t        \t<div class=\"edgtf-post-read-more-button\">\n\t\t<a itemprop=\"url\" href=\"https:\/\/revistaazulyverde.com\/ediciones\/43\/estrategia-2021-2026\/\" target=\"_self\"  class=\"edgtf-btn edgtf-btn-medium edgtf-btn-simple edgtf-blog-list-button edgtf-btn-expanding-underline\"  >    <span class=\"edgtf-btn-text\"  >Leer m\u00e1s<\/span>    <\/a>\t<\/div>\n\t        <\/div>\n        <\/div>\n\t<\/div>\n<\/li><li class=\"edgtf-bl-item edgtf-item-space clearfix\">\n\t<div class=\"edgtf-bli-inner\">\n\t\t\n\t<div class=\"edgtf-post-image\">\n\t\t\t\t\t<a itemprop=\"url\" href=\"https:\/\/revistaazulyverde.com\/ediciones\/43\/el-gas-natural-acelera-la-movilidad-sostenible\/\" title=\"El gas natural acelera la movilidad sostenible\">\n\t\t\t\t\t<img decoding=\"async\" width=\"892\" height=\"890\" data-src=\"https:\/\/revistaazulyverde.com\/ediciones\/43\/wp-content\/uploads\/sites\/5\/2020\/04\/shutterstock_1298297143-copia-1-e1613668745268.jpg\" class=\"attachment-full size-full wp-post-image lazyload\" alt=\"\" data-srcset=\"https:\/\/revistaazulyverde.com\/ediciones\/43\/wp-content\/uploads\/sites\/5\/2020\/04\/shutterstock_1298297143-copia-1-e1613668745268.jpg 892w, https:\/\/revistaazulyverde.com\/ediciones\/43\/wp-content\/uploads\/sites\/5\/2020\/04\/shutterstock_1298297143-copia-1-e1613668745268-300x300.jpg 300w, https:\/\/revistaazulyverde.com\/ediciones\/43\/wp-content\/uploads\/sites\/5\/2020\/04\/shutterstock_1298297143-copia-1-e1613668745268-150x150.jpg 150w, https:\/\/revistaazulyverde.com\/ediciones\/43\/wp-content\/uploads\/sites\/5\/2020\/04\/shutterstock_1298297143-copia-1-e1613668745268-768x766.jpg 768w, https:\/\/revistaazulyverde.com\/ediciones\/43\/wp-content\/uploads\/sites\/5\/2020\/04\/shutterstock_1298297143-copia-1-e1613668745268-550x550.jpg 550w\" data-sizes=\"(max-width: 892px) 100vw, 892px\" src=\"data:image\/gif;base64,R0lGODlhAQABAAAAACH5BAEKAAEALAAAAAABAAEAAAICTAEAOw==\" style=\"--smush-placeholder-width: 892px; --smush-placeholder-aspect-ratio: 892\/890;\" \/>\t\t\t\t\t<\/a>\n\t\t\t\t\t<\/div>\n        <div class=\"edgtf-bli-content\">\n                            <div class=\"edgtf-bli-info\">\n\t                <div class=\"edgtf-post-info-category\">\n    <a href=\"https:\/\/revistaazulyverde.com\/ediciones\/43\/category\/actualidad\/a-fondo\/\" rel=\"category tag\">A fondo<\/a><\/div>                <\/div>\n            \t\n\t        \n<h3 itemprop=\"name\" class=\"entry-title edgtf-post-title\" >\n            <a itemprop=\"url\" href=\"https:\/\/revistaazulyverde.com\/ediciones\/43\/el-gas-natural-acelera-la-movilidad-sostenible\/\" title=\"El gas natural acelera la movilidad sostenible\">\n            El gas natural acelera la movilidad sostenible            <\/a>\n    <\/h3>\t\n\t        <div class=\"edgtf-bli-excerpt\">\n\t\t        \t\t<div class=\"edgtf-post-excerpt-holder\">\n\t\t\t<p itemprop=\"description\" class=\"edgtf-post-excerpt\">\n\t\t\t\t[vc_row full_width=\"stretch_row_content\" el_class=\"visible\" el_id=\"header-post\"][vc_column][vc_column_text el_class=\"amarillo\"]\r\n[\/vc_column_text][vc_custom_heading text=\"El gas natural acelera\r\nla movilidad sostenible\" font_container=\"tag:h1|font_size:70px|text_align:center|color:%23ffffff\" google_fonts=\"font_family:PT%20Serif%3Aregular%2Citalic%2C700%2C700italic|font_style:700%20bold%20italic%3A700%3Aitalic\" el_class=\"lowercase\" css=\".vc_custom_1614780341116{margin-top: 0px !important;margin-bottom: 0px !important;}\"][\/vc_column][\/vc_row][vc_row el_class=\"mw965\" css=\".vc_custom_1594651331121{padding-top: 40px !important;}\"][vc_column][vc_column_text]La movilidad juega un papel estrat\u00e9gico en la lucha contra el cambio clim\u00e1tico. En la carrera por alcanzar\t\t\t<\/p>\n\t\t<\/div>\n\t\t\t        \t<div class=\"edgtf-post-read-more-button\">\n\t\t<a itemprop=\"url\" href=\"https:\/\/revistaazulyverde.com\/ediciones\/43\/el-gas-natural-acelera-la-movilidad-sostenible\/\" target=\"_self\"  class=\"edgtf-btn edgtf-btn-medium edgtf-btn-simple edgtf-blog-list-button edgtf-btn-expanding-underline\"  >    <span class=\"edgtf-btn-text\"  >Leer m\u00e1s<\/span>    <\/a>\t<\/div>\n\t        <\/div>\n        <\/div>\n\t<\/div>\n<\/li>\t\t<\/ul>\n\t<\/div>\n\t<\/div><div class=\"edgtf-blog-list-holder edgtf-bl-standard edgtf-bl-two-columns edgtf-normal-space edgtf-bl-pag-no-pagination\"  data-type=standard data-number-of-posts=2 data-number-of-columns=2 data-space-between-items=normal data-category=actualidad data-orderby=date data-order=ASC data-image-size=full data-title-tag=h3 data-excerpt-length=40 data-post-info-section=yes data-post-info-image=yes data-post-info-author=no data-post-info-date=no data-post-info-category=yes data-post-info-comments=no data-post-info-like=no data-post-info-share=no data-pagination-type=no-pagination data-carousel=no data-visible-items=4 data-max-num-pages=2 data-next-page=2>\n\t<div class=\"edgtf-bl-wrapper edgtf-outer-space\">\n\t\t<ul class=\"edgtf-blog-list \">\n\t\t\t<li class=\"edgtf-bl-item edgtf-item-space clearfix\">\n\t<div class=\"edgtf-bli-inner\">\n\t\t\n\t<div class=\"edgtf-post-image\">\n\t\t\t\t\t<a itemprop=\"url\" href=\"https:\/\/revistaazulyverde.com\/ediciones\/43\/gasoducto-tap-afianza-seguridad\/\" title=\"El gasoducto TAP, respaldado por Enag\u00e1s, afianza la seguridad energ\u00e9tica de Europa\">\n\t\t\t\t\t<img decoding=\"async\" width=\"890\" height=\"890\" data-src=\"https:\/\/revistaazulyverde.com\/ediciones\/43\/wp-content\/uploads\/sites\/5\/2020\/03\/Farmer-harvesting-corn-on-reinstated-land-Polena-Koraa-October-2020-1-e1613668910106.jpeg\" class=\"attachment-full size-full wp-post-image lazyload\" alt=\"\" data-srcset=\"https:\/\/revistaazulyverde.com\/ediciones\/43\/wp-content\/uploads\/sites\/5\/2020\/03\/Farmer-harvesting-corn-on-reinstated-land-Polena-Koraa-October-2020-1-e1613668910106.jpeg 890w, https:\/\/revistaazulyverde.com\/ediciones\/43\/wp-content\/uploads\/sites\/5\/2020\/03\/Farmer-harvesting-corn-on-reinstated-land-Polena-Koraa-October-2020-1-e1613668910106-300x300.jpeg 300w, https:\/\/revistaazulyverde.com\/ediciones\/43\/wp-content\/uploads\/sites\/5\/2020\/03\/Farmer-harvesting-corn-on-reinstated-land-Polena-Koraa-October-2020-1-e1613668910106-150x150.jpeg 150w, https:\/\/revistaazulyverde.com\/ediciones\/43\/wp-content\/uploads\/sites\/5\/2020\/03\/Farmer-harvesting-corn-on-reinstated-land-Polena-Koraa-October-2020-1-e1613668910106-768x768.jpeg 768w, https:\/\/revistaazulyverde.com\/ediciones\/43\/wp-content\/uploads\/sites\/5\/2020\/03\/Farmer-harvesting-corn-on-reinstated-land-Polena-Koraa-October-2020-1-e1613668910106-550x550.jpeg 550w\" data-sizes=\"(max-width: 890px) 100vw, 890px\" src=\"data:image\/gif;base64,R0lGODlhAQABAAAAACH5BAEKAAEALAAAAAABAAEAAAICTAEAOw==\" style=\"--smush-placeholder-width: 890px; --smush-placeholder-aspect-ratio: 890\/890;\" \/>\t\t\t\t\t<\/a>\n\t\t\t\t\t<\/div>\n        <div class=\"edgtf-bli-content\">\n                            <div class=\"edgtf-bli-info\">\n\t                <div class=\"edgtf-post-info-category\">\n    <a href=\"https:\/\/revistaazulyverde.com\/ediciones\/43\/category\/actualidad\/enagas-en-el-mundo\/\" rel=\"category tag\">Enag\u00e1s en el mundo<\/a><\/div>                <\/div>\n            \t\n\t        \n<h3 itemprop=\"name\" class=\"entry-title edgtf-post-title\" >\n            <a itemprop=\"url\" href=\"https:\/\/revistaazulyverde.com\/ediciones\/43\/gasoducto-tap-afianza-seguridad\/\" title=\"El gasoducto TAP, respaldado por Enag\u00e1s, afianza la seguridad energ\u00e9tica de Europa\">\n            El gasoducto TAP, respaldado por Enag\u00e1s, afianza la seguridad energ\u00e9tica de Europa            <\/a>\n    <\/h3>\t\n\t        <div class=\"edgtf-bli-excerpt\">\n\t\t        \t\t<div class=\"edgtf-post-excerpt-holder\">\n\t\t\t<p itemprop=\"description\" class=\"edgtf-post-excerpt\">\n\t\t\t\t[vc_row full_width=\"stretch_row_content\" el_class=\"visible\" el_id=\"header-post\"][vc_column][vc_column_text el_class=\"amarillo\"]\r\n[\/vc_column_text][vc_custom_heading source=\"post_title\" font_container=\"tag:h1|font_size:80px|text_align:center|color:%23ffffff\" google_fonts=\"font_family:PT%20Serif%3Aregular%2Citalic%2C700%2C700italic|font_style:700%20bold%20italic%3A700%3Aitalic\" el_class=\"lowercase\" css=\".vc_custom_1594653087960{margin-top: 0px !important;margin-bottom: 0px !important;}\"][\/vc_column][\/vc_row][vc_row el_class=\"mw965\" css=\".vc_custom_1594659205332{padding-top: 40px !important;}\"][vc_column][vc_column_text]Uno de los proyectos clave dentro de la pol\u00edtica energ\u00e9tica de la Uni\u00f3n Europea, el Trans Adriatic Pipeline (TAP), es ya una realidad\t\t\t<\/p>\n\t\t<\/div>\n\t\t\t        \t<div class=\"edgtf-post-read-more-button\">\n\t\t<a itemprop=\"url\" href=\"https:\/\/revistaazulyverde.com\/ediciones\/43\/gasoducto-tap-afianza-seguridad\/\" target=\"_self\"  class=\"edgtf-btn edgtf-btn-medium edgtf-btn-simple edgtf-blog-list-button edgtf-btn-expanding-underline\"  >    <span class=\"edgtf-btn-text\"  >Leer m\u00e1s<\/span>    <\/a>\t<\/div>\n\t        <\/div>\n        <\/div>\n\t<\/div>\n<\/li><li class=\"edgtf-bl-item edgtf-item-space clearfix\">\n\t<div class=\"edgtf-bli-inner\">\n\t\t\n\t<div class=\"edgtf-post-image\">\n\t\t\t\t\t<a itemprop=\"url\" href=\"https:\/\/revistaazulyverde.com\/ediciones\/43\/liderazgo-en-accion-climatica\/\" title=\"Liderazgo en acci\u00f3n clim\u00e1tica\">\n\t\t\t\t\t<img decoding=\"async\" width=\"888\" height=\"888\" data-src=\"https:\/\/revistaazulyverde.com\/ediciones\/43\/wp-content\/uploads\/sites\/5\/2020\/03\/Paisaje4-dark-1-e1614679209963.jpg\" class=\"attachment-full size-full wp-post-image lazyload\" alt=\"\" data-srcset=\"https:\/\/revistaazulyverde.com\/ediciones\/43\/wp-content\/uploads\/sites\/5\/2020\/03\/Paisaje4-dark-1-e1614679209963.jpg 888w, https:\/\/revistaazulyverde.com\/ediciones\/43\/wp-content\/uploads\/sites\/5\/2020\/03\/Paisaje4-dark-1-e1614679209963-300x300.jpg 300w, https:\/\/revistaazulyverde.com\/ediciones\/43\/wp-content\/uploads\/sites\/5\/2020\/03\/Paisaje4-dark-1-e1614679209963-150x150.jpg 150w, https:\/\/revistaazulyverde.com\/ediciones\/43\/wp-content\/uploads\/sites\/5\/2020\/03\/Paisaje4-dark-1-e1614679209963-768x768.jpg 768w, https:\/\/revistaazulyverde.com\/ediciones\/43\/wp-content\/uploads\/sites\/5\/2020\/03\/Paisaje4-dark-1-e1614679209963-550x550.jpg 550w\" data-sizes=\"(max-width: 888px) 100vw, 888px\" src=\"data:image\/gif;base64,R0lGODlhAQABAAAAACH5BAEKAAEALAAAAAABAAEAAAICTAEAOw==\" style=\"--smush-placeholder-width: 888px; --smush-placeholder-aspect-ratio: 888\/888;\" \/>\t\t\t\t\t<\/a>\n\t\t\t\t\t<\/div>\n        <div class=\"edgtf-bli-content\">\n                            <div class=\"edgtf-bli-info\">\n\t                <div class=\"edgtf-post-info-category\">\n    <a href=\"https:\/\/revistaazulyverde.com\/ediciones\/43\/category\/actualidad\/la-ola-sostenible\/\" rel=\"category tag\">La ola sostenible<\/a><\/div>                <\/div>\n            \t\n\t        \n<h3 itemprop=\"name\" class=\"entry-title edgtf-post-title\" >\n            <a itemprop=\"url\" href=\"https:\/\/revistaazulyverde.com\/ediciones\/43\/liderazgo-en-accion-climatica\/\" title=\"Liderazgo en acci\u00f3n clim\u00e1tica\">\n            Liderazgo en acci\u00f3n clim\u00e1tica            <\/a>\n    <\/h3>\t\n\t        <div class=\"edgtf-bli-excerpt\">\n\t\t        \t\t<div class=\"edgtf-post-excerpt-holder\">\n\t\t\t<p itemprop=\"description\" class=\"edgtf-post-excerpt\">\n\t\t\t\t[vc_row full_width=\"stretch_row_content\" el_class=\"visible\" el_id=\"header-post\"][vc_column][vc_column_text el_class=\"amarillo\"]\r\n[\/vc_column_text][vc_custom_heading source=\"post_title\" font_container=\"tag:h1|font_size:80px|text_align:center|color:%23ffffff\" google_fonts=\"font_family:PT%20Serif%3Aregular%2Citalic%2C700%2C700italic|font_style:700%20bold%20italic%3A700%3Aitalic\" el_class=\"lowercase\" css=\".vc_custom_1614004353033{margin-top: 0px !important;margin-bottom: 0px !important;}\"][\/vc_column][\/vc_row][vc_row el_class=\"mw965\" css=\".vc_custom_1594826693848{padding-top: 40px !important;}\"][vc_column][vc_column_text el_class=\"mw965\"]Enag\u00e1s se ha situado por segundo a\u00f1o consecutivo en la A List CDP Cambio Clim\u00e1tico, un \u00edndice que elabora anualmente la organizaci\u00f3n\t\t\t<\/p>\n\t\t<\/div>\n\t\t\t        \t<div class=\"edgtf-post-read-more-button\">\n\t\t<a itemprop=\"url\" href=\"https:\/\/revistaazulyverde.com\/ediciones\/43\/liderazgo-en-accion-climatica\/\" target=\"_self\"  class=\"edgtf-btn edgtf-btn-medium edgtf-btn-simple edgtf-blog-list-button edgtf-btn-expanding-underline\"  >    <span class=\"edgtf-btn-text\"  >Leer m\u00e1s<\/span>    <\/a>\t<\/div>\n\t        <\/div>\n        <\/div>\n\t<\/div>\n<\/li>\t\t<\/ul>\n\t<\/div>\n\t<\/div>[\/vc_column][\/vc_row][vc_row row_content_width=\u00bbgrid\u00bb][vc_column][vc_custom_heading text=\u00bbEquipo Enag\u00e1s\u00bb font_container=\u00bbtag:h1|font_size:40px|text_align:left|color:%23ffffff\u00bb google_fonts=\u00bbfont_family:PT%20Serif%3Aregular%2Citalic%2C700%2C700italic|font_style:700%20bold%20italic%3A700%3Aitalic\u00bb el_class=\u00bblowercase bg-yellow vertical alone\u00bb][\/vc_column][\/vc_row][vc_row css=\u00bb.vc_custom_1583852603668{padding-top: 60px !important;}\u00bb el_id=\u00bbequipo-enagas\u00bb][vc_column]<div class=\"edgtf-news-holder edgtf-post-carousel4 edgtf-no-space\"  data-post-status=publish data-category-name=equipo-enagas data-ignore-sticky-posts=1 data-orderby=title data-posts-per-page=3 data-order=DESC data-sort=title data-paged=1 data-max-num-pages=1 data-next-page=2 data-title-tag=h3 data-image-size=custom data-custom-image-width=550 data-custom-image-height=680 data-display-categories=yes data-display-date=no data-date-format=difference data-display-author=no data-display-like=no data-display-comments=no data-display-share=no data-display-hot-trending-icons=yes data-layout=edgtf_post_carousel4><div class=\"edgtf-news-list-inner edgtf-owl-slider\" data-number-of-items=\"3\"   data-slider-speed=\"20000\" data-slider-speed-animation=\"600\"   data-enable-auto-height=\"yes\"><div class=\"edgtf-news-item edgtf-layout2-item edgtf-item-space\">\n\t<div class=\"edgtf-ni-inner\">\n\t\t<div class=\"edgtf-ni-image-holder\">\n\t\t\t\t<div class=\"edgtf-post-image\">\n\t\t<a itemprop=\"url\" href=\"https:\/\/revistaazulyverde.com\/ediciones\/43\/la-segunda-vida-de-los-muebles-ines-melchor\/\" title=\"La segunda vida de los muebles restaurados por In\u00e9s Melchor\">\n\t\t\t<img decoding=\"async\" data-src=\"https:\/\/revistaazulyverde.com\/ediciones\/43\/wp-content\/uploads\/sites\/5\/2020\/03\/001_Sa?nchez20Melchor-Huete_Ine?s_G_20Desarrollo_2018_m-copia-2-550x680.jpg\" alt=\"\" width=\"550\" height=\"680\" src=\"data:image\/gif;base64,R0lGODlhAQABAAAAACH5BAEKAAEALAAAAAABAAEAAAICTAEAOw==\" class=\"lazyload\" style=\"--smush-placeholder-width: 550px; --smush-placeholder-aspect-ratio: 550\/680;\" \/>\t\t<\/a>\n\t<\/div>\n\t\t<\/div>\n\t\t<div class=\"edgtf-ni-content\">\n\t\t\t<div class=\"edgtf-ni-info edgtf-ni-info-top\">\n\t\t\t\t\t<div class=\"edgtf-post-info-category\">\n\t\t<a href=\"https:\/\/revistaazulyverde.com\/ediciones\/43\/category\/equipo-enagas\/mas-alla-de-enagas\/\" rel=\"category tag\">M\u00e1s all\u00e1 de Enag\u00e1s<\/a>\t<\/div>\n\t\t\t<\/div>\n\t\t\t\n<h3 itemprop=\"name\" class=\"entry-title edgtf-post-title \" >\n<a itemprop=\"url\" href=\"https:\/\/revistaazulyverde.com\/ediciones\/43\/la-segunda-vida-de-los-muebles-ines-melchor\/\" title=\"La segunda vida de los muebles restaurados por In\u00e9s Melchor\">\n    La segunda vida de los muebles restaurados por In\u00e9s Melchor<\/a>\n<\/h3>\t\t\t<div class=\"edgtf-ni-info edgtf-ni-info-bottom\">\n                                            <\/div>\n\t\t<\/div>\n\t<\/div>\n<\/div><div class=\"edgtf-news-item edgtf-layout2-item edgtf-item-space\">\n\t<div class=\"edgtf-ni-inner\">\n\t\t<div class=\"edgtf-ni-image-holder\">\n\t\t\t\t<div class=\"edgtf-post-image\">\n\t\t<a itemprop=\"url\" href=\"https:\/\/revistaazulyverde.com\/ediciones\/43\/gerencia-mercados-garantias-seguridad-mercado-transparente\/\" title=\"La Gerencia de Mercados y Garant\u00edas, anticipaci\u00f3n y seguridad para un mercado transparente\">\n\t\t\t<img decoding=\"async\" data-src=\"https:\/\/revistaazulyverde.com\/ediciones\/43\/wp-content\/uploads\/sites\/5\/2020\/03\/0313_Web_distpaching_2018_1920x890-copia-1-e1614853262155-550x680.jpg\" alt=\"\" width=\"550\" height=\"680\" src=\"data:image\/gif;base64,R0lGODlhAQABAAAAACH5BAEKAAEALAAAAAABAAEAAAICTAEAOw==\" class=\"lazyload\" style=\"--smush-placeholder-width: 550px; --smush-placeholder-aspect-ratio: 550\/680;\" \/>\t\t<\/a>\n\t<\/div>\n\t\t<\/div>\n\t\t<div class=\"edgtf-ni-content\">\n\t\t\t<div class=\"edgtf-ni-info edgtf-ni-info-top\">\n\t\t\t\t\t<div class=\"edgtf-post-info-category\">\n\t\t<a href=\"https:\/\/revistaazulyverde.com\/ediciones\/43\/category\/equipo-enagas\/que-hacemos-en\/\" rel=\"category tag\">\u00bfQu\u00e9 hacemos en...?<\/a>\t<\/div>\n\t\t\t<\/div>\n\t\t\t\n<h3 itemprop=\"name\" class=\"entry-title edgtf-post-title \" >\n<a itemprop=\"url\" href=\"https:\/\/revistaazulyverde.com\/ediciones\/43\/gerencia-mercados-garantias-seguridad-mercado-transparente\/\" title=\"La Gerencia de Mercados y Garant\u00edas, anticipaci\u00f3n y seguridad para un mercado transparente\">\n    La Gerencia de Mercados y Garant\u00edas, anticipaci\u00f3n y seguridad para un mercado transparente<\/a>\n<\/h3>\t\t\t<div class=\"edgtf-ni-info edgtf-ni-info-bottom\">\n                                            <\/div>\n\t\t<\/div>\n\t<\/div>\n<\/div><div class=\"edgtf-news-item edgtf-layout2-item edgtf-item-space\">\n\t<div class=\"edgtf-ni-inner\">\n\t\t<div class=\"edgtf-ni-image-holder\">\n\t\t\t\t<div class=\"edgtf-post-image\">\n\t\t<a itemprop=\"url\" href=\"https:\/\/revistaazulyverde.com\/ediciones\/43\/enagas-escucha-profesionales\/\" title=\"Enag\u00e1s, abanderada de la desconexi\u00f3n digital\">\n\t\t\t<img decoding=\"async\" data-src=\"https:\/\/revistaazulyverde.com\/ediciones\/43\/wp-content\/uploads\/sites\/5\/2020\/03\/DePersonaPersona1920-1-e1613670242715-550x680.jpg\" alt=\"\" width=\"550\" height=\"680\" src=\"data:image\/gif;base64,R0lGODlhAQABAAAAACH5BAEKAAEALAAAAAABAAEAAAICTAEAOw==\" class=\"lazyload\" style=\"--smush-placeholder-width: 550px; --smush-placeholder-aspect-ratio: 550\/680;\" \/>\t\t<\/a>\n\t<\/div>\n\t\t<\/div>\n\t\t<div class=\"edgtf-ni-content\">\n\t\t\t<div class=\"edgtf-ni-info edgtf-ni-info-top\">\n\t\t\t\t\t<div class=\"edgtf-post-info-category\">\n\t\t<a href=\"https:\/\/revistaazulyverde.com\/ediciones\/43\/category\/equipo-enagas\/de-persona-a-persona\/\" rel=\"category tag\">De persona a persona<\/a>\t<\/div>\n\t\t\t<\/div>\n\t\t\t\n<h3 itemprop=\"name\" class=\"entry-title edgtf-post-title \" >\n<a itemprop=\"url\" href=\"https:\/\/revistaazulyverde.com\/ediciones\/43\/enagas-escucha-profesionales\/\" title=\"Enag\u00e1s, abanderada de la desconexi\u00f3n digital\">\n    Enag\u00e1s, abanderada de la desconexi\u00f3n digital<\/a>\n<\/h3>\t\t\t<div class=\"edgtf-ni-info edgtf-ni-info-bottom\">\n                                            <\/div>\n\t\t<\/div>\n\t<\/div>\n<\/div><\/div><\/div>[\/vc_column][\/vc_row][vc_row row_content_width=\u00bbgrid\u00bb el_id=\u00bbnuestra-actividad\u00bb css=\u00bb.vc_custom_1594720118274{margin-bottom: 60px !important;padding-top: 90px !important;}\u00bb el_class=\u00bbazul grid-border\u00bb][vc_column][vc_custom_heading text=\u00bbNuestra actividad\u00bb font_container=\u00bbtag:h1|font_size:40px|text_align:left|color:%23ffffff\u00bb google_fonts=\u00bbfont_family:PT%20Serif%3Aregular%2Citalic%2C700%2C700italic|font_style:700%20bold%20italic%3A700%3Aitalic\u00bb el_class=\u00bblowercase bg-blue vertical\u00bb]<div class=\"edgtf-blog-list-holder edgtf-bl-standard edgtf-bl-two-columns edgtf-normal-space edgtf-bl-pag-no-pagination\"  data-type=standard data-number-of-posts=2 data-number-of-columns=2 data-space-between-items=normal data-category=nuestra-actividad data-orderby=date data-order=ASC data-image-size=full data-title-tag=h3 data-excerpt-length=40 data-post-info-section=yes data-post-info-image=yes data-post-info-author=no data-post-info-date=no data-post-info-category=yes data-post-info-comments=no data-post-info-like=no data-post-info-share=no data-pagination-type=no-pagination data-carousel=no data-visible-items=4 data-max-num-pages=1 data-next-page=2>\n\t<div class=\"edgtf-bl-wrapper edgtf-outer-space\">\n\t\t<ul class=\"edgtf-blog-list \">\n\t\t\t<li class=\"edgtf-bl-item edgtf-item-space clearfix\">\n\t<div class=\"edgtf-bli-inner\">\n\t\t\n\t<div class=\"edgtf-post-image\">\n\t\t\t\t\t<a itemprop=\"url\" href=\"https:\/\/revistaazulyverde.com\/ediciones\/43\/espana-clave-mercado-gnl\/\" title=\"Espa\u00f1a, clave en el mercado de GNL, seg\u00fan RWE Supply &amp; Trading\">\n\t\t\t\t\t<img decoding=\"async\" width=\"888\" height=\"888\" data-src=\"https:\/\/revistaazulyverde.com\/ediciones\/43\/wp-content\/uploads\/sites\/5\/2020\/03\/025_Sede_planta-Barcelona_2019-e1614787612840.jpg\" class=\"attachment-full size-full wp-post-image lazyload\" alt=\"\" data-srcset=\"https:\/\/revistaazulyverde.com\/ediciones\/43\/wp-content\/uploads\/sites\/5\/2020\/03\/025_Sede_planta-Barcelona_2019-e1614787612840.jpg 888w, https:\/\/revistaazulyverde.com\/ediciones\/43\/wp-content\/uploads\/sites\/5\/2020\/03\/025_Sede_planta-Barcelona_2019-e1614787612840-300x300.jpg 300w, https:\/\/revistaazulyverde.com\/ediciones\/43\/wp-content\/uploads\/sites\/5\/2020\/03\/025_Sede_planta-Barcelona_2019-e1614787612840-150x150.jpg 150w, https:\/\/revistaazulyverde.com\/ediciones\/43\/wp-content\/uploads\/sites\/5\/2020\/03\/025_Sede_planta-Barcelona_2019-e1614787612840-768x768.jpg 768w, https:\/\/revistaazulyverde.com\/ediciones\/43\/wp-content\/uploads\/sites\/5\/2020\/03\/025_Sede_planta-Barcelona_2019-e1614787612840-550x550.jpg 550w\" data-sizes=\"(max-width: 888px) 100vw, 888px\" src=\"data:image\/gif;base64,R0lGODlhAQABAAAAACH5BAEKAAEALAAAAAABAAEAAAICTAEAOw==\" style=\"--smush-placeholder-width: 888px; --smush-placeholder-aspect-ratio: 888\/888;\" \/>\t\t\t\t\t<\/a>\n\t\t\t\t\t<\/div>\n        <div class=\"edgtf-bli-content\">\n                            <div class=\"edgtf-bli-info\">\n\t                <div class=\"edgtf-post-info-category\">\n    <a href=\"https:\/\/revistaazulyverde.com\/ediciones\/43\/category\/nuestra-actividad\/clientes-con-alma\/\" rel=\"category tag\">Clientes con alma<\/a><\/div>                <\/div>\n            \t\n\t        \n<h3 itemprop=\"name\" class=\"entry-title edgtf-post-title\" >\n            <a itemprop=\"url\" href=\"https:\/\/revistaazulyverde.com\/ediciones\/43\/espana-clave-mercado-gnl\/\" title=\"Espa\u00f1a, clave en el mercado de GNL, seg\u00fan RWE Supply &amp; Trading\">\n            Espa\u00f1a, clave en el mercado de GNL, seg\u00fan RWE Supply &amp; Trading            <\/a>\n    <\/h3>\t\n\t        <div class=\"edgtf-bli-excerpt\">\n\t\t        \t\t<div class=\"edgtf-post-excerpt-holder\">\n\t\t\t<p itemprop=\"description\" class=\"edgtf-post-excerpt\">\n\t\t\t\t[vc_row full_width=\"stretch_row_content\" el_class=\"visible\" el_id=\"header-post\"][vc_column][vc_column_text el_class=\"amarillo\"]\r\n[\/vc_column_text][vc_custom_heading source=\"post_title\" font_container=\"tag:h1|font_size:80px|text_align:center|color:%23ffffff\" google_fonts=\"font_family:PT%20Serif%3Aregular%2Citalic%2C700%2C700italic|font_style:700%20bold%20italic%3A700%3Aitalic\" el_class=\"lowercase\" css=\".vc_custom_1584089087679{margin-top: 0px !important;margin-bottom: 0px !important;}\"][\/vc_column][\/vc_row][vc_row el_class=\"mw965\"][vc_column][vc_empty_space][vc_column_text]Espa\u00f1a se sit\u00faa como un mercado destacado en el mercado de gas natural licuado (GNL). Gracias a su posici\u00f3n geogr\u00e1fica \u00fanica y a su relevancia como\t\t\t<\/p>\n\t\t<\/div>\n\t\t\t        \t<div class=\"edgtf-post-read-more-button\">\n\t\t<a itemprop=\"url\" href=\"https:\/\/revistaazulyverde.com\/ediciones\/43\/espana-clave-mercado-gnl\/\" target=\"_self\"  class=\"edgtf-btn edgtf-btn-medium edgtf-btn-simple edgtf-blog-list-button edgtf-btn-expanding-underline\"  >    <span class=\"edgtf-btn-text\"  >Leer m\u00e1s<\/span>    <\/a>\t<\/div>\n\t        <\/div>\n        <\/div>\n\t<\/div>\n<\/li><li class=\"edgtf-bl-item edgtf-item-space clearfix\">\n\t<div class=\"edgtf-bli-inner\">\n\t\t\n\t<div class=\"edgtf-post-image\">\n\t\t\t\t\t<a itemprop=\"url\" href=\"https:\/\/revistaazulyverde.com\/ediciones\/43\/ingenia-energy-challenge-premia-soluciones-modelo-descarbonizado\/\" title=\"Soluciones para impulsar un nuevo modelo energ\u00e9tico descarbonizado\">\n\t\t\t\t\t<img decoding=\"async\" width=\"981\" height=\"980\" data-src=\"https:\/\/revistaazulyverde.com\/ediciones\/43\/wp-content\/uploads\/sites\/5\/2020\/03\/ingenia-square.png\" class=\"attachment-full size-full wp-post-image lazyload\" alt=\"\" data-srcset=\"https:\/\/revistaazulyverde.com\/ediciones\/43\/wp-content\/uploads\/sites\/5\/2020\/03\/ingenia-square.png 981w, https:\/\/revistaazulyverde.com\/ediciones\/43\/wp-content\/uploads\/sites\/5\/2020\/03\/ingenia-square-300x300.png 300w, https:\/\/revistaazulyverde.com\/ediciones\/43\/wp-content\/uploads\/sites\/5\/2020\/03\/ingenia-square-150x150.png 150w, https:\/\/revistaazulyverde.com\/ediciones\/43\/wp-content\/uploads\/sites\/5\/2020\/03\/ingenia-square-768x767.png 768w, https:\/\/revistaazulyverde.com\/ediciones\/43\/wp-content\/uploads\/sites\/5\/2020\/03\/ingenia-square-550x550.png 550w\" data-sizes=\"(max-width: 981px) 100vw, 981px\" src=\"data:image\/gif;base64,R0lGODlhAQABAAAAACH5BAEKAAEALAAAAAABAAEAAAICTAEAOw==\" style=\"--smush-placeholder-width: 981px; --smush-placeholder-aspect-ratio: 981\/980;\" \/>\t\t\t\t\t<\/a>\n\t\t\t\t\t<\/div>\n        <div class=\"edgtf-bli-content\">\n                            <div class=\"edgtf-bli-info\">\n\t                <div class=\"edgtf-post-info-category\">\n    <a href=\"https:\/\/revistaazulyverde.com\/ediciones\/43\/category\/nuestra-actividad\/adn-enagas-startups\/\" rel=\"category tag\">ADN startup<\/a><\/div>                <\/div>\n            \t\n\t        \n<h3 itemprop=\"name\" class=\"entry-title edgtf-post-title\" >\n            <a itemprop=\"url\" href=\"https:\/\/revistaazulyverde.com\/ediciones\/43\/ingenia-energy-challenge-premia-soluciones-modelo-descarbonizado\/\" title=\"Soluciones para impulsar un nuevo modelo energ\u00e9tico descarbonizado\">\n            Soluciones para impulsar un nuevo modelo energ\u00e9tico descarbonizado            <\/a>\n    <\/h3>\t\n\t        <div class=\"edgtf-bli-excerpt\">\n\t\t        \t\t<div class=\"edgtf-post-excerpt-holder\">\n\t\t\t<p itemprop=\"description\" class=\"edgtf-post-excerpt\">\n\t\t\t\t[vc_row full_width=\"stretch_row_content\" el_class=\"visible\" el_id=\"header-post\"][vc_column][vc_column_text el_class=\"amarillo\"]\r\n[\/vc_column_text][vc_custom_heading source=\"post_title\" font_container=\"tag:h1|font_size:60px|text_align:center|color:%23ffffff\" google_fonts=\"font_family:PT%20Serif%3Aregular%2Citalic%2C700%2C700italic|font_style:700%20bold%20italic%3A700%3Aitalic\" el_class=\"lowercase title-responsive-bot\" css=\".vc_custom_1614856063979{padding-top: 470px !important;padding-right: 200px !important;padding-bottom: 0px !important;padding-left: 200px !important;}\"][\/vc_column][\/vc_row][vc_row el_class=\"mw965\"][vc_column][vc_empty_space][vc_column_text]Ingenia Energy Challenge ha vuelto a demostrar, una edici\u00f3n m\u00e1s, su relevancia como iniciativa comprometida con el fomento de la innovaci\u00f3n\t\t\t<\/p>\n\t\t<\/div>\n\t\t\t        \t<div class=\"edgtf-post-read-more-button\">\n\t\t<a itemprop=\"url\" href=\"https:\/\/revistaazulyverde.com\/ediciones\/43\/ingenia-energy-challenge-premia-soluciones-modelo-descarbonizado\/\" target=\"_self\"  class=\"edgtf-btn edgtf-btn-medium edgtf-btn-simple edgtf-blog-list-button edgtf-btn-expanding-underline\"  >    <span class=\"edgtf-btn-text\"  >Leer m\u00e1s<\/span>    <\/a>\t<\/div>\n\t        <\/div>\n        <\/div>\n\t<\/div>\n<\/li>\t\t<\/ul>\n\t<\/div>\n\t<\/div>[\/vc_column][\/vc_row][vc_row gap=\u00bb20&#8243; equal_height=\u00bbyes\u00bb row_content_width=\u00bbgrid\u00bb css=\u00bb.vc_custom_1594720106212{padding-top: 20px !important;}\u00bb][vc_column width=\u00bb4\/6&#8243; css=\u00bb.vc_custom_1588680013762{padding-bottom: 50px !important;padding-left: 40px !important;background-image: url(https:\/\/revistaazulyverde.com\/ediciones\/43\/wp-content\/uploads\/sites\/5\/2020\/05\/bg-comparte-2.jpg?id=5812) !important;background-position: center !important;background-repeat: no-repeat !important;background-size: cover !important;}\u00bb el_id=\u00bbcomparte\u00bb][vc_single_image image=\u00bb4811&#8243; img_size=\u00bbfull\u00bb][vc_custom_heading text=\u00bbComparte\u00bb font_container=\u00bbtag:h3|font_size:20px|text_align:left|color:%23ffffff\u00bb el_class=\u00bbverdana bold\u00bb css=\u00bb.vc_custom_1584027840795{margin-top: 20px !important;margin-bottom: 0px !important;}\u00bb][vc_custom_heading text=\u00bb\u00bfTienes alguna afici\u00f3n que<br \/>\nquieras dar a conocer?\u00bb font_container=\u00bbtag:h3|font_size:30px|text_align:left|color:%23ffffff|line_height:34px\u00bb google_fonts=\u00bbfont_family:PT%20Serif%3Aregular%2Citalic%2C700%2C700italic|font_style:700%20bold%20italic%3A700%3Aitalic\u00bb css=\u00bb.vc_custom_1588577847036{margin-top: 5px !important;margin-bottom: 10px !important;}\u00bb el_class=\u00bblowercase\u00bb link=\u00bburl:mailto%3Acomunicacion.interna%40enagas.es||target:%20_blank|\u00bb][vc_column_text css=\u00bb.vc_custom_1595262862561{margin-top: 0px !important;}\u00bb el_class=\u00bbverdana\u00bb]Cu\u00e9ntanosla en Azul y Verde[\/vc_column_text][\/vc_column][vc_column width=\u00bb2\/6&#8243; css=\u00bb.vc_custom_1588059835231{padding-right: 30px !important;padding-left: 30px !important;background-color: #ffb81c !important;}\u00bb el_id=\u00bbencuesta\u00bb][vc_custom_heading text=\u00bbEncuesta\u00bb font_container=\u00bbtag:h3|font_size:40px|text_align:center|color:%23ffffff\u00bb google_fonts=\u00bbfont_family:PT%20Serif%3Aregular%2Citalic%2C700%2C700italic|font_style:700%20bold%20regular%3A700%3Anormal\u00bb css=\u00bb.vc_custom_1584028317084{margin-top: 5px !important;margin-bottom: 10px !important;}\u00bb el_class=\u00bblowercase\u00bb][vc_row_inner][vc_column_inner el_class=\u00bbwhite\u00bb width=\u00bb1\/2&#8243;][vc_column_text el_class=\u00bbverdana\u00bb]<\/p>\n<p style=\"margin: 0\">Si tienes ideas de mejora y quieres compartirlas con nosotros, an\u00edmate y rellena nuestra encuesta. \u00a1Estaremos encantados de escucharte!<\/p>\n<p>[\/vc_column_text][\/vc_column_inner][vc_column_inner width=\u00bb1\/2&#8243;][vc_single_image image=\u00bb4828&#8243; img_size=\u00bbfull\u00bb][\/vc_column_inner][\/vc_row_inner][vc_column_text el_class=\u00bbwhite verdana bold\u00bb css=\u00bb.vc_custom_1606387276811{margin-top: 40px !important;margin-bottom: 40px !important;}\u00bb]<\/p>\n<p style=\"text-align: center\"><a class=\"more-button\" href=\"https:\/\/forms.office.com\/Pages\/ResponsePage.aspx?id=iGQi6Ul3gkenTLjMU0mXssJVWW83SwdIjGdJkzTqfltUM1NLQ0ozTE5DMzZTSVM0MUVDNTFUOUQ5VS4u\" target=\"_blank\" rel=\"noopener noreferrer\">REALIZAR ENCUESTA<\/a><\/p>\n<p>[\/vc_column_text][\/vc_column][\/vc_row][vc_row gap=\u00bb20&#8243; equal_height=\u00bbyes\u00bb content_placement=\u00bbmiddle\u00bb row_content_width=\u00bbgrid\u00bb css=\u00bb.vc_custom_1584536001517{margin-bottom: 70px !important;}\u00bb][vc_column width=\u00bb1\/2&#8243; css=\u00bb.vc_custom_1583857395062{border-top-width: 1px !important;border-right-width: 1px !important;border-bottom-width: 1px !important;border-left-width: 1px !important;padding-top: 30px !important;padding-right: 30px !important;padding-bottom: 30px !important;padding-left: 30px !important;border-left-color: #0069a0 !important;border-left-style: solid !important;border-right-color: #0069a0 !important;border-right-style: solid !important;border-top-color: #0069a0 !important;border-top-style: solid !important;border-bottom-color: #0069a0 !important;border-bottom-style: solid !important;}\u00bb el_id=\u00bbparticipa\u00bb][vc_row_inner][vc_column_inner width=\u00bb1\/4&#8243;][vc_single_image image=\u00bb4786&#8243; img_size=\u00bbfull\u00bb][\/vc_column_inner][vc_column_inner width=\u00bb3\/4&#8243;][vc_custom_heading text=\u00bbParticipa\u00bb font_container=\u00bbtag:h2|font_size:40px|text_align:left|color:%23007aae\u00bb google_fonts=\u00bbfont_family:PT%20Serif%3Aregular%2Citalic%2C700%2C700italic|font_style:700%20bold%20regular%3A700%3Anormal\u00bb el_class=\u00bblowercase\u00bb css=\u00bb.vc_custom_1588059765202{margin-bottom: 0px !important;}\u00bb][vc_column_text el_class=\u00bbverdana\u00bb]Env\u00edanos tus opiniones, comentarios y sugerencias a la direcci\u00f3n: <a href=\"mailto:comunicacion.interna@enagas.es\">comunicacion.interna@enagas.es<\/a>[\/vc_column_text][\/vc_column_inner][\/vc_row_inner][\/vc_column][vc_column width=\u00bb1\/2&#8243; css=\u00bb.vc_custom_1588059751763{padding-top: 30px !important;padding-right: 30px !important;padding-bottom: 30px !important;padding-left: 30px !important;background-color: #007aae !important;}\u00bb el_id=\u00bbsiguenos\u00bb][vc_row_inner][vc_column_inner width=\u00bb1\/2&#8243;][vc_custom_heading text=\u00bb\u00a1S\u00edguenos!\u00bb font_container=\u00bbtag:h2|font_size:40px|text_align:center|color:%23ffffff\u00bb google_fonts=\u00bbfont_family:PT%20Serif%3Aregular%2Citalic%2C700%2C700italic|font_style:700%20bold%20regular%3A700%3Anormal\u00bb el_class=\u00bblowercase\u00bb css=\u00bb.vc_custom_1583858806402{margin-top: 0px !important;margin-bottom: 0px !important;}\u00bb][\/vc_column_inner][vc_column_inner width=\u00bb1\/2&#8243;][vc_column_text el_class=\u00bbsocial\u00bb]<a href=\"https:\/\/www.linkedin.com\/company\/enagas\/\" target=\"_blank\" rel=\"noopener noreferrer\"><img decoding=\"async\" class=\"size-medium wp-image-4806 lazyload\" data-src=\"https:\/\/revistaazulyverde.com\/ediciones\/43\/wp-content\/uploads\/sites\/5\/2020\/03\/linkedin-logo2.png\" alt=\"\" width=\"38\" src=\"data:image\/gif;base64,R0lGODlhAQABAAAAACH5BAEKAAEALAAAAAABAAEAAAICTAEAOw==\" style=\"--smush-placeholder-width: 128px; --smush-placeholder-aspect-ratio: 128\/128;\" \/><\/a><a href=\"https:\/\/twitter.com\/enagas\" target=\"_blank\" rel=\"noopener noreferrer\"><img decoding=\"async\" class=\"size-full wp-image-4803 lazyload\" data-src=\"https:\/\/revistaazulyverde.com\/ediciones\/43\/wp-content\/uploads\/sites\/5\/2020\/03\/twitter-logo-silhouette2.png\" alt=\"\" width=\"38\" src=\"data:image\/gif;base64,R0lGODlhAQABAAAAACH5BAEKAAEALAAAAAABAAEAAAICTAEAOw==\" style=\"--smush-placeholder-width: 128px; --smush-placeholder-aspect-ratio: 128\/128;\" \/><\/a><a href=\"https:\/\/www.facebook.com\/EnagasOficial\/\" target=\"_blank\" rel=\"noopener noreferrer\"><img decoding=\"async\" class=\"size-medium wp-image-4805 lazyload\" data-src=\"https:\/\/revistaazulyverde.com\/ediciones\/43\/wp-content\/uploads\/sites\/5\/2020\/03\/facebook-logo.png\" alt=\"\" width=\"38\" src=\"data:image\/gif;base64,R0lGODlhAQABAAAAACH5BAEKAAEALAAAAAABAAEAAAICTAEAOw==\" style=\"--smush-placeholder-width: 128px; --smush-placeholder-aspect-ratio: 128\/128;\" \/><\/a><a href=\"https:\/\/www.youtube.com\/channel\/UC1gEGcl-G7p8INsNKe9YZyg\" target=\"_blank\" rel=\"noopener noreferrer\"><img decoding=\"async\" class=\"size-medium wp-image-4804 lazyload\" data-src=\"https:\/\/revistaazulyverde.com\/ediciones\/43\/wp-content\/uploads\/sites\/5\/2020\/03\/youtube-plain2.png\" alt=\"\" width=\"38\" src=\"data:image\/gif;base64,R0lGODlhAQABAAAAACH5BAEKAAEALAAAAAABAAEAAAICTAEAOw==\" style=\"--smush-placeholder-width: 64px; --smush-placeholder-aspect-ratio: 64\/64;\" \/><\/a>[\/vc_column_text][\/vc_column_inner][\/vc_row_inner][\/vc_column][\/vc_row]<\/p>\n<\/div>","protected":false},"excerpt":{"rendered":"<p>[vc_row row_content_width=\u00bbgrid\u00bb disable_background_image=\u00bb\u00bb css=\u00bb.vc_custom_1614678989147{padding-top: 140px !important;padding-bottom: 180px !important;background-position: center !important;background-repeat: no-repeat !important;background-size: cover !important;}\u00bb el_id=\u00bbfirst\u00bb simple_background_image=\u00bb6595&#8243;][vc_column][vc_custom_heading text=\u00bbEnag\u00e1s, neutra en carbono en 2040&#8243; font_container=\u00bbtag:h1|font_size:80|text_align:left|color:%23ffffff|line_height:110px\u00bb google_fonts=\u00bbfont_family:PT%20Serif%3Aregular%2Citalic%2C700%2C700italic|font_style:700%20bold%20italic%3A700%3Aitalic\u00bb el_class=\u00bblowercase\u00bb][\/vc_column][\/vc_row][vc_row row_content_width=\u00bbgrid\u00bb el_id=\u00bbeditorial\u00bb css=\u00bb.vc_custom_1583844122440{margin-top: -160px !important;}\u00bb][vc_column][\/vc_column][\/vc_row][vc_row row_content_width=\u00bbgrid\u00bb el_id=\u00bbactualidad\u00bb css=\u00bb.vc_custom_1583853344403{padding-top: 90px !important;}\u00bb el_class=\u00bbverde grid-border\u00bb][vc_column][vc_custom_heading text=\u00bbActualidad\u00bb font_container=\u00bbtag:h1|font_size:40px|text_align:left|color:%23ffffff\u00bb google_fonts=\u00bbfont_family:PT%20Serif%3Aregular%2Citalic%2C700%2C700italic|font_style:700%20bold%20italic%3A700%3Aitalic\u00bb [&hellip;]<\/p>\n","protected":false},"author":1,"featured_media":6176,"parent":0,"menu_order":0,"comment_status":"closed","ping_status":"closed","template":"full-width.php","meta":{"_acf_changed":false,"footnotes":""},"class_list":["post-583","page","type-page","status-publish","has-post-thumbnail","hentry"],"acf":[],"yoast_head":"<!-- This site is optimized with the Yoast SEO plugin v24.9 - https:\/\/yoast.com\/wordpress\/plugins\/seo\/ -->\n<title>Inicio - Revista Azul y Verde n\u00ba 43<\/title>\n<meta name=\"robots\" content=\"noindex, follow, max-snippet:-1, max-image-preview:large, max-video-preview:-1\" \/>\n<meta property=\"og:locale\" content=\"es_ES\" \/>\n<meta property=\"og:type\" content=\"article\" \/>\n<meta property=\"og:title\" content=\"Inicio - Revista Azul y Verde n\u00ba 43\" \/>\n<meta property=\"og:description\" content=\"[vc_row row_content_width=\u00bbgrid\u00bb disable_background_image=\u00bb\u00bb css=\u00bb.vc_custom_1614678989147{padding-top: 140px !important;padding-bottom: 180px !important;background-position: center !important;background-repeat: no-repeat !important;background-size: cover !important;}\u00bb el_id=\u00bbfirst\u00bb simple_background_image=\u00bb6595&#8243;][vc_column][vc_custom_heading text=\u00bbEnag\u00e1s, neutra en carbono en 2040&#8243; font_container=\u00bbtag:h1|font_size:80|text_align:left|color:%23ffffff|line_height:110px\u00bb google_fonts=\u00bbfont_family:PT%20Serif%3Aregular%2Citalic%2C700%2C700italic|font_style:700%20bold%20italic%3A700%3Aitalic\u00bb el_class=\u00bblowercase\u00bb][\/vc_column][\/vc_row][vc_row row_content_width=\u00bbgrid\u00bb el_id=\u00bbeditorial\u00bb css=\u00bb.vc_custom_1583844122440{margin-top: -160px !important;}\u00bb][vc_column][\/vc_column][\/vc_row][vc_row row_content_width=\u00bbgrid\u00bb el_id=\u00bbactualidad\u00bb css=\u00bb.vc_custom_1583853344403{padding-top: 90px !important;}\u00bb el_class=\u00bbverde grid-border\u00bb][vc_column][vc_custom_heading text=\u00bbActualidad\u00bb font_container=\u00bbtag:h1|font_size:40px|text_align:left|color:%23ffffff\u00bb google_fonts=\u00bbfont_family:PT%20Serif%3Aregular%2Citalic%2C700%2C700italic|font_style:700%20bold%20italic%3A700%3Aitalic\u00bb [&hellip;]\" \/>\n<meta property=\"og:url\" content=\"https:\/\/revistaazulyverde.com\/ediciones\/43\/\" \/>\n<meta property=\"og:site_name\" content=\"Revista Azul y Verde n\u00ba 43\" \/>\n<meta property=\"article:modified_time\" content=\"2021-03-09T10:42:34+00:00\" \/>\n<meta property=\"og:image\" content=\"https:\/\/revistaazulyverde.com\/ediciones\/43\/wp-content\/uploads\/sites\/5\/2020\/11\/p_GNL_Quintero_2012-2-3.jpg\" \/>\n\t<meta property=\"og:image:width\" content=\"950\" \/>\n\t<meta property=\"og:image:height\" content=\"936\" \/>\n\t<meta property=\"og:image:type\" content=\"image\/jpeg\" \/>\n<meta name=\"twitter:card\" content=\"summary_large_image\" \/>\n<meta name=\"twitter:label1\" content=\"Tiempo de lectura\" \/>\n\t<meta name=\"twitter:data1\" content=\"3 minutos\" \/>\n<script type=\"application\/ld+json\" class=\"yoast-schema-graph\">{\"@context\":\"https:\/\/schema.org\",\"@graph\":[{\"@type\":\"WebPage\",\"@id\":\"https:\/\/revistaazulyverde.com\/ediciones\/43\/\",\"url\":\"https:\/\/revistaazulyverde.com\/ediciones\/43\/\",\"name\":\"Inicio - Revista Azul y Verde n\u00ba 43\",\"isPartOf\":{\"@id\":\"https:\/\/revistaazulyverde.com\/ediciones\/43\/#website\"},\"primaryImageOfPage\":{\"@id\":\"https:\/\/revistaazulyverde.com\/ediciones\/43\/#primaryimage\"},\"image\":{\"@id\":\"https:\/\/revistaazulyverde.com\/ediciones\/43\/#primaryimage\"},\"thumbnailUrl\":\"https:\/\/revistaazulyverde.com\/ediciones\/43\/wp-content\/uploads\/sites\/5\/2020\/11\/p_GNL_Quintero_2012-2-3.jpg\",\"datePublished\":\"2018-03-02T12:42:16+00:00\",\"dateModified\":\"2021-03-09T10:42:34+00:00\",\"breadcrumb\":{\"@id\":\"https:\/\/revistaazulyverde.com\/ediciones\/43\/#breadcrumb\"},\"inLanguage\":\"es\",\"potentialAction\":[{\"@type\":\"ReadAction\",\"target\":[\"https:\/\/revistaazulyverde.com\/ediciones\/43\/\"]}]},{\"@type\":\"ImageObject\",\"inLanguage\":\"es\",\"@id\":\"https:\/\/revistaazulyverde.com\/ediciones\/43\/#primaryimage\",\"url\":\"https:\/\/revistaazulyverde.com\/ediciones\/43\/wp-content\/uploads\/sites\/5\/2020\/11\/p_GNL_Quintero_2012-2-3.jpg\",\"contentUrl\":\"https:\/\/revistaazulyverde.com\/ediciones\/43\/wp-content\/uploads\/sites\/5\/2020\/11\/p_GNL_Quintero_2012-2-3.jpg\",\"width\":950,\"height\":936,\"caption\":\"Un operario en las instalaciones de la planta de regasificaci\u00f3n GNL Quintero\"},{\"@type\":\"BreadcrumbList\",\"@id\":\"https:\/\/revistaazulyverde.com\/ediciones\/43\/#breadcrumb\",\"itemListElement\":[{\"@type\":\"ListItem\",\"position\":1,\"name\":\"Portada\",\"item\":\"https:\/\/revistaazulyverde.com\/ediciones\/43\/\"},{\"@type\":\"ListItem\",\"position\":2,\"name\":\"Inicio\"}]},{\"@type\":\"WebSite\",\"@id\":\"https:\/\/revistaazulyverde.com\/ediciones\/43\/#website\",\"url\":\"https:\/\/revistaazulyverde.com\/ediciones\/43\/\",\"name\":\"Revista Azul y Verde n\u00ba 43\",\"description\":\"\",\"potentialAction\":[{\"@type\":\"SearchAction\",\"target\":{\"@type\":\"EntryPoint\",\"urlTemplate\":\"https:\/\/revistaazulyverde.com\/ediciones\/43\/?s={search_term_string}\"},\"query-input\":{\"@type\":\"PropertyValueSpecification\",\"valueRequired\":true,\"valueName\":\"search_term_string\"}}],\"inLanguage\":\"es\"}]}<\/script>\n<!-- \/ Yoast SEO plugin. -->","yoast_head_json":{"title":"Inicio - Revista Azul y Verde n\u00ba 43","robots":{"index":"noindex","follow":"follow","max-snippet":"max-snippet:-1","max-image-preview":"max-image-preview:large","max-video-preview":"max-video-preview:-1"},"og_locale":"es_ES","og_type":"article","og_title":"Inicio - Revista Azul y Verde n\u00ba 43","og_description":"[vc_row row_content_width=\u00bbgrid\u00bb disable_background_image=\u00bb\u00bb css=\u00bb.vc_custom_1614678989147{padding-top: 140px !important;padding-bottom: 180px !important;background-position: center !important;background-repeat: no-repeat !important;background-size: cover !important;}\u00bb el_id=\u00bbfirst\u00bb simple_background_image=\u00bb6595&#8243;][vc_column][vc_custom_heading text=\u00bbEnag\u00e1s, neutra en carbono en 2040&#8243; font_container=\u00bbtag:h1|font_size:80|text_align:left|color:%23ffffff|line_height:110px\u00bb google_fonts=\u00bbfont_family:PT%20Serif%3Aregular%2Citalic%2C700%2C700italic|font_style:700%20bold%20italic%3A700%3Aitalic\u00bb el_class=\u00bblowercase\u00bb][\/vc_column][\/vc_row][vc_row row_content_width=\u00bbgrid\u00bb el_id=\u00bbeditorial\u00bb css=\u00bb.vc_custom_1583844122440{margin-top: -160px !important;}\u00bb][vc_column][\/vc_column][\/vc_row][vc_row row_content_width=\u00bbgrid\u00bb el_id=\u00bbactualidad\u00bb css=\u00bb.vc_custom_1583853344403{padding-top: 90px !important;}\u00bb el_class=\u00bbverde grid-border\u00bb][vc_column][vc_custom_heading text=\u00bbActualidad\u00bb font_container=\u00bbtag:h1|font_size:40px|text_align:left|color:%23ffffff\u00bb google_fonts=\u00bbfont_family:PT%20Serif%3Aregular%2Citalic%2C700%2C700italic|font_style:700%20bold%20italic%3A700%3Aitalic\u00bb [&hellip;]","og_url":"https:\/\/revistaazulyverde.com\/ediciones\/43\/","og_site_name":"Revista Azul y Verde n\u00ba 43","article_modified_time":"2021-03-09T10:42:34+00:00","og_image":[{"width":950,"height":936,"url":"https:\/\/revistaazulyverde.com\/ediciones\/43\/wp-content\/uploads\/sites\/5\/2020\/11\/p_GNL_Quintero_2012-2-3.jpg","type":"image\/jpeg"}],"twitter_card":"summary_large_image","twitter_misc":{"Tiempo de lectura":"3 minutos"},"schema":{"@context":"https:\/\/schema.org","@graph":[{"@type":"WebPage","@id":"https:\/\/revistaazulyverde.com\/ediciones\/43\/","url":"https:\/\/revistaazulyverde.com\/ediciones\/43\/","name":"Inicio - Revista Azul y Verde n\u00ba 43","isPartOf":{"@id":"https:\/\/revistaazulyverde.com\/ediciones\/43\/#website"},"primaryImageOfPage":{"@id":"https:\/\/revistaazulyverde.com\/ediciones\/43\/#primaryimage"},"image":{"@id":"https:\/\/revistaazulyverde.com\/ediciones\/43\/#primaryimage"},"thumbnailUrl":"https:\/\/revistaazulyverde.com\/ediciones\/43\/wp-content\/uploads\/sites\/5\/2020\/11\/p_GNL_Quintero_2012-2-3.jpg","datePublished":"2018-03-02T12:42:16+00:00","dateModified":"2021-03-09T10:42:34+00:00","breadcrumb":{"@id":"https:\/\/revistaazulyverde.com\/ediciones\/43\/#breadcrumb"},"inLanguage":"es","potentialAction":[{"@type":"ReadAction","target":["https:\/\/revistaazulyverde.com\/ediciones\/43\/"]}]},{"@type":"ImageObject","inLanguage":"es","@id":"https:\/\/revistaazulyverde.com\/ediciones\/43\/#primaryimage","url":"https:\/\/revistaazulyverde.com\/ediciones\/43\/wp-content\/uploads\/sites\/5\/2020\/11\/p_GNL_Quintero_2012-2-3.jpg","contentUrl":"https:\/\/revistaazulyverde.com\/ediciones\/43\/wp-content\/uploads\/sites\/5\/2020\/11\/p_GNL_Quintero_2012-2-3.jpg","width":950,"height":936,"caption":"Un operario en las instalaciones de la planta de regasificaci\u00f3n GNL Quintero"},{"@type":"BreadcrumbList","@id":"https:\/\/revistaazulyverde.com\/ediciones\/43\/#breadcrumb","itemListElement":[{"@type":"ListItem","position":1,"name":"Portada","item":"https:\/\/revistaazulyverde.com\/ediciones\/43\/"},{"@type":"ListItem","position":2,"name":"Inicio"}]},{"@type":"WebSite","@id":"https:\/\/revistaazulyverde.com\/ediciones\/43\/#website","url":"https:\/\/revistaazulyverde.com\/ediciones\/43\/","name":"Revista Azul y Verde n\u00ba 43","description":"","potentialAction":[{"@type":"SearchAction","target":{"@type":"EntryPoint","urlTemplate":"https:\/\/revistaazulyverde.com\/ediciones\/43\/?s={search_term_string}"},"query-input":{"@type":"PropertyValueSpecification","valueRequired":true,"valueName":"search_term_string"}}],"inLanguage":"es"}]}},"_links":{"self":[{"href":"https:\/\/revistaazulyverde.com\/ediciones\/43\/wp-json\/wp\/v2\/pages\/583","targetHints":{"allow":["GET"]}}],"collection":[{"href":"https:\/\/revistaazulyverde.com\/ediciones\/43\/wp-json\/wp\/v2\/pages"}],"about":[{"href":"https:\/\/revistaazulyverde.com\/ediciones\/43\/wp-json\/wp\/v2\/types\/page"}],"author":[{"embeddable":true,"href":"https:\/\/revistaazulyverde.com\/ediciones\/43\/wp-json\/wp\/v2\/users\/1"}],"replies":[{"embeddable":true,"href":"https:\/\/revistaazulyverde.com\/ediciones\/43\/wp-json\/wp\/v2\/comments?post=583"}],"version-history":[{"count":182,"href":"https:\/\/revistaazulyverde.com\/ediciones\/43\/wp-json\/wp\/v2\/pages\/583\/revisions"}],"predecessor-version":[{"id":6591,"href":"https:\/\/revistaazulyverde.com\/ediciones\/43\/wp-json\/wp\/v2\/pages\/583\/revisions\/6591"}],"wp:featuredmedia":[{"embeddable":true,"href":"https:\/\/revistaazulyverde.com\/ediciones\/43\/wp-json\/wp\/v2\/media\/6176"}],"wp:attachment":[{"href":"https:\/\/revistaazulyverde.com\/ediciones\/43\/wp-json\/wp\/v2\/media?parent=583"}],"curies":[{"name":"wp","href":"https:\/\/api.w.org\/{rel}","templated":true}]}}