{"id":583,"date":"2018-03-02T12:42:16","date_gmt":"2018-03-02T12:42:16","guid":{"rendered":"http:\/\/journo.edge-themes.com\/?page_id=583"},"modified":"2020-11-11T18:35:43","modified_gmt":"2020-11-11T16:35:43","slug":"inicio","status":"publish","type":"page","link":"https:\/\/revistaazulyverde.com\/ediciones\/40\/","title":{"rendered":"Inicio"},"content":{"rendered":"<div class=\"wpb-content-wrapper\"><p>[vc_row row_content_width=\u00bbgrid\u00bb disable_background_image=\u00bb\u00bb css=\u00bb.vc_custom_1588057864307{padding-top: 140px !important;padding-bottom: 180px !important;background-position: center !important;background-repeat: no-repeat !important;background-size: cover !important;}\u00bb el_id=\u00bbfirst\u00bb simple_background_image=\u00bb4587&#8243;][vc_column width=\u00bb11\/12&#8243;][vc_custom_heading text=\u00bbLa energ\u00eda cobra protagonismo para impulsar un mundo mejor\u00bb font_container=\u00bbtag:h1|font_size:80|text_align:left|color:%23ffffff|line_height:110px\u00bb google_fonts=\u00bbfont_family:PT%20Serif%3Aregular%2Citalic%2C700%2C700italic|font_style:700%20bold%20italic%3A700%3Aitalic\u00bb el_class=\u00bblowercase\u00bb][\/vc_column][\/vc_row][vc_row row_content_width=\u00bbgrid\u00bb el_id=\u00bbeditorial\u00bb css=\u00bb.vc_custom_1583844122440{margin-top: -160px !important;}\u00bb][vc_column]<div class=\"edgtf-blog-list-holder edgtf-bl-standard edgtf-bl-one-column edgtf-large-space edgtf-bl-pag-no-pagination\"  data-type=standard data-number-of-posts=1 data-number-of-columns=1 data-space-between-items=large data-category=editorial data-orderby=date data-order=ASC data-image-size=full data-title-tag=h3 data-excerpt-length=40 data-post-info-section=yes data-post-info-image=yes data-post-info-author=no data-post-info-date=no data-post-info-category=yes data-post-info-comments=no data-post-info-like=no data-post-info-share=no data-pagination-type=no-pagination data-carousel=no data-visible-items=4 data-max-num-pages=1 data-next-page=2>\n\t<div class=\"edgtf-bl-wrapper edgtf-outer-space\">\n\t\t<ul class=\"edgtf-blog-list \">\n\t\t\t<li class=\"edgtf-bl-item edgtf-item-space clearfix\">\n\t<div class=\"edgtf-bli-inner\">\n\t\t\n\t<div class=\"edgtf-post-image\">\n\t\t\t\t\t<a itemprop=\"url\" href=\"https:\/\/revistaazulyverde.com\/ediciones\/40\/editorial-240\/\" title=\"Dar lo mejor de nosotros mismos\">\n\t\t\t\t\t<img loading=\"lazy\" decoding=\"async\" width=\"653\" height=\"591\" src=\"https:\/\/revistaazulyverde.com\/ediciones\/40\/wp-content\/uploads\/sites\/2\/2020\/04\/editorial-nueva-destacado.jpg\" class=\"attachment-full size-full wp-post-image\" alt=\"\" srcset=\"https:\/\/revistaazulyverde.com\/ediciones\/40\/wp-content\/uploads\/sites\/2\/2020\/04\/editorial-nueva-destacado.jpg 653w, https:\/\/revistaazulyverde.com\/ediciones\/40\/wp-content\/uploads\/sites\/2\/2020\/04\/editorial-nueva-destacado-300x272.jpg 300w\" sizes=\"auto, (max-width: 653px) 100vw, 653px\" \/>\t\t\t\t\t<\/a>\n\t\t\t\t\t<\/div>\n        <div class=\"edgtf-bli-content\">\n                            <div class=\"edgtf-bli-info\">\n\t                <div class=\"edgtf-post-info-category\">\n    <a href=\"https:\/\/revistaazulyverde.com\/ediciones\/40\/category\/editorial\/\" rel=\"category tag\">Editorial<\/a><\/div>                <\/div>\n            \t\n\t        \n<h3 itemprop=\"name\" class=\"entry-title edgtf-post-title\" >\n            <a itemprop=\"url\" href=\"https:\/\/revistaazulyverde.com\/ediciones\/40\/editorial-240\/\" title=\"Dar lo mejor de nosotros mismos\">\n            Dar lo mejor de nosotros mismos            <\/a>\n    <\/h3>\t\n\t        <div class=\"edgtf-bli-excerpt\">\n\t\t        \t\t<div class=\"edgtf-post-excerpt-holder\">\n\t\t\t<p itemprop=\"description\" class=\"edgtf-post-excerpt\">\n\t\t\t\tLa crisis del coronavirus supone un reto colectivo que nuestra sociedad y nuestro tejido productivo superar\u00e1 si todos damos lo mejor de nosotros mismos como ciudadanos y profesionales, dando un ejemplo de responsabilidad y de servicio p\u00fablico.\t\t\t<\/p>\n\t\t<\/div>\n\t\t\t        \t<div class=\"edgtf-post-read-more-button\">\n\t\t<a itemprop=\"url\" href=\"https:\/\/revistaazulyverde.com\/ediciones\/40\/editorial-240\/\" target=\"_self\"  class=\"edgtf-btn edgtf-btn-medium edgtf-btn-simple edgtf-blog-list-button edgtf-btn-expanding-underline\"  >    <span class=\"edgtf-btn-text\"  >Leer m\u00e1s<\/span>    <\/a>\t<\/div>\n\t        <\/div>\n        <\/div>\n\t<\/div>\n<\/li>\t\t<\/ul>\n\t<\/div>\n\t<\/div>[\/vc_column][\/vc_row][vc_row row_content_width=\u00bbgrid\u00bb el_id=\u00bbactualidad\u00bb css=\u00bb.vc_custom_1583853344403{padding-top: 90px !important;}\u00bb el_class=\u00bbverde grid-border\u00bb][vc_column][vc_custom_heading text=\u00bbActualidad\u00bb font_container=\u00bbtag:h1|font_size:40px|text_align:left|color:%23ffffff\u00bb google_fonts=\u00bbfont_family:PT%20Serif%3Aregular%2Citalic%2C700%2C700italic|font_style:700%20bold%20italic%3A700%3Aitalic\u00bb el_class=\u00bblowercase bg-green vertical\u00bb]<div class=\"edgtf-blog-list-holder edgtf-bl-standard edgtf-bl-two-columns edgtf-normal-space edgtf-bl-pag-no-pagination\"  data-type=standard data-number-of-posts=2 data-number-of-columns=2 data-space-between-items=normal data-category=actualidad data-orderby=date data-order=DESC data-image-size=full data-title-tag=h3 data-excerpt-length=40 data-post-info-section=yes data-post-info-image=yes data-post-info-author=no data-post-info-date=no data-post-info-category=yes data-post-info-comments=no data-post-info-like=no data-post-info-share=no data-pagination-type=no-pagination data-carousel=no data-visible-items=4 data-max-num-pages=2 data-next-page=2>\n\t<div class=\"edgtf-bl-wrapper edgtf-outer-space\">\n\t\t<ul class=\"edgtf-blog-list \">\n\t\t\t<li class=\"edgtf-bl-item edgtf-item-space clearfix\">\n\t<div class=\"edgtf-bli-inner\">\n\t\t\n\t<div class=\"edgtf-post-image\">\n\t\t\t\t\t<a itemprop=\"url\" href=\"https:\/\/revistaazulyverde.com\/ediciones\/40\/enagas-responde-coronavirus\/\" title=\"Enag\u00e1s responde al reto del coronavirus\">\n\t\t\t\t\t<img loading=\"lazy\" decoding=\"async\" width=\"653\" height=\"591\" src=\"https:\/\/revistaazulyverde.com\/ediciones\/40\/wp-content\/uploads\/sites\/2\/2020\/04\/covid-nueva-destacado.jpg\" class=\"attachment-full size-full wp-post-image\" alt=\"\" srcset=\"https:\/\/revistaazulyverde.com\/ediciones\/40\/wp-content\/uploads\/sites\/2\/2020\/04\/covid-nueva-destacado.jpg 653w, https:\/\/revistaazulyverde.com\/ediciones\/40\/wp-content\/uploads\/sites\/2\/2020\/04\/covid-nueva-destacado-300x272.jpg 300w\" sizes=\"auto, (max-width: 653px) 100vw, 653px\" \/>\t\t\t\t\t<\/a>\n\t\t\t\t\t<\/div>\n        <div class=\"edgtf-bli-content\">\n                            <div class=\"edgtf-bli-info\">\n\t                <div class=\"edgtf-post-info-category\">\n    <a href=\"https:\/\/revistaazulyverde.com\/ediciones\/40\/category\/actualidad\/especial-covid-19\/\" rel=\"category tag\">Especial COVID-19<\/a><\/div>                <\/div>\n            \t\n\t        \n<h3 itemprop=\"name\" class=\"entry-title edgtf-post-title\" >\n            <a itemprop=\"url\" href=\"https:\/\/revistaazulyverde.com\/ediciones\/40\/enagas-responde-coronavirus\/\" title=\"Enag\u00e1s responde al reto del coronavirus\">\n            Enag\u00e1s responde al reto del coronavirus            <\/a>\n    <\/h3>\t\n\t        <div class=\"edgtf-bli-excerpt\">\n\t\t        \t\t<div class=\"edgtf-post-excerpt-holder\">\n\t\t\t<p itemprop=\"description\" class=\"edgtf-post-excerpt\">\n\t\t\t\t[vc_row full_width=\"stretch_row_content\" el_class=\"visible\" el_id=\"header-post\"][vc_column][vc_column_text el_class=\"amarillo\"]\r\n[\/vc_column_text][vc_custom_heading source=\"post_title\" font_container=\"tag:h1|font_size:80px|text_align:center|color:%23ffffff\" google_fonts=\"font_family:PT%20Serif%3Aregular%2Citalic%2C700%2C700italic|font_style:700%20bold%20italic%3A700%3Aitalic\" el_class=\"lowercase\" css=\".vc_custom_1584089087679{margin-top: 0px !important;margin-bottom: 0px !important;}\"][\/vc_column][\/vc_row][vc_row el_class=\"mw965\" css=\".vc_custom_1584089378705{padding-top: 40px !important;}\"][vc_column][vc_column_text]La crisis global provocada por el COVID-19 ha puesto a prueba la fiabilidad de los servicios estrat\u00e9gicos, que son vitales para asegurar el\t\t\t<\/p>\n\t\t<\/div>\n\t\t\t        \t<div class=\"edgtf-post-read-more-button\">\n\t\t<a itemprop=\"url\" href=\"https:\/\/revistaazulyverde.com\/ediciones\/40\/enagas-responde-coronavirus\/\" target=\"_self\"  class=\"edgtf-btn edgtf-btn-medium edgtf-btn-simple edgtf-blog-list-button edgtf-btn-expanding-underline\"  >    <span class=\"edgtf-btn-text\"  >Leer m\u00e1s<\/span>    <\/a>\t<\/div>\n\t        <\/div>\n        <\/div>\n\t<\/div>\n<\/li><li class=\"edgtf-bl-item edgtf-item-space clearfix\">\n\t<div class=\"edgtf-bli-inner\">\n\t\t\n\t<div class=\"edgtf-post-image\">\n\t\t\t\t\t<a itemprop=\"url\" href=\"https:\/\/revistaazulyverde.com\/ediciones\/40\/hidrogeno-verde-aliado-de-la-economia-sostenible\/\" title=\"El hidr\u00f3geno verde, gran aliado en la descarbonizaci\u00f3n\">\n\t\t\t\t\t<img loading=\"lazy\" decoding=\"async\" width=\"653\" height=\"591\" src=\"https:\/\/revistaazulyverde.com\/ediciones\/40\/wp-content\/uploads\/sites\/2\/2020\/03\/Header-hidrogeno.jpg\" class=\"attachment-full size-full wp-post-image\" alt=\"\" srcset=\"https:\/\/revistaazulyverde.com\/ediciones\/40\/wp-content\/uploads\/sites\/2\/2020\/03\/Header-hidrogeno.jpg 653w, https:\/\/revistaazulyverde.com\/ediciones\/40\/wp-content\/uploads\/sites\/2\/2020\/03\/Header-hidrogeno-300x272.jpg 300w\" sizes=\"auto, (max-width: 653px) 100vw, 653px\" \/>\t\t\t\t\t<\/a>\n\t\t\t\t\t<\/div>\n        <div class=\"edgtf-bli-content\">\n                            <div class=\"edgtf-bli-info\">\n\t                <div class=\"edgtf-post-info-category\">\n    <a href=\"https:\/\/revistaazulyverde.com\/ediciones\/40\/category\/actualidad\/a-fondo\/\" rel=\"category tag\">A fondo<\/a><\/div>                <\/div>\n            \t\n\t        \n<h3 itemprop=\"name\" class=\"entry-title edgtf-post-title\" >\n            <a itemprop=\"url\" href=\"https:\/\/revistaazulyverde.com\/ediciones\/40\/hidrogeno-verde-aliado-de-la-economia-sostenible\/\" title=\"El hidr\u00f3geno verde, gran aliado en la descarbonizaci\u00f3n\">\n            El hidr\u00f3geno verde, gran aliado en la descarbonizaci\u00f3n            <\/a>\n    <\/h3>\t\n\t        <div class=\"edgtf-bli-excerpt\">\n\t\t        \t\t<div class=\"edgtf-post-excerpt-holder\">\n\t\t\t<p itemprop=\"description\" class=\"edgtf-post-excerpt\">\n\t\t\t\t[vc_row full_width=\"stretch_row_content\" el_class=\"visible\" el_id=\"header-post\"][vc_column][vc_column_text el_class=\"amarillo\"]\r\n[\/vc_column_text][vc_custom_heading source=\"post_title\" font_container=\"tag:h1|font_size:80px|text_align:center|color:%23ffffff\" google_fonts=\"font_family:PT%20Serif%3Aregular%2Citalic%2C700%2C700italic|font_style:700%20bold%20italic%3A700%3Aitalic\" el_class=\"lowercase\" css=\".vc_custom_1584089087679{margin-top: 0px !important;margin-bottom: 0px !important;}\"][\/vc_column][\/vc_row][vc_row el_class=\"mw965\" css=\".vc_custom_1584089378705{padding-top: 40px !important;}\"][vc_column][vc_column_text]El proceso para avanzar hacia una sociedad neutra en emisiones de carbono y para implantar el modelo de econom\u00eda circular tiene un gran\t\t\t<\/p>\n\t\t<\/div>\n\t\t\t        \t<div class=\"edgtf-post-read-more-button\">\n\t\t<a itemprop=\"url\" href=\"https:\/\/revistaazulyverde.com\/ediciones\/40\/hidrogeno-verde-aliado-de-la-economia-sostenible\/\" target=\"_self\"  class=\"edgtf-btn edgtf-btn-medium edgtf-btn-simple edgtf-blog-list-button edgtf-btn-expanding-underline\"  >    <span class=\"edgtf-btn-text\"  >Leer m\u00e1s<\/span>    <\/a>\t<\/div>\n\t        <\/div>\n        <\/div>\n\t<\/div>\n<\/li>\t\t<\/ul>\n\t<\/div>\n\t<\/div><div class=\"edgtf-blog-list-holder edgtf-bl-standard edgtf-bl-two-columns edgtf-normal-space edgtf-bl-pag-no-pagination\"  data-type=standard data-number-of-posts=2 data-number-of-columns=2 data-space-between-items=normal data-category=actualidad data-orderby=date data-order=ASC data-image-size=full data-title-tag=h3 data-excerpt-length=40 data-post-info-section=yes data-post-info-image=yes data-post-info-author=no data-post-info-date=no data-post-info-category=yes data-post-info-comments=no data-post-info-like=no data-post-info-share=no data-pagination-type=no-pagination data-carousel=no data-visible-items=4 data-max-num-pages=2 data-next-page=2>\n\t<div class=\"edgtf-bl-wrapper edgtf-outer-space\">\n\t\t<ul class=\"edgtf-blog-list \">\n\t\t\t<li class=\"edgtf-bl-item edgtf-item-space clearfix\">\n\t<div class=\"edgtf-bli-inner\">\n\t\t\n\t<div class=\"edgtf-post-image\">\n\t\t\t\t\t<a itemprop=\"url\" href=\"https:\/\/revistaazulyverde.com\/ediciones\/40\/proyecto-grecia\/\" title=\"Un a\u00f1o en Grecia\">\n\t\t\t\t\t<img loading=\"lazy\" decoding=\"async\" width=\"653\" height=\"591\" src=\"https:\/\/revistaazulyverde.com\/ediciones\/40\/wp-content\/uploads\/sites\/2\/2020\/05\/grecia-destacada-2.jpg\" class=\"attachment-full size-full wp-post-image\" alt=\"\" srcset=\"https:\/\/revistaazulyverde.com\/ediciones\/40\/wp-content\/uploads\/sites\/2\/2020\/05\/grecia-destacada-2.jpg 653w, https:\/\/revistaazulyverde.com\/ediciones\/40\/wp-content\/uploads\/sites\/2\/2020\/05\/grecia-destacada-2-300x272.jpg 300w\" sizes=\"auto, (max-width: 653px) 100vw, 653px\" \/>\t\t\t\t\t<\/a>\n\t\t\t\t\t<\/div>\n        <div class=\"edgtf-bli-content\">\n                            <div class=\"edgtf-bli-info\">\n\t                <div class=\"edgtf-post-info-category\">\n    <a href=\"https:\/\/revistaazulyverde.com\/ediciones\/40\/category\/actualidad\/enagas-en-el-mundo\/\" rel=\"category tag\">Enag\u00e1s en el mundo<\/a><\/div>                <\/div>\n            \t\n\t        \n<h3 itemprop=\"name\" class=\"entry-title edgtf-post-title\" >\n            <a itemprop=\"url\" href=\"https:\/\/revistaazulyverde.com\/ediciones\/40\/proyecto-grecia\/\" title=\"Un a\u00f1o en Grecia\">\n            Un a\u00f1o en Grecia            <\/a>\n    <\/h3>\t\n\t        <div class=\"edgtf-bli-excerpt\">\n\t\t        \t\t<div class=\"edgtf-post-excerpt-holder\">\n\t\t\t<p itemprop=\"description\" class=\"edgtf-post-excerpt\">\n\t\t\t\t[vc_row full_width=\"stretch_row_content\" el_class=\"visible\" el_id=\"header-post\"][vc_column][vc_column_text el_class=\"amarillo\"]\r\n[\/vc_column_text][vc_custom_heading source=\"post_title\" font_container=\"tag:h1|font_size:80px|text_align:center|color:%23ffffff\" google_fonts=\"font_family:PT%20Serif%3Aregular%2Citalic%2C700%2C700italic|font_style:700%20bold%20italic%3A700%3Aitalic\" el_class=\"lowercase\" css=\".vc_custom_1584089087679{margin-top: 0px !important;margin-bottom: 0px !important;}\"][\/vc_column][\/vc_row][vc_row el_class=\"mw965\" css=\".vc_custom_1584089378705{padding-top: 40px !important;}\"][vc_column][vc_custom_heading text=\"Estrategia de Enag\u00e1s\r\nen Grecia\" font_container=\"tag:h2|font_size:20px|text_align:left|color:%2399b63c\" el_class=\"verdana\"][vc_column_text]\r\nEl enclave geoestrat\u00e9gico en el que se localiza Grecia, su potencial para convertirse en un aut\u00e9ntico hub\t\t\t<\/p>\n\t\t<\/div>\n\t\t\t        \t<div class=\"edgtf-post-read-more-button\">\n\t\t<a itemprop=\"url\" href=\"https:\/\/revistaazulyverde.com\/ediciones\/40\/proyecto-grecia\/\" target=\"_self\"  class=\"edgtf-btn edgtf-btn-medium edgtf-btn-simple edgtf-blog-list-button edgtf-btn-expanding-underline\"  >    <span class=\"edgtf-btn-text\"  >Leer m\u00e1s<\/span>    <\/a>\t<\/div>\n\t        <\/div>\n        <\/div>\n\t<\/div>\n<\/li><li class=\"edgtf-bl-item edgtf-item-space clearfix\">\n\t<div class=\"edgtf-bli-inner\">\n\t\t\n\t<div class=\"edgtf-post-image\">\n\t\t\t\t\t<a itemprop=\"url\" href=\"https:\/\/revistaazulyverde.com\/ediciones\/40\/codigo-etico-proveedores\/\" title=\"Principios \u00c9ticos y pautas de conducta para proveedores\">\n\t\t\t\t\t<img loading=\"lazy\" decoding=\"async\" width=\"653\" height=\"591\" src=\"https:\/\/revistaazulyverde.com\/ediciones\/40\/wp-content\/uploads\/sites\/2\/2020\/03\/ola-sostenible-destacada-3.jpg\" class=\"attachment-full size-full wp-post-image\" alt=\"\" srcset=\"https:\/\/revistaazulyverde.com\/ediciones\/40\/wp-content\/uploads\/sites\/2\/2020\/03\/ola-sostenible-destacada-3.jpg 653w, https:\/\/revistaazulyverde.com\/ediciones\/40\/wp-content\/uploads\/sites\/2\/2020\/03\/ola-sostenible-destacada-3-300x272.jpg 300w\" sizes=\"auto, (max-width: 653px) 100vw, 653px\" \/>\t\t\t\t\t<\/a>\n\t\t\t\t\t<\/div>\n        <div class=\"edgtf-bli-content\">\n                            <div class=\"edgtf-bli-info\">\n\t                <div class=\"edgtf-post-info-category\">\n    <a href=\"https:\/\/revistaazulyverde.com\/ediciones\/40\/category\/actualidad\/la-ola-sostenible\/\" rel=\"category tag\">La ola sostenible<\/a><\/div>                <\/div>\n            \t\n\t        \n<h3 itemprop=\"name\" class=\"entry-title edgtf-post-title\" >\n            <a itemprop=\"url\" href=\"https:\/\/revistaazulyverde.com\/ediciones\/40\/codigo-etico-proveedores\/\" title=\"Principios \u00c9ticos y pautas de conducta para proveedores\">\n            Principios \u00c9ticos y pautas de conducta para proveedores            <\/a>\n    <\/h3>\t\n\t        <div class=\"edgtf-bli-excerpt\">\n\t\t        \t\t<div class=\"edgtf-post-excerpt-holder\">\n\t\t\t<p itemprop=\"description\" class=\"edgtf-post-excerpt\">\n\t\t\t\t[vc_row full_width=\"stretch_row_content\" el_class=\"visible\" el_id=\"header-post\"][vc_column][vc_column_text el_class=\"amarillo\"]\r\n[\/vc_column_text][vc_custom_heading source=\"post_title\" font_container=\"tag:h1|font_size:80px|text_align:center|color:%23ffffff\" google_fonts=\"font_family:PT%20Serif%3Aregular%2Citalic%2C700%2C700italic|font_style:700%20bold%20italic%3A700%3Aitalic\" el_class=\"lowercase\" css=\".vc_custom_1584089087679{margin-top: 0px !important;margin-bottom: 0px !important;}\"][\/vc_column][\/vc_row][vc_row el_class=\"mw965\" css=\".vc_custom_1584089378705{padding-top: 40px !important;}\"][vc_column][vc_custom_heading text=\"Un compromiso para todos\" font_container=\"tag:h2|font_size:20px|text_align:left|color:%2399b63c\" el_class=\"verdana\"][vc_column_text el_class=\"mw965\"]La cultura \u00e9tica de Enag\u00e1s, recogida en su C\u00f3digo \u00c9tico y que refleja su compromiso con\t\t\t<\/p>\n\t\t<\/div>\n\t\t\t        \t<div class=\"edgtf-post-read-more-button\">\n\t\t<a itemprop=\"url\" href=\"https:\/\/revistaazulyverde.com\/ediciones\/40\/codigo-etico-proveedores\/\" target=\"_self\"  class=\"edgtf-btn edgtf-btn-medium edgtf-btn-simple edgtf-blog-list-button edgtf-btn-expanding-underline\"  >    <span class=\"edgtf-btn-text\"  >Leer m\u00e1s<\/span>    <\/a>\t<\/div>\n\t        <\/div>\n        <\/div>\n\t<\/div>\n<\/li>\t\t<\/ul>\n\t<\/div>\n\t<\/div>[\/vc_column][\/vc_row][vc_row row_content_width=\u00bbgrid\u00bb][vc_column][vc_custom_heading text=\u00bbEquipo Enag\u00e1s\u00bb font_container=\u00bbtag:h1|font_size:40px|text_align:left|color:%23ffffff\u00bb google_fonts=\u00bbfont_family:PT%20Serif%3Aregular%2Citalic%2C700%2C700italic|font_style:700%20bold%20italic%3A700%3Aitalic\u00bb el_class=\u00bblowercase bg-yellow vertical alone\u00bb][\/vc_column][\/vc_row][vc_row css=\u00bb.vc_custom_1583852603668{padding-top: 60px !important;}\u00bb el_id=\u00bbequipo-enagas\u00bb][vc_column]<div class=\"edgtf-news-holder edgtf-post-carousel4 edgtf-no-space\"  data-post-status=publish data-category-name=equipo-enagas data-ignore-sticky-posts=1 data-orderby=date data-posts-per-page=3 data-sort=latest data-paged=1 data-max-num-pages=1 data-next-page=2 data-title-tag=h3 data-image-size=custom data-custom-image-width=550 data-custom-image-height=680 data-display-categories=yes data-display-date=no data-date-format=difference data-display-author=no data-display-like=no data-display-comments=no data-display-share=no data-display-hot-trending-icons=yes data-layout=edgtf_post_carousel4><div class=\"edgtf-news-list-inner edgtf-owl-slider\" data-number-of-items=\"3\"   data-slider-speed=\"20000\" data-slider-speed-animation=\"600\"   data-enable-auto-height=\"yes\"><div class=\"edgtf-news-item edgtf-layout2-item edgtf-item-space\">\n\t<div class=\"edgtf-ni-inner\">\n\t\t<div class=\"edgtf-ni-image-holder\">\n\t\t\t\t<div class=\"edgtf-post-image\">\n\t\t<a itemprop=\"url\" href=\"https:\/\/revistaazulyverde.com\/ediciones\/40\/mas-alla-de-enagas\/\" title=\"Manuel Rivas Soto\">\n\t\t\t<img loading=\"lazy\" decoding=\"async\" src=\"https:\/\/revistaazulyverde.com\/ediciones\/40\/wp-content\/uploads\/sites\/2\/2020\/03\/estatua-destacada-550x680.jpg\" alt=\"\" width=\"550\" height=\"680\" \/>\t\t<\/a>\n\t<\/div>\n\t\t<\/div>\n\t\t<div class=\"edgtf-ni-content\">\n\t\t\t<div class=\"edgtf-ni-info edgtf-ni-info-top\">\n\t\t\t\t\t<div class=\"edgtf-post-info-category\">\n\t\t<a href=\"https:\/\/revistaazulyverde.com\/ediciones\/40\/category\/equipo-enagas\/mas-alla-de-enagas\/\" rel=\"category tag\">M\u00e1s all\u00e1 de Enag\u00e1s<\/a>\t<\/div>\n\t\t\t<\/div>\n\t\t\t\n<h3 itemprop=\"name\" class=\"entry-title edgtf-post-title \" >\n<a itemprop=\"url\" href=\"https:\/\/revistaazulyverde.com\/ediciones\/40\/mas-alla-de-enagas\/\" title=\"Manuel Rivas Soto\">\n    Manuel Rivas Soto<\/a>\n<\/h3>\t\t\t<div class=\"edgtf-ni-info edgtf-ni-info-bottom\">\n                                            <\/div>\n\t\t<\/div>\n\t<\/div>\n<\/div><div class=\"edgtf-news-item edgtf-layout2-item edgtf-item-space\">\n\t<div class=\"edgtf-ni-inner\">\n\t\t<div class=\"edgtf-ni-image-holder\">\n\t\t\t\t<div class=\"edgtf-post-image\">\n\t\t<a itemprop=\"url\" href=\"https:\/\/revistaazulyverde.com\/ediciones\/40\/ayn-numero-40-de-persona-a-persona\/\" title=\"Convivencia de generaciones para avanzar conjuntamente\">\n\t\t\t<img loading=\"lazy\" decoding=\"async\" src=\"https:\/\/revistaazulyverde.com\/ediciones\/40\/wp-content\/uploads\/sites\/2\/2020\/03\/personas-destacada-550x680.jpg\" alt=\"\" width=\"550\" height=\"680\" \/>\t\t<\/a>\n\t<\/div>\n\t\t<\/div>\n\t\t<div class=\"edgtf-ni-content\">\n\t\t\t<div class=\"edgtf-ni-info edgtf-ni-info-top\">\n\t\t\t\t\t<div class=\"edgtf-post-info-category\">\n\t\t<a href=\"https:\/\/revistaazulyverde.com\/ediciones\/40\/category\/equipo-enagas\/de-persona-a-persona\/\" rel=\"category tag\">De persona a persona<\/a>\t<\/div>\n\t\t\t<\/div>\n\t\t\t\n<h3 itemprop=\"name\" class=\"entry-title edgtf-post-title \" >\n<a itemprop=\"url\" href=\"https:\/\/revistaazulyverde.com\/ediciones\/40\/ayn-numero-40-de-persona-a-persona\/\" title=\"Convivencia de generaciones para avanzar conjuntamente\">\n    Convivencia de generaciones para avanzar conjuntamente<\/a>\n<\/h3>\t\t\t<div class=\"edgtf-ni-info edgtf-ni-info-bottom\">\n                                            <\/div>\n\t\t<\/div>\n\t<\/div>\n<\/div><div class=\"edgtf-news-item edgtf-layout2-item edgtf-item-space\">\n\t<div class=\"edgtf-ni-inner\">\n\t\t<div class=\"edgtf-ni-image-holder\">\n\t\t\t\t<div class=\"edgtf-post-image\">\n\t\t<a itemprop=\"url\" href=\"https:\/\/revistaazulyverde.com\/ediciones\/40\/gerencia-gestion-analisis-mantenimiento\/\" title=\"Gerencia de gesti\u00f3n y an\u00e1lisis del mantenimiento\">\n\t\t\t<img loading=\"lazy\" decoding=\"async\" src=\"https:\/\/revistaazulyverde.com\/ediciones\/40\/wp-content\/uploads\/sites\/2\/2020\/03\/que-hacemos-en-destacada-v2-550x680.jpg\" alt=\"\" width=\"550\" height=\"680\" \/>\t\t<\/a>\n\t<\/div>\n\t\t<\/div>\n\t\t<div class=\"edgtf-ni-content\">\n\t\t\t<div class=\"edgtf-ni-info edgtf-ni-info-top\">\n\t\t\t\t\t<div class=\"edgtf-post-info-category\">\n\t\t<a href=\"https:\/\/revistaazulyverde.com\/ediciones\/40\/category\/equipo-enagas\/que-hacemos-en\/\" rel=\"category tag\">\u00bfQu\u00e9 hacemos en...?<\/a>\t<\/div>\n\t\t\t<\/div>\n\t\t\t\n<h3 itemprop=\"name\" class=\"entry-title edgtf-post-title \" >\n<a itemprop=\"url\" href=\"https:\/\/revistaazulyverde.com\/ediciones\/40\/gerencia-gestion-analisis-mantenimiento\/\" title=\"Gerencia de gesti\u00f3n y an\u00e1lisis del mantenimiento\">\n    Gerencia de gesti\u00f3n y an\u00e1lisis del mantenimiento<\/a>\n<\/h3>\t\t\t<div class=\"edgtf-ni-info edgtf-ni-info-bottom\">\n                                            <\/div>\n\t\t<\/div>\n\t<\/div>\n<\/div><\/div><\/div>[\/vc_column][\/vc_row][vc_row row_content_width=\u00bbgrid\u00bb el_id=\u00bbnuestra-actividad\u00bb css=\u00bb.vc_custom_1583856273901{margin-bottom: 120px !important;padding-top: 90px !important;}\u00bb el_class=\u00bbazul grid-border\u00bb][vc_column][vc_custom_heading text=\u00bbNuestra actividad\u00bb font_container=\u00bbtag:h1|font_size:40px|text_align:left|color:%23ffffff\u00bb google_fonts=\u00bbfont_family:PT%20Serif%3Aregular%2Citalic%2C700%2C700italic|font_style:700%20bold%20italic%3A700%3Aitalic\u00bb el_class=\u00bblowercase bg-blue vertical\u00bb]<div class=\"edgtf-blog-list-holder edgtf-bl-standard edgtf-bl-two-columns edgtf-normal-space edgtf-bl-pag-no-pagination\"  data-type=standard data-number-of-posts=2 data-number-of-columns=2 data-space-between-items=normal data-category=nuestra-actividad data-orderby=date data-order=ASC data-image-size=full data-title-tag=h3 data-excerpt-length=40 data-post-info-section=yes data-post-info-image=yes data-post-info-author=no data-post-info-date=no data-post-info-category=yes data-post-info-comments=no data-post-info-like=no data-post-info-share=no data-pagination-type=no-pagination data-carousel=no data-visible-items=4 data-max-num-pages=2 data-next-page=2>\n\t<div class=\"edgtf-bl-wrapper edgtf-outer-space\">\n\t\t<ul class=\"edgtf-blog-list \">\n\t\t\t<li class=\"edgtf-bl-item edgtf-item-space clearfix\">\n\t<div class=\"edgtf-bli-inner\">\n\t\t\n\t<div class=\"edgtf-post-image\">\n\t\t\t\t\t<a itemprop=\"url\" href=\"https:\/\/revistaazulyverde.com\/ediciones\/40\/pavilion-energy-importador-y-comercializador-de-gas-de-singapur\/\" title=\"Pavilion Energy, importador y comercializador de gas de Singapur\">\n\t\t\t\t\t<img loading=\"lazy\" decoding=\"async\" width=\"734\" height=\"490\" src=\"https:\/\/revistaazulyverde.com\/ediciones\/40\/wp-content\/uploads\/sites\/2\/2020\/03\/clientes-con-alma-destacado.jpg\" class=\"attachment-full size-full wp-post-image\" alt=\"\" srcset=\"https:\/\/revistaazulyverde.com\/ediciones\/40\/wp-content\/uploads\/sites\/2\/2020\/03\/clientes-con-alma-destacado.jpg 734w, https:\/\/revistaazulyverde.com\/ediciones\/40\/wp-content\/uploads\/sites\/2\/2020\/03\/clientes-con-alma-destacado-300x200.jpg 300w\" sizes=\"auto, (max-width: 734px) 100vw, 734px\" \/>\t\t\t\t\t<\/a>\n\t\t\t\t\t<\/div>\n        <div class=\"edgtf-bli-content\">\n                            <div class=\"edgtf-bli-info\">\n\t                <div class=\"edgtf-post-info-category\">\n    <a href=\"https:\/\/revistaazulyverde.com\/ediciones\/40\/category\/nuestra-actividad\/clientes-con-alma\/\" rel=\"category tag\">Clientes con alma<\/a><\/div>                <\/div>\n            \t\n\t        \n<h3 itemprop=\"name\" class=\"entry-title edgtf-post-title\" >\n            <a itemprop=\"url\" href=\"https:\/\/revistaazulyverde.com\/ediciones\/40\/pavilion-energy-importador-y-comercializador-de-gas-de-singapur\/\" title=\"Pavilion Energy, importador y comercializador de gas de Singapur\">\n            Pavilion Energy, importador y comercializador de gas de Singapur            <\/a>\n    <\/h3>\t\n\t        <div class=\"edgtf-bli-excerpt\">\n\t\t        \t\t<div class=\"edgtf-post-excerpt-holder\">\n\t\t\t<p itemprop=\"description\" class=\"edgtf-post-excerpt\">\n\t\t\t\t[vc_row full_width=\"stretch_row_content\" el_class=\"visible\" el_id=\"header-post\"][vc_column][vc_column_text el_class=\"amarillo\"]\r\n[\/vc_column_text][vc_custom_heading source=\"post_title\" font_container=\"tag:h1|font_size:80px|text_align:center|color:%23ffffff\" google_fonts=\"font_family:PT%20Serif%3Aregular%2Citalic%2C700%2C700italic|font_style:700%20bold%20italic%3A700%3Aitalic\" el_class=\"lowercase\" css=\".vc_custom_1584089087679{margin-top: 0px !important;margin-bottom: 0px !important;}\"][\/vc_column][\/vc_row][vc_row el_class=\"mw965\" css=\".vc_custom_1584089378705{padding-top: 40px !important;}\"][vc_column][vc_custom_heading text=\"Pavilion Energy y Enag\u00e1s,\r\nuna colaboraci\u00f3n destinada al \u00e9xito\" font_container=\"tag:h2|font_size:20px|text_align:left|color:%230069a0\" el_class=\"verdana\"][vc_column_text]La nueva colaboraci\u00f3n sellada entre Pavilion Energy, principal suministrador de gas natural en\t\t\t<\/p>\n\t\t<\/div>\n\t\t\t        \t<div class=\"edgtf-post-read-more-button\">\n\t\t<a itemprop=\"url\" href=\"https:\/\/revistaazulyverde.com\/ediciones\/40\/pavilion-energy-importador-y-comercializador-de-gas-de-singapur\/\" target=\"_self\"  class=\"edgtf-btn edgtf-btn-medium edgtf-btn-simple edgtf-blog-list-button edgtf-btn-expanding-underline\"  >    <span class=\"edgtf-btn-text\"  >Leer m\u00e1s<\/span>    <\/a>\t<\/div>\n\t        <\/div>\n        <\/div>\n\t<\/div>\n<\/li><li class=\"edgtf-bl-item edgtf-item-space clearfix\">\n\t<div class=\"edgtf-bli-inner\">\n\t\t\n\t<div class=\"edgtf-post-image\">\n\t\t\t\t\t<a itemprop=\"url\" href=\"https:\/\/revistaazulyverde.com\/ediciones\/40\/energia-positiva\/\" title=\"Energ\u00eda Positiva+: la innovaci\u00f3n como mejor v\u00eda para avanzar en la crisis del Covid-19\">\n\t\t\t\t\t<img loading=\"lazy\" decoding=\"async\" width=\"734\" height=\"490\" src=\"https:\/\/revistaazulyverde.com\/ediciones\/40\/wp-content\/uploads\/sites\/2\/2020\/04\/energia-positiva-destacado.jpg\" class=\"attachment-full size-full wp-post-image\" alt=\"\" srcset=\"https:\/\/revistaazulyverde.com\/ediciones\/40\/wp-content\/uploads\/sites\/2\/2020\/04\/energia-positiva-destacado.jpg 734w, https:\/\/revistaazulyverde.com\/ediciones\/40\/wp-content\/uploads\/sites\/2\/2020\/04\/energia-positiva-destacado-300x200.jpg 300w\" sizes=\"auto, (max-width: 734px) 100vw, 734px\" \/>\t\t\t\t\t<\/a>\n\t\t\t\t\t<\/div>\n        <div class=\"edgtf-bli-content\">\n                            <div class=\"edgtf-bli-info\">\n\t                <div class=\"edgtf-post-info-category\">\n    <a href=\"https:\/\/revistaazulyverde.com\/ediciones\/40\/category\/nuestra-actividad\/adn-enagas-startups\/\" rel=\"category tag\">ADN startup<\/a><\/div>                <\/div>\n            \t\n\t        \n<h3 itemprop=\"name\" class=\"entry-title edgtf-post-title\" >\n            <a itemprop=\"url\" href=\"https:\/\/revistaazulyverde.com\/ediciones\/40\/energia-positiva\/\" title=\"Energ\u00eda Positiva+: la innovaci\u00f3n como mejor v\u00eda para avanzar en la crisis del Covid-19\">\n            Energ\u00eda Positiva+: la innovaci\u00f3n como mejor v\u00eda para avanzar en la crisis del Covid-19            <\/a>\n    <\/h3>\t\n\t        <div class=\"edgtf-bli-excerpt\">\n\t\t        \t\t<div class=\"edgtf-post-excerpt-holder\">\n\t\t\t<p itemprop=\"description\" class=\"edgtf-post-excerpt\">\n\t\t\t\t[vc_row full_width=\"stretch_row_content\" el_class=\"visible\" el_id=\"header-post\"][vc_column][vc_column_text el_class=\"amarillo\"]\r\n[\/vc_column_text][vc_custom_heading text=\"Enag\u00e1s impulsa Energ\u00eda Positiva+\" font_container=\"tag:h1|font_size:80px|text_align:center|color:%23ffffff\" google_fonts=\"font_family:PT%20Serif%3Aregular%2Citalic%2C700%2C700italic|font_style:700%20bold%20italic%3A700%3Aitalic\" el_class=\"lowercase\" css=\".vc_custom_1587714141878{margin-top: 0px !important;margin-bottom: 0px !important;}\"][\/vc_column][\/vc_row][vc_row el_class=\"mw965\" css=\".vc_custom_1584089378705{padding-top: 40px !important;}\"][vc_column][vc_custom_heading text=\"Sumando esfuerzos\r\npara promover Energ\u00eda Positiva+\" font_container=\"tag:h2|font_size:20px|text_align:left|color:%230069a0\" el_class=\"verdana\"][vc_column_text]Enag\u00e1s ha sumado esfuerzos con distintos grupos del sector energ\u00e9tico en Espa\u00f1a para\t\t\t<\/p>\n\t\t<\/div>\n\t\t\t        \t<div class=\"edgtf-post-read-more-button\">\n\t\t<a itemprop=\"url\" href=\"https:\/\/revistaazulyverde.com\/ediciones\/40\/energia-positiva\/\" target=\"_self\"  class=\"edgtf-btn edgtf-btn-medium edgtf-btn-simple edgtf-blog-list-button edgtf-btn-expanding-underline\"  >    <span class=\"edgtf-btn-text\"  >Leer m\u00e1s<\/span>    <\/a>\t<\/div>\n\t        <\/div>\n        <\/div>\n\t<\/div>\n<\/li>\t\t<\/ul>\n\t<\/div>\n\t<\/div>[\/vc_column][\/vc_row][vc_row row_content_width=\u00bbgrid\u00bb parallax_background_image=\u00bb4757&#8243; el_id=\u00bbingenia\u00bb][vc_column width=\u00bb1\/2&#8243;][\/vc_column][vc_column width=\u00bb1\/2&#8243; css=\u00bb.vc_custom_1588059875846{padding-top: 80px !important;padding-bottom: 70px !important;background-color: #9cb700 !important;}\u00bb el_class=\u00bbnegative\u00bb][vc_single_image image=\u00bb4758&#8243; img_size=\u00bbfull\u00bb alignment=\u00bbcenter\u00bb css=\u00bb.vc_custom_1583856229148{margin-bottom: 50px !important;}\u00bb][vc_column_text]<\/p>\n<p style=\"text-align: center;\"><a class=\"more-button\" style=\"color: white; font-size: 15px; font-family: verdana; font-weight: bold; text-transform: uppercase;\" href=\"https:\/\/revistaazulyverde.com\/ediciones\/40\/adn-enagas\/\" rel=\"noopener noreferrer\">LEER M\u00c1S<\/a><\/p>\n<p>[\/vc_column_text][\/vc_column][\/vc_row][vc_row gap=\u00bb20&#8243; equal_height=\u00bbyes\u00bb row_content_width=\u00bbgrid\u00bb css=\u00bb.vc_custom_1584536008024{padding-top: 70px !important;}\u00bb][vc_column width=\u00bb4\/6&#8243; css=\u00bb.vc_custom_1588680013762{padding-bottom: 50px !important;padding-left: 40px !important;background-image: url(https:\/\/revistaazulyverde.com\/ediciones\/40\/wp-content\/uploads\/sites\/2\/2020\/05\/bg-comparte-2.jpg?id=5812) !important;background-position: center !important;background-repeat: no-repeat !important;background-size: cover !important;}\u00bb el_id=\u00bbcomparte\u00bb][vc_single_image image=\u00bb4811&#8243; img_size=\u00bbfull\u00bb][vc_custom_heading text=\u00bbComparte\u00bb font_container=\u00bbtag:h3|font_size:20px|text_align:left|color:%23ffffff\u00bb el_class=\u00bbverdana bold\u00bb css=\u00bb.vc_custom_1584027840795{margin-top: 20px !important;margin-bottom: 0px !important;}\u00bb][vc_custom_heading text=\u00bb\u00bfTienes alguna afici\u00f3n que<br \/>\nquieras dar a conocer?\u00bb font_container=\u00bbtag:h3|font_size:30px|text_align:left|color:%23ffffff|line_height:34px\u00bb google_fonts=\u00bbfont_family:PT%20Serif%3Aregular%2Citalic%2C700%2C700italic|font_style:700%20bold%20italic%3A700%3Aitalic\u00bb css=\u00bb.vc_custom_1588577847036{margin-top: 5px !important;margin-bottom: 10px !important;}\u00bb el_class=\u00bblowercase\u00bb link=\u00bburl:mailto%3Acomunicacion.interna%40enagas.es||target:%20_blank|\u00bb][vc_column_text css=\u00bb.vc_custom_1588060012051{margin-top: 0px !important;}\u00bb el_class=\u00bbverdana\u00bb]Comp\u00e1rtela en Azul y Verde.[\/vc_column_text][\/vc_column][vc_column width=\u00bb2\/6&#8243; css=\u00bb.vc_custom_1588059835231{padding-right: 30px !important;padding-left: 30px !important;background-color: #ffb81c !important;}\u00bb el_id=\u00bbencuesta\u00bb][vc_custom_heading text=\u00bbEncuesta\u00bb font_container=\u00bbtag:h3|font_size:40px|text_align:center|color:%23ffffff\u00bb google_fonts=\u00bbfont_family:PT%20Serif%3Aregular%2Citalic%2C700%2C700italic|font_style:700%20bold%20regular%3A700%3Anormal\u00bb css=\u00bb.vc_custom_1584028317084{margin-top: 5px !important;margin-bottom: 10px !important;}\u00bb el_class=\u00bblowercase\u00bb][vc_row_inner][vc_column_inner el_class=\u00bbwhite\u00bb width=\u00bb1\/2&#8243;][vc_column_text el_class=\u00bbverdana\u00bb]<\/p>\n<p style=\"margin: 0;\">Si tienes ideas de mejora y quieres compartirlas con nosotros, an\u00edmate y rellena nuestra encuesta. \u00a1Estaremos encantados de escucharte!<\/p>\n<p>[\/vc_column_text][\/vc_column_inner][vc_column_inner width=\u00bb1\/2&#8243;][vc_single_image image=\u00bb4828&#8243; img_size=\u00bbfull\u00bb][\/vc_column_inner][\/vc_row_inner][vc_column_text el_class=\u00bbwhite verdana bold\u00bb css=\u00bb.vc_custom_1588072099066{margin-top: 40px !important;margin-bottom: 40px !important;}\u00bb]<\/p>\n<p style=\"text-align: center;\"><a class=\"more-button\" href=\"https:\/\/forms.office.com\/Pages\/ResponsePage.aspx?id=yW_0cn21MECTah88Tmt3eWgSj6GzSLtHspE9Fly9IRNUQkdIWDFLMFc1VjZWREE3UVUxMDdVRTU3SS4u\" target=\"_blank\" rel=\"noopener noreferrer\">REALIZAR ENCUESTA<\/a><\/p>\n<p>[\/vc_column_text][\/vc_column][\/vc_row][vc_row gap=\u00bb20&#8243; equal_height=\u00bbyes\u00bb content_placement=\u00bbmiddle\u00bb row_content_width=\u00bbgrid\u00bb css=\u00bb.vc_custom_1584536001517{margin-bottom: 70px !important;}\u00bb][vc_column width=\u00bb1\/2&#8243; css=\u00bb.vc_custom_1583857395062{border-top-width: 1px !important;border-right-width: 1px !important;border-bottom-width: 1px !important;border-left-width: 1px !important;padding-top: 30px !important;padding-right: 30px !important;padding-bottom: 30px !important;padding-left: 30px !important;border-left-color: #0069a0 !important;border-left-style: solid !important;border-right-color: #0069a0 !important;border-right-style: solid !important;border-top-color: #0069a0 !important;border-top-style: solid !important;border-bottom-color: #0069a0 !important;border-bottom-style: solid !important;}\u00bb el_id=\u00bbparticipa\u00bb][vc_row_inner][vc_column_inner width=\u00bb1\/4&#8243;][vc_single_image image=\u00bb4786&#8243; img_size=\u00bbfull\u00bb][\/vc_column_inner][vc_column_inner width=\u00bb3\/4&#8243;][vc_custom_heading text=\u00bbParticipa\u00bb font_container=\u00bbtag:h2|font_size:40px|text_align:left|color:%23007aae\u00bb google_fonts=\u00bbfont_family:PT%20Serif%3Aregular%2Citalic%2C700%2C700italic|font_style:700%20bold%20regular%3A700%3Anormal\u00bb el_class=\u00bblowercase\u00bb css=\u00bb.vc_custom_1588059765202{margin-bottom: 0px !important;}\u00bb][vc_column_text el_class=\u00bbverdana\u00bb]Env\u00edanos tus opiniones, comentarios y sugerencias a la direcci\u00f3n: <a href=\"mailto:comunicacion.interna@enagas.es\">comunicacion.interna@enagas.es<\/a>[\/vc_column_text][\/vc_column_inner][\/vc_row_inner][\/vc_column][vc_column width=\u00bb1\/2&#8243; css=\u00bb.vc_custom_1588059751763{padding-top: 30px !important;padding-right: 30px !important;padding-bottom: 30px !important;padding-left: 30px !important;background-color: #007aae !important;}\u00bb el_id=\u00bbsiguenos\u00bb][vc_row_inner][vc_column_inner width=\u00bb1\/2&#8243;][vc_custom_heading text=\u00bb\u00a1S\u00edguenos!\u00bb font_container=\u00bbtag:h2|font_size:40px|text_align:center|color:%23ffffff\u00bb google_fonts=\u00bbfont_family:PT%20Serif%3Aregular%2Citalic%2C700%2C700italic|font_style:700%20bold%20regular%3A700%3Anormal\u00bb el_class=\u00bblowercase\u00bb css=\u00bb.vc_custom_1583858806402{margin-top: 0px !important;margin-bottom: 0px !important;}\u00bb][\/vc_column_inner][vc_column_inner width=\u00bb1\/2&#8243;][vc_column_text el_class=\u00bbsocial\u00bb]<a href=\"https:\/\/www.linkedin.com\/company\/enagas\/\" target=\"_blank\" rel=\"noopener noreferrer\"><img decoding=\"async\" class=\"size-medium wp-image-4806\" src=\"https:\/\/revistaazulyverde.com\/ediciones\/40\/wp-content\/uploads\/sites\/2\/2020\/03\/linkedin-logo2.png\" alt=\"\" width=\"38\" \/><\/a><a href=\"https:\/\/twitter.com\/enagas\" target=\"_blank\" rel=\"noopener noreferrer\"><img decoding=\"async\" class=\"size-full wp-image-4803\" src=\"https:\/\/revistaazulyverde.com\/ediciones\/40\/wp-content\/uploads\/sites\/2\/2020\/03\/twitter-logo-silhouette2.png\" alt=\"\" width=\"38\" \/><\/a><a href=\"https:\/\/www.facebook.com\/EnagasOficial\/\" target=\"_blank\" rel=\"noopener noreferrer\"><img decoding=\"async\" class=\"size-medium wp-image-4805\" src=\"https:\/\/revistaazulyverde.com\/ediciones\/40\/wp-content\/uploads\/sites\/2\/2020\/03\/facebook-logo.png\" alt=\"\" width=\"38\" \/><\/a><a href=\"https:\/\/www.youtube.com\/channel\/UC1gEGcl-G7p8INsNKe9YZyg\" target=\"_blank\" rel=\"noopener noreferrer\"><img decoding=\"async\" class=\"size-medium wp-image-4804\" src=\"https:\/\/revistaazulyverde.com\/ediciones\/40\/wp-content\/uploads\/sites\/2\/2020\/03\/youtube-plain2.png\" alt=\"\" width=\"38\" \/><\/a>[\/vc_column_text][\/vc_column_inner][\/vc_row_inner][\/vc_column][\/vc_row]<\/p>\n<\/div>","protected":false},"excerpt":{"rendered":"<p>[vc_row row_content_width=\u00bbgrid\u00bb disable_background_image=\u00bb\u00bb css=\u00bb.vc_custom_1588057864307{padding-top: 140px !important;padding-bottom: 180px !important;background-position: center !important;background-repeat: no-repeat !important;background-size: cover !important;}\u00bb el_id=\u00bbfirst\u00bb simple_background_image=\u00bb4587&#8243;][vc_column width=\u00bb11\/12&#8243;][vc_custom_heading text=\u00bbLa energ\u00eda cobra protagonismo para impulsar un mundo mejor\u00bb font_container=\u00bbtag:h1|font_size:80|text_align:left|color:%23ffffff|line_height:110px\u00bb google_fonts=\u00bbfont_family:PT%20Serif%3Aregular%2Citalic%2C700%2C700italic|font_style:700%20bold%20italic%3A700%3Aitalic\u00bb el_class=\u00bblowercase\u00bb][\/vc_column][\/vc_row][vc_row row_content_width=\u00bbgrid\u00bb el_id=\u00bbeditorial\u00bb css=\u00bb.vc_custom_1583844122440{margin-top: -160px !important;}\u00bb][vc_column][\/vc_column][\/vc_row][vc_row row_content_width=\u00bbgrid\u00bb el_id=\u00bbactualidad\u00bb css=\u00bb.vc_custom_1583853344403{padding-top: 90px !important;}\u00bb el_class=\u00bbverde [&hellip;]<\/p>\n","protected":false},"author":1,"featured_media":0,"parent":0,"menu_order":0,"comment_status":"closed","ping_status":"closed","template":"full-width.php","meta":{"_acf_changed":false,"footnotes":""},"class_list":["post-583","page","type-page","status-publish","hentry"],"acf":[],"yoast_head":"<!-- This site is optimized with the Yoast SEO plugin v24.9 - https:\/\/yoast.com\/wordpress\/plugins\/seo\/ -->\n<title>Inicio - Revista Azul y Verde n\u00ba 40<\/title>\n<meta name=\"robots\" content=\"noindex, follow, max-snippet:-1, max-image-preview:large, max-video-preview:-1\" \/>\n<meta property=\"og:locale\" content=\"es_ES\" \/>\n<meta property=\"og:type\" content=\"article\" \/>\n<meta property=\"og:title\" content=\"Inicio - Revista Azul y Verde n\u00ba 40\" \/>\n<meta property=\"og:description\" content=\"[vc_row row_content_width=\u00bbgrid\u00bb disable_background_image=\u00bb\u00bb css=\u00bb.vc_custom_1588057864307{padding-top: 140px !important;padding-bottom: 180px !important;background-position: center !important;background-repeat: no-repeat !important;background-size: cover !important;}\u00bb el_id=\u00bbfirst\u00bb simple_background_image=\u00bb4587&#8243;][vc_column width=\u00bb11\/12&#8243;][vc_custom_heading text=\u00bbLa energ\u00eda cobra protagonismo para impulsar un mundo mejor\u00bb font_container=\u00bbtag:h1|font_size:80|text_align:left|color:%23ffffff|line_height:110px\u00bb google_fonts=\u00bbfont_family:PT%20Serif%3Aregular%2Citalic%2C700%2C700italic|font_style:700%20bold%20italic%3A700%3Aitalic\u00bb el_class=\u00bblowercase\u00bb][\/vc_column][\/vc_row][vc_row row_content_width=\u00bbgrid\u00bb el_id=\u00bbeditorial\u00bb css=\u00bb.vc_custom_1583844122440{margin-top: -160px !important;}\u00bb][vc_column][\/vc_column][\/vc_row][vc_row row_content_width=\u00bbgrid\u00bb el_id=\u00bbactualidad\u00bb css=\u00bb.vc_custom_1583853344403{padding-top: 90px !important;}\u00bb el_class=\u00bbverde [&hellip;]\" \/>\n<meta property=\"og:url\" content=\"https:\/\/revistaazulyverde.com\/ediciones\/40\/\" \/>\n<meta property=\"og:site_name\" content=\"Revista Azul y Verde n\u00ba 40\" \/>\n<meta property=\"article:modified_time\" content=\"2020-11-11T16:35:43+00:00\" \/>\n<meta property=\"og:image\" content=\"https:\/\/revistaazulyverde.com\/ediciones\/40\/wp-content\/uploads\/sites\/2\/2020\/03\/linkedin-logo2.png\" \/>\n<meta name=\"twitter:card\" content=\"summary_large_image\" \/>\n<meta name=\"twitter:label1\" content=\"Tiempo de lectura\" \/>\n\t<meta name=\"twitter:data1\" content=\"6 minutos\" \/>\n<script type=\"application\/ld+json\" class=\"yoast-schema-graph\">{\"@context\":\"https:\/\/schema.org\",\"@graph\":[{\"@type\":\"WebPage\",\"@id\":\"https:\/\/revistaazulyverde.com\/ediciones\/40\/\",\"url\":\"https:\/\/revistaazulyverde.com\/ediciones\/40\/\",\"name\":\"Inicio - Revista Azul y Verde n\u00ba 40\",\"isPartOf\":{\"@id\":\"https:\/\/revistaazulyverde.com\/ediciones\/40\/#website\"},\"primaryImageOfPage\":{\"@id\":\"https:\/\/revistaazulyverde.com\/ediciones\/40\/#primaryimage\"},\"image\":{\"@id\":\"https:\/\/revistaazulyverde.com\/ediciones\/40\/#primaryimage\"},\"thumbnailUrl\":\"https:\/\/revistaazulyverde.com\/ediciones\/40\/wp-content\/uploads\/sites\/2\/2020\/03\/linkedin-logo2.png\",\"datePublished\":\"2018-03-02T12:42:16+00:00\",\"dateModified\":\"2020-11-11T16:35:43+00:00\",\"breadcrumb\":{\"@id\":\"https:\/\/revistaazulyverde.com\/ediciones\/40\/#breadcrumb\"},\"inLanguage\":\"es\",\"potentialAction\":[{\"@type\":\"ReadAction\",\"target\":[\"https:\/\/revistaazulyverde.com\/ediciones\/40\/\"]}]},{\"@type\":\"ImageObject\",\"inLanguage\":\"es\",\"@id\":\"https:\/\/revistaazulyverde.com\/ediciones\/40\/#primaryimage\",\"url\":\"https:\/\/revistaazulyverde.com\/ediciones\/40\/wp-content\/uploads\/sites\/2\/2020\/03\/linkedin-logo.png\",\"contentUrl\":\"https:\/\/revistaazulyverde.com\/ediciones\/40\/wp-content\/uploads\/sites\/2\/2020\/03\/linkedin-logo.png\",\"width\":128,\"height\":128},{\"@type\":\"BreadcrumbList\",\"@id\":\"https:\/\/revistaazulyverde.com\/ediciones\/40\/#breadcrumb\",\"itemListElement\":[{\"@type\":\"ListItem\",\"position\":1,\"name\":\"Portada\",\"item\":\"https:\/\/revistaazulyverde.com\/ediciones\/40\/\"},{\"@type\":\"ListItem\",\"position\":2,\"name\":\"Inicio\"}]},{\"@type\":\"WebSite\",\"@id\":\"https:\/\/revistaazulyverde.com\/ediciones\/40\/#website\",\"url\":\"https:\/\/revistaazulyverde.com\/ediciones\/40\/\",\"name\":\"Revista Azul y Verde n\u00ba 40\",\"description\":\"\",\"potentialAction\":[{\"@type\":\"SearchAction\",\"target\":{\"@type\":\"EntryPoint\",\"urlTemplate\":\"https:\/\/revistaazulyverde.com\/ediciones\/40\/?s={search_term_string}\"},\"query-input\":{\"@type\":\"PropertyValueSpecification\",\"valueRequired\":true,\"valueName\":\"search_term_string\"}}],\"inLanguage\":\"es\"}]}<\/script>\n<!-- \/ Yoast SEO plugin. -->","yoast_head_json":{"title":"Inicio - Revista Azul y Verde n\u00ba 40","robots":{"index":"noindex","follow":"follow","max-snippet":"max-snippet:-1","max-image-preview":"max-image-preview:large","max-video-preview":"max-video-preview:-1"},"og_locale":"es_ES","og_type":"article","og_title":"Inicio - Revista Azul y Verde n\u00ba 40","og_description":"[vc_row row_content_width=\u00bbgrid\u00bb disable_background_image=\u00bb\u00bb css=\u00bb.vc_custom_1588057864307{padding-top: 140px !important;padding-bottom: 180px !important;background-position: center !important;background-repeat: no-repeat !important;background-size: cover !important;}\u00bb el_id=\u00bbfirst\u00bb simple_background_image=\u00bb4587&#8243;][vc_column width=\u00bb11\/12&#8243;][vc_custom_heading text=\u00bbLa energ\u00eda cobra protagonismo para impulsar un mundo mejor\u00bb font_container=\u00bbtag:h1|font_size:80|text_align:left|color:%23ffffff|line_height:110px\u00bb google_fonts=\u00bbfont_family:PT%20Serif%3Aregular%2Citalic%2C700%2C700italic|font_style:700%20bold%20italic%3A700%3Aitalic\u00bb el_class=\u00bblowercase\u00bb][\/vc_column][\/vc_row][vc_row row_content_width=\u00bbgrid\u00bb el_id=\u00bbeditorial\u00bb css=\u00bb.vc_custom_1583844122440{margin-top: -160px !important;}\u00bb][vc_column][\/vc_column][\/vc_row][vc_row row_content_width=\u00bbgrid\u00bb el_id=\u00bbactualidad\u00bb css=\u00bb.vc_custom_1583853344403{padding-top: 90px !important;}\u00bb el_class=\u00bbverde [&hellip;]","og_url":"https:\/\/revistaazulyverde.com\/ediciones\/40\/","og_site_name":"Revista Azul y Verde n\u00ba 40","article_modified_time":"2020-11-11T16:35:43+00:00","og_image":[{"url":"https:\/\/revistaazulyverde.com\/ediciones\/40\/wp-content\/uploads\/sites\/2\/2020\/03\/linkedin-logo2.png","type":"","width":"","height":""}],"twitter_card":"summary_large_image","twitter_misc":{"Tiempo de lectura":"6 minutos"},"schema":{"@context":"https:\/\/schema.org","@graph":[{"@type":"WebPage","@id":"https:\/\/revistaazulyverde.com\/ediciones\/40\/","url":"https:\/\/revistaazulyverde.com\/ediciones\/40\/","name":"Inicio - Revista Azul y Verde n\u00ba 40","isPartOf":{"@id":"https:\/\/revistaazulyverde.com\/ediciones\/40\/#website"},"primaryImageOfPage":{"@id":"https:\/\/revistaazulyverde.com\/ediciones\/40\/#primaryimage"},"image":{"@id":"https:\/\/revistaazulyverde.com\/ediciones\/40\/#primaryimage"},"thumbnailUrl":"https:\/\/revistaazulyverde.com\/ediciones\/40\/wp-content\/uploads\/sites\/2\/2020\/03\/linkedin-logo2.png","datePublished":"2018-03-02T12:42:16+00:00","dateModified":"2020-11-11T16:35:43+00:00","breadcrumb":{"@id":"https:\/\/revistaazulyverde.com\/ediciones\/40\/#breadcrumb"},"inLanguage":"es","potentialAction":[{"@type":"ReadAction","target":["https:\/\/revistaazulyverde.com\/ediciones\/40\/"]}]},{"@type":"ImageObject","inLanguage":"es","@id":"https:\/\/revistaazulyverde.com\/ediciones\/40\/#primaryimage","url":"https:\/\/revistaazulyverde.com\/ediciones\/40\/wp-content\/uploads\/sites\/2\/2020\/03\/linkedin-logo.png","contentUrl":"https:\/\/revistaazulyverde.com\/ediciones\/40\/wp-content\/uploads\/sites\/2\/2020\/03\/linkedin-logo.png","width":128,"height":128},{"@type":"BreadcrumbList","@id":"https:\/\/revistaazulyverde.com\/ediciones\/40\/#breadcrumb","itemListElement":[{"@type":"ListItem","position":1,"name":"Portada","item":"https:\/\/revistaazulyverde.com\/ediciones\/40\/"},{"@type":"ListItem","position":2,"name":"Inicio"}]},{"@type":"WebSite","@id":"https:\/\/revistaazulyverde.com\/ediciones\/40\/#website","url":"https:\/\/revistaazulyverde.com\/ediciones\/40\/","name":"Revista Azul y Verde n\u00ba 40","description":"","potentialAction":[{"@type":"SearchAction","target":{"@type":"EntryPoint","urlTemplate":"https:\/\/revistaazulyverde.com\/ediciones\/40\/?s={search_term_string}"},"query-input":{"@type":"PropertyValueSpecification","valueRequired":true,"valueName":"search_term_string"}}],"inLanguage":"es"}]}},"_links":{"self":[{"href":"https:\/\/revistaazulyverde.com\/ediciones\/40\/wp-json\/wp\/v2\/pages\/583","targetHints":{"allow":["GET"]}}],"collection":[{"href":"https:\/\/revistaazulyverde.com\/ediciones\/40\/wp-json\/wp\/v2\/pages"}],"about":[{"href":"https:\/\/revistaazulyverde.com\/ediciones\/40\/wp-json\/wp\/v2\/types\/page"}],"author":[{"embeddable":true,"href":"https:\/\/revistaazulyverde.com\/ediciones\/40\/wp-json\/wp\/v2\/users\/1"}],"replies":[{"embeddable":true,"href":"https:\/\/revistaazulyverde.com\/ediciones\/40\/wp-json\/wp\/v2\/comments?post=583"}],"version-history":[{"count":146,"href":"https:\/\/revistaazulyverde.com\/ediciones\/40\/wp-json\/wp\/v2\/pages\/583\/revisions"}],"predecessor-version":[{"id":5853,"href":"https:\/\/revistaazulyverde.com\/ediciones\/40\/wp-json\/wp\/v2\/pages\/583\/revisions\/5853"}],"wp:attachment":[{"href":"https:\/\/revistaazulyverde.com\/ediciones\/40\/wp-json\/wp\/v2\/media?parent=583"}],"curies":[{"name":"wp","href":"https:\/\/api.w.org\/{rel}","templated":true}]}}