{"version":"1.0","provider_name":"Revista Azul y Verde n\u00ba 40","provider_url":"https:\/\/revistaazulyverde.com\/ediciones\/40","author_name":"kreab","author_url":"https:\/\/revistaazulyverde.com\/ediciones\/40\/author\/kreab\/","title":"Energ\u00eda Positiva+: la innovaci\u00f3n como mejor v\u00eda para avanzar en la crisis del Covid-19 - Revista Azul y Verde n\u00ba 40","type":"rich","width":600,"height":338,"html":"<blockquote class=\"wp-embedded-content\" data-secret=\"Dvartos70d\"><a href=\"https:\/\/revistaazulyverde.com\/ediciones\/40\/energia-positiva\/\">Energ\u00eda Positiva+: la innovaci\u00f3n como mejor v\u00eda para avanzar en la crisis del Covid-19<\/a><\/blockquote><iframe sandbox=\"allow-scripts\" security=\"restricted\" src=\"https:\/\/revistaazulyverde.com\/ediciones\/40\/energia-positiva\/embed\/#?secret=Dvartos70d\" width=\"600\" height=\"338\" title=\"\u00abEnerg\u00eda Positiva+: la innovaci\u00f3n como mejor v\u00eda para avanzar en la crisis del Covid-19\u00bb \u2014 Revista Azul y Verde n\u00ba 40\" data-secret=\"Dvartos70d\" frameborder=\"0\" marginwidth=\"0\" marginheight=\"0\" scrolling=\"no\" class=\"wp-embedded-content\"><\/iframe><script type=\"text\/javascript\">\n\/* <![CDATA[ *\/\n\/*! This file is auto-generated *\/\n!function(d,l){\"use strict\";l.querySelector&&d.addEventListener&&\"undefined\"!=typeof URL&&(d.wp=d.wp||{},d.wp.receiveEmbedMessage||(d.wp.receiveEmbedMessage=function(e){var t=e.data;if((t||t.secret||t.message||t.value)&&!\/[^a-zA-Z0-9]\/.test(t.secret)){for(var s,r,n,a=l.querySelectorAll('iframe[data-secret=\"'+t.secret+'\"]'),o=l.querySelectorAll('blockquote[data-secret=\"'+t.secret+'\"]'),c=new RegExp(\"^https?:$\",\"i\"),i=0;i<o.length;i++)o[i].style.display=\"none\";for(i=0;i<a.length;i++)s=a[i],e.source===s.contentWindow&&(s.removeAttribute(\"style\"),\"height\"===t.message?(1e3<(r=parseInt(t.value,10))?r=1e3:~~r<200&&(r=200),s.height=r):\"link\"===t.message&&(r=new URL(s.getAttribute(\"src\")),n=new URL(t.value),c.test(n.protocol))&&n.host===r.host&&l.activeElement===s&&(d.top.location.href=t.value))}},d.addEventListener(\"message\",d.wp.receiveEmbedMessage,!1),l.addEventListener(\"DOMContentLoaded\",function(){for(var e,t,s=l.querySelectorAll(\"iframe.wp-embedded-content\"),r=0;r<s.length;r++)(t=(e=s[r]).getAttribute(\"data-secret\"))||(t=Math.random().toString(36).substring(2,12),e.src+=\"#?secret=\"+t,e.setAttribute(\"data-secret\",t)),e.contentWindow.postMessage({message:\"ready\",secret:t},\"*\")},!1)))}(window,document);\n\/\/# sourceURL=https:\/\/revistaazulyverde.com\/ediciones\/40\/wp-includes\/js\/wp-embed.min.js\n\/* ]]> *\/\n<\/script>\n","thumbnail_url":"https:\/\/revistaazulyverde.com\/ediciones\/40\/wp-content\/uploads\/sites\/2\/2020\/04\/energia-positiva-destacado.jpg","thumbnail_width":734,"thumbnail_height":490,"description":"[vc_row full_width=\u00bbstretch_row_content\u00bb el_class=\u00bbvisible\u00bb el_id=\u00bbheader-post\u00bb][vc_column][vc_column_text el_class=\u00bbamarillo\u00bb] [\/vc_column_text][vc_custom_heading text=\u00bbEnag\u00e1s impulsa Energ\u00eda Positiva+\u00bb font_container=\u00bbtag:h1|font_size:80px|text_align:center|color:%23ffffff\u00bb google_fonts=\u00bbfont_family:PT%20Serif%3Aregular%2Citalic%2C700%2C700italic|font_style:700%20bold%20italic%3A700%3Aitalic\u00bb el_class=\u00bblowercase\u00bb css=\u00bb.vc_custom_1587714141878{margin-top: 0px !important;margin-bottom: 0px !important;}\u00bb][\/vc_column][\/vc_row][vc_row el_class=\u00bbmw965&#8243; css=\u00bb.vc_custom_1584089378705{padding-top: 40px !important;}\u00bb][vc_column][vc_custom_heading text=\u00bbSumando esfuerzos para promover Energ\u00eda Positiva+\u00bb font_container=\u00bbtag:h2|font_size:20px|text_align:left|color:%230069a0&#8243; el_class=\u00bbverdana\u00bb][vc_column_text]Enag\u00e1s ha sumado esfuerzos con distintos grupos del sector energ\u00e9tico en [&hellip;]"}